{"version":"1.0","provider_name":"The Epoch Times TR","provider_url":"https:\/\/epochtimestr.com","author_name":"Emel AKAN","author_url":"https:\/\/epochtimestr.com\/index.php\/author\/emel","title":"\u00c7in Y\u00f6netimi Ekim Ay\u0131nda El De\u011fi\u015ftiriyor - The Epoch Times TR","type":"rich","width":600,"height":338,"html":"<blockquote class=\"wp-embedded-content\" data-secret=\"bfaeBynYUg\"><a href=\"https:\/\/epochtimestr.com\/index.php\/cin-yonetimi-ekim-ayinda-el-degistiriyor\">\u00c7in Y\u00f6netimi Ekim Ay\u0131nda El De\u011fi\u015ftiriyor<\/a><\/blockquote><iframe sandbox=\"allow-scripts\" security=\"restricted\" src=\"https:\/\/epochtimestr.com\/index.php\/cin-yonetimi-ekim-ayinda-el-degistiriyor\/embed#?secret=bfaeBynYUg\" width=\"600\" height=\"338\" title=\"&#8220;\u00c7in Y\u00f6netimi Ekim Ay\u0131nda El De\u011fi\u015ftiriyor&#8221; &#8212; The Epoch Times TR\" data-secret=\"bfaeBynYUg\" frameborder=\"0\" marginwidth=\"0\" marginheight=\"0\" scrolling=\"no\" class=\"wp-embedded-content\"><\/iframe><script type=\"text\/javascript\">\n\/* <![CDATA[ *\/\n\/*! This file is auto-generated *\/\n!function(d,l){\"use strict\";l.querySelector&&d.addEventListener&&\"undefined\"!=typeof URL&&(d.wp=d.wp||{},d.wp.receiveEmbedMessage||(d.wp.receiveEmbedMessage=function(e){var t=e.data;if((t||t.secret||t.message||t.value)&&!\/[^a-zA-Z0-9]\/.test(t.secret)){for(var s,r,n,a=l.querySelectorAll('iframe[data-secret=\"'+t.secret+'\"]'),o=l.querySelectorAll('blockquote[data-secret=\"'+t.secret+'\"]'),c=new RegExp(\"^https?:$\",\"i\"),i=0;i<o.length;i++)o[i].style.display=\"none\";for(i=0;i<a.length;i++)s=a[i],e.source===s.contentWindow&&(s.removeAttribute(\"style\"),\"height\"===t.message?(1e3<(r=parseInt(t.value,10))?r=1e3:~~r<200&&(r=200),s.height=r):\"link\"===t.message&&(r=new URL(s.getAttribute(\"src\")),n=new URL(t.value),c.test(n.protocol))&&n.host===r.host&&l.activeElement===s&&(d.top.location.href=t.value))}},d.addEventListener(\"message\",d.wp.receiveEmbedMessage,!1),l.addEventListener(\"DOMContentLoaded\",function(){for(var e,t,s=l.querySelectorAll(\"iframe.wp-embedded-content\"),r=0;r<s.length;r++)(t=(e=s[r]).getAttribute(\"data-secret\"))||(t=Math.random().toString(36).substring(2,12),e.src+=\"#?secret=\"+t,e.setAttribute(\"data-secret\",t)),e.contentWindow.postMessage({message:\"ready\",secret:t},\"*\")},!1)))}(window,document);\n\/* ]]> *\/\n<\/script>\n","thumbnail_url":"https:\/\/epochtimestr.com\/wp-content\/uploads\/2011y\/145716297-590x442.jpg","thumbnail_width":448,"thumbnail_height":336,"description":"Siyasi Skandal, Kongre Tarihini Geciktirdi \u00c7in devlet dergisi Uluslararas\u0131 Kom\u00fcnikasyon\u2019da yay\u0131nlanan bir makaleye g\u00f6re 18. Ulusal Parti Kongresi Ekim ay\u0131nda d\u00fczenlenecek. Normalde yap\u0131lacak aktiviteler hakk\u0131nda bilgi veren \u00c7in Kom\u00fcnist Partisi (\u00c7KP) bu y\u0131l Ulusal Kongre\u2019nin ne zaman yap\u0131laca\u011f\u0131 hakk\u0131nda \u00e7ok net bilgi vermedi. Parti y\u00f6neticileri, her on y\u0131lda bir, \u00a0gizli i\u00e7 prosed\u00fcrlere uygun olarak se\u00e7ilirler. [&hellip;]"}