{"version":"1.0","provider_name":"The Epoch Times TR","provider_url":"https:\/\/epochtimestr.com","author_name":"\u00c7.Akdeniz","author_url":"https:\/\/epochtimestr.com\/index.php\/author\/cigdem","title":"\u00c7in'de Al\u0131\u015fveri\u015f Merkezi Yand\u0131: 19 \u00d6l\u00fc    - The Epoch Times TR","type":"rich","width":600,"height":338,"html":"<blockquote class=\"wp-embedded-content\" data-secret=\"DTVqPUYDye\"><a href=\"https:\/\/epochtimestr.com\/index.php\/cinde-alisveris-merkezi-yandi-19-olu\">\u00c7in&#8217;de Al\u0131\u015fveri\u015f Merkezi Yand\u0131: 19 \u00d6l\u00fc<\/a><\/blockquote><iframe sandbox=\"allow-scripts\" security=\"restricted\" src=\"https:\/\/epochtimestr.com\/index.php\/cinde-alisveris-merkezi-yandi-19-olu\/embed#?secret=DTVqPUYDye\" width=\"600\" height=\"338\" title=\"&#8220;\u00c7in&#8217;de Al\u0131\u015fveri\u015f Merkezi Yand\u0131: 19 \u00d6l\u00fc&#8221; &#8212; The Epoch Times TR\" data-secret=\"DTVqPUYDye\" frameborder=\"0\" marginwidth=\"0\" marginheight=\"0\" scrolling=\"no\" class=\"wp-embedded-content\"><\/iframe><script type=\"text\/javascript\">\n\/* <![CDATA[ *\/\n\/*! This file is auto-generated *\/\n!function(d,l){\"use strict\";l.querySelector&&d.addEventListener&&\"undefined\"!=typeof URL&&(d.wp=d.wp||{},d.wp.receiveEmbedMessage||(d.wp.receiveEmbedMessage=function(e){var t=e.data;if((t||t.secret||t.message||t.value)&&!\/[^a-zA-Z0-9]\/.test(t.secret)){for(var s,r,n,a=l.querySelectorAll('iframe[data-secret=\"'+t.secret+'\"]'),o=l.querySelectorAll('blockquote[data-secret=\"'+t.secret+'\"]'),c=new RegExp(\"^https?:$\",\"i\"),i=0;i<o.length;i++)o[i].style.display=\"none\";for(i=0;i<a.length;i++)s=a[i],e.source===s.contentWindow&&(s.removeAttribute(\"style\"),\"height\"===t.message?(1e3<(r=parseInt(t.value,10))?r=1e3:~~r<200&&(r=200),s.height=r):\"link\"===t.message&&(r=new URL(s.getAttribute(\"src\")),n=new URL(t.value),c.test(n.protocol))&&n.host===r.host&&l.activeElement===s&&(d.top.location.href=t.value))}},d.addEventListener(\"message\",d.wp.receiveEmbedMessage,!1),l.addEventListener(\"DOMContentLoaded\",function(){for(var e,t,s=l.querySelectorAll(\"iframe.wp-embedded-content\"),r=0;r<s.length;r++)(t=(e=s[r]).getAttribute(\"data-secret\"))||(t=Math.random().toString(36).substring(2,12),e.src+=\"#?secret=\"+t,e.setAttribute(\"data-secret\",t)),e.contentWindow.postMessage({message:\"ready\",secret:t},\"*\")},!1)))}(window,document);\n\/* ]]> *\/\n<\/script>\n","description":"Resim: Getty Images PEK\u0130N&#8211; \u00c7in&#8217;in do\u011fusundaki Jilin \u015fehrindeki bir al\u0131\u015fveri\u015f merkezinde meydana gelen yang\u0131nda 19 ki\u015finin \u00f6ld\u00fc\u011f\u00fc bildirildi. Resmi Xinhua ajans\u0131na g\u00f6re, kurtarma yetkilileri, bug\u00fcn biten \u00e7al\u0131\u015fmalar\u0131n ard\u0131ndan d\u00fcn meydana gelen yang\u0131nda \u00f6l\u00fc say\u0131s\u0131n\u0131 19 olarak duyurdu. 27 yaral\u0131dan 24&#8217;\u00fcn\u00fcn hastanede oldu\u011fu belirtilirken, yaralar\u0131n\u0131n ciddi olmad\u0131\u011f\u0131 kaydedildi. Yang\u0131n\u0131n, be\u015f katl\u0131 al\u0131\u015fveri\u015f merkezinin mobilyalar\u0131n bulundu\u011fu 4. [&hellip;]","thumbnail_url":"http:\/\/www.epochtimestr.com\/wp-content\/uploads\/2010\/kasim\/106595272.jpg"}