{"version":"1.0","provider_name":"The Epoch Times TR","provider_url":"https:\/\/epochtimestr.com","author_name":"Derrin Tun\u00e7do\u011fan","author_url":"https:\/\/epochtimestr.com\/index.php\/author\/d-tuncdogan","title":"\u00c7in\u2019de At\u0131k Tesisine Kar\u015f\u0131 Protesto - The Epoch Times TR","type":"rich","width":600,"height":338,"html":"<blockquote class=\"wp-embedded-content\" data-secret=\"5O0mZHOUfK\"><a href=\"https:\/\/epochtimestr.com\/index.php\/cinde-atik-tesisine-karsi-protesto\">\u00c7in\u2019de At\u0131k Tesisine Kar\u015f\u0131 Protesto<\/a><\/blockquote><iframe sandbox=\"allow-scripts\" security=\"restricted\" src=\"https:\/\/epochtimestr.com\/index.php\/cinde-atik-tesisine-karsi-protesto\/embed#?secret=5O0mZHOUfK\" width=\"600\" height=\"338\" title=\"&#8220;\u00c7in\u2019de At\u0131k Tesisine Kar\u015f\u0131 Protesto&#8221; &#8212; The Epoch Times TR\" data-secret=\"5O0mZHOUfK\" frameborder=\"0\" marginwidth=\"0\" marginheight=\"0\" scrolling=\"no\" class=\"wp-embedded-content\"><\/iframe><script type=\"text\/javascript\">\n\/* <![CDATA[ *\/\n\/*! This file is auto-generated *\/\n!function(d,l){\"use strict\";l.querySelector&&d.addEventListener&&\"undefined\"!=typeof URL&&(d.wp=d.wp||{},d.wp.receiveEmbedMessage||(d.wp.receiveEmbedMessage=function(e){var t=e.data;if((t||t.secret||t.message||t.value)&&!\/[^a-zA-Z0-9]\/.test(t.secret)){for(var s,r,n,a=l.querySelectorAll('iframe[data-secret=\"'+t.secret+'\"]'),o=l.querySelectorAll('blockquote[data-secret=\"'+t.secret+'\"]'),c=new RegExp(\"^https?:$\",\"i\"),i=0;i<o.length;i++)o[i].style.display=\"none\";for(i=0;i<a.length;i++)s=a[i],e.source===s.contentWindow&&(s.removeAttribute(\"style\"),\"height\"===t.message?(1e3<(r=parseInt(t.value,10))?r=1e3:~~r<200&&(r=200),s.height=r):\"link\"===t.message&&(r=new URL(s.getAttribute(\"src\")),n=new URL(t.value),c.test(n.protocol))&&n.host===r.host&&l.activeElement===s&&(d.top.location.href=t.value))}},d.addEventListener(\"message\",d.wp.receiveEmbedMessage,!1),l.addEventListener(\"DOMContentLoaded\",function(){for(var e,t,s=l.querySelectorAll(\"iframe.wp-embedded-content\"),r=0;r<s.length;r++)(t=(e=s[r]).getAttribute(\"data-secret\"))||(t=Math.random().toString(36).substring(2,12),e.src+=\"#?secret=\"+t,e.setAttribute(\"data-secret\",t)),e.contentWindow.postMessage({message:\"ready\",secret:t},\"*\")},!1)))}(window,document);\n\/* ]]> *\/\n<\/script>\n","thumbnail_url":"https:\/\/epochtimestr.com\/wp-content\/uploads\/2011y\/Hangzhou5_pt_8.jpg","thumbnail_width":443,"thumbnail_height":326,"description":"\u00c7in\u2019in Do\u011fusunda yer alan Zhejiang eyaletinin Hangzhou \u015fehrinde at\u0131k tesisine kar\u015f\u0131 yap\u0131lan protestolarda polis \u015fiddete ba\u015fvurdu. Binlerce polis cop, tazyikli su ve g\u00f6z ya\u015fart\u0131c\u0131 gaz kullanarak 30.000 g\u00f6sterici ile \u00e7at\u0131\u015ft\u0131. Birka\u00e7 vatanda\u015f tutukland\u0131, internette y\u00fczlerce insan\u0131n yaraland\u0131\u011f\u0131 bildirildi. Hangzhou kentinde bu b\u00fcy\u00fckl\u00fckte bir protesto ilk kez ya\u015fanm\u0131\u015ft\u0131. At\u0131k tesisine kar\u015f\u0131 protestolar g\u00fcnlerce s\u00fcrd\u00fc. Protestolar\u0131n d\u00f6rd\u00fcnc\u00fc [&hellip;]"}