{"version":"1.0","provider_name":"The Epoch Times TR","provider_url":"https:\/\/epochtimestr.com","author_name":"S.\u015eener","author_url":"https:\/\/epochtimestr.com\/index.php\/author\/semra","title":"\u00c7in\u2019de Hu Jintao ve Ekibi G\u00f6revden Ayr\u0131l\u0131yor - The Epoch Times TR","type":"rich","width":600,"height":338,"html":"<blockquote class=\"wp-embedded-content\" data-secret=\"gOUCh4pu4B\"><a href=\"https:\/\/epochtimestr.com\/index.php\/cinde-hu-jintao-ve-ekibi-gorevden-ayriliyor\">\u00c7in\u2019de Hu Jintao ve Ekibi G\u00f6revden Ayr\u0131l\u0131yor<\/a><\/blockquote><iframe sandbox=\"allow-scripts\" security=\"restricted\" src=\"https:\/\/epochtimestr.com\/index.php\/cinde-hu-jintao-ve-ekibi-gorevden-ayriliyor\/embed#?secret=gOUCh4pu4B\" width=\"600\" height=\"338\" title=\"&#8220;\u00c7in\u2019de Hu Jintao ve Ekibi G\u00f6revden Ayr\u0131l\u0131yor&#8221; &#8212; The Epoch Times TR\" data-secret=\"gOUCh4pu4B\" frameborder=\"0\" marginwidth=\"0\" marginheight=\"0\" scrolling=\"no\" class=\"wp-embedded-content\"><\/iframe><script type=\"text\/javascript\">\n\/* <![CDATA[ *\/\n\/*! This file is auto-generated *\/\n!function(d,l){\"use strict\";l.querySelector&&d.addEventListener&&\"undefined\"!=typeof URL&&(d.wp=d.wp||{},d.wp.receiveEmbedMessage||(d.wp.receiveEmbedMessage=function(e){var t=e.data;if((t||t.secret||t.message||t.value)&&!\/[^a-zA-Z0-9]\/.test(t.secret)){for(var s,r,n,a=l.querySelectorAll('iframe[data-secret=\"'+t.secret+'\"]'),o=l.querySelectorAll('blockquote[data-secret=\"'+t.secret+'\"]'),c=new RegExp(\"^https?:$\",\"i\"),i=0;i<o.length;i++)o[i].style.display=\"none\";for(i=0;i<a.length;i++)s=a[i],e.source===s.contentWindow&&(s.removeAttribute(\"style\"),\"height\"===t.message?(1e3<(r=parseInt(t.value,10))?r=1e3:~~r<200&&(r=200),s.height=r):\"link\"===t.message&&(r=new URL(s.getAttribute(\"src\")),n=new URL(t.value),c.test(n.protocol))&&n.host===r.host&&l.activeElement===s&&(d.top.location.href=t.value))}},d.addEventListener(\"message\",d.wp.receiveEmbedMessage,!1),l.addEventListener(\"DOMContentLoaded\",function(){for(var e,t,s=l.querySelectorAll(\"iframe.wp-embedded-content\"),r=0;r<s.length;r++)(t=(e=s[r]).getAttribute(\"data-secret\"))||(t=Math.random().toString(36).substring(2,12),e.src+=\"#?secret=\"+t,e.setAttribute(\"data-secret\",t)),e.contentWindow.postMessage({message:\"ready\",secret:t},\"*\")},!1)))}(window,document);\n\/* ]]> *\/\n<\/script>\n","thumbnail_url":"https:\/\/epochtimestr.com\/wp-content\/uploads\/2011y\/Ba\u015fkan-Yard\u0131mc\u0131s\u0131-Xi-Jinping.jpg","thumbnail_width":500,"thumbnail_height":333,"description":"&nbsp; &nbsp; 12. \u00c7in Ulusal Halk Meclisi y\u0131ll\u0131k toplant\u0131s\u0131 Pekin\u2019de bu g\u00fcn ba\u015flad\u0131. D\u00fcnyan\u0131n ikinci b\u00fcy\u00fck ekonomisine sahip \u00c7in parlamentosunun\u00a0 toplant\u0131s\u0131 10 y\u0131lda bir yap\u0131l\u0131yor.\u00a0 Bu y\u0131l yap\u0131lacak toplant\u0131da Hu Jintao ve ekibi g\u00f6revden ayr\u0131lacak ve devlet ba\u015fkan\u0131 ve y\u00f6netici kadrosu de\u011fi\u015fecek. Yakla\u015f\u0131k iki hafta s\u00fcrecek toplant\u0131da ge\u00e7en y\u0131l \u00c7KP \u2018nin ulusal kongresinde Genel Sekreterlik [&hellip;]"}