{"version":"1.0","provider_name":"The Epoch Times TR","provider_url":"https:\/\/epochtimestr.com","author_name":"Emel AKAN","author_url":"https:\/\/epochtimestr.com\/index.php\/author\/emel","title":"\u00c7in'de Medya \u00d6zg\u00fcrl\u00fc\u011f\u00fc \u0130\u00e7in Protesto - The Epoch Times TR","type":"rich","width":600,"height":338,"html":"<blockquote class=\"wp-embedded-content\" data-secret=\"7iUV9VA0tg\"><a href=\"https:\/\/epochtimestr.com\/index.php\/cinde-medya-ozgurlugu-icin-protesto\">\u00c7in&#8217;de Medya \u00d6zg\u00fcrl\u00fc\u011f\u00fc \u0130\u00e7in Protesto<\/a><\/blockquote><iframe sandbox=\"allow-scripts\" security=\"restricted\" src=\"https:\/\/epochtimestr.com\/index.php\/cinde-medya-ozgurlugu-icin-protesto\/embed#?secret=7iUV9VA0tg\" width=\"600\" height=\"338\" title=\"&#8220;\u00c7in&#8217;de Medya \u00d6zg\u00fcrl\u00fc\u011f\u00fc \u0130\u00e7in Protesto&#8221; &#8212; The Epoch Times TR\" data-secret=\"7iUV9VA0tg\" frameborder=\"0\" marginwidth=\"0\" marginheight=\"0\" scrolling=\"no\" class=\"wp-embedded-content\"><\/iframe><script type=\"text\/javascript\">\n\/* <![CDATA[ *\/\n\/*! This file is auto-generated *\/\n!function(d,l){\"use strict\";l.querySelector&&d.addEventListener&&\"undefined\"!=typeof URL&&(d.wp=d.wp||{},d.wp.receiveEmbedMessage||(d.wp.receiveEmbedMessage=function(e){var t=e.data;if((t||t.secret||t.message||t.value)&&!\/[^a-zA-Z0-9]\/.test(t.secret)){for(var s,r,n,a=l.querySelectorAll('iframe[data-secret=\"'+t.secret+'\"]'),o=l.querySelectorAll('blockquote[data-secret=\"'+t.secret+'\"]'),c=new RegExp(\"^https?:$\",\"i\"),i=0;i<o.length;i++)o[i].style.display=\"none\";for(i=0;i<a.length;i++)s=a[i],e.source===s.contentWindow&&(s.removeAttribute(\"style\"),\"height\"===t.message?(1e3<(r=parseInt(t.value,10))?r=1e3:~~r<200&&(r=200),s.height=r):\"link\"===t.message&&(r=new URL(s.getAttribute(\"src\")),n=new URL(t.value),c.test(n.protocol))&&n.host===r.host&&l.activeElement===s&&(d.top.location.href=t.value))}},d.addEventListener(\"message\",d.wp.receiveEmbedMessage,!1),l.addEventListener(\"DOMContentLoaded\",function(){for(var e,t,s=l.querySelectorAll(\"iframe.wp-embedded-content\"),r=0;r<s.length;r++)(t=(e=s[r]).getAttribute(\"data-secret\"))||(t=Math.random().toString(36).substring(2,12),e.src+=\"#?secret=\"+t,e.setAttribute(\"data-secret\",t)),e.contentWindow.postMessage({message:\"ready\",secret:t},\"*\")},!1)))}(window,document);\n\/* ]]> *\/\n<\/script>\n","thumbnail_url":"https:\/\/epochtimestr.com\/wp-content\/uploads\/2011y\/fotograf-42.jpg","thumbnail_width":448,"thumbnail_height":336,"description":"\u00c7in Kom\u00fcnist Partisi (\u00c7KP) yetkilisinin \u00fcnl\u00fc bir gazetenin y\u0131lba\u015f\u0131 \u00f6zel ekine m\u00fcdahalede bulunmas\u0131n\u0131n ard\u0131ndan medya \u00f6zg\u00fcrl\u00fc\u011f\u00fcn\u00fc desteklemek i\u00e7in Guangdong merkezli medya \u015firketinin \u00f6n\u00fcnde protestocular biraraya geldi. \u00a0\u00a0 Baz\u0131 uzmanlara g\u00f6re protesto \u00c7in&#8217;deki medya sans\u00fcr\u00fcne kar\u015f\u0131 kamu bilincini art\u0131rmak i\u00e7in \u00f6nemli bir ad\u0131md\u0131. Bir vatanda\u015f Twitter\u2019da \u201cSans\u00fcr\u00fc kald\u0131r\u0131n. \u00c7in halk\u0131 \u00f6zg\u00fcrl\u00fck istiyor\u201d diye yazd\u0131. D\u00fcnyada en [&hellip;]"}