{"version":"1.0","provider_name":"The Epoch Times TR","provider_url":"https:\/\/epochtimestr.com","author_name":"Evren Durmaz","author_url":"https:\/\/epochtimestr.com\/index.php\/author\/evren-durmaz","title":"\u00c7in\u2019de \u00d6\u011frenci Protestolar\u0131n\u0131 Destekleyen \u00dcnl\u00fclere Sans\u00fcr  - The Epoch Times TR","type":"rich","width":600,"height":338,"html":"<blockquote class=\"wp-embedded-content\" data-secret=\"RpXwRxo4Cl\"><a href=\"https:\/\/epochtimestr.com\/index.php\/cinde-ogrenci-protestolarini-destekleyen-unlulere-sansur\">\u00c7in\u2019de \u00d6\u011frenci Protestolar\u0131n\u0131 Destekleyen \u00dcnl\u00fclere Sans\u00fcr<\/a><\/blockquote><iframe sandbox=\"allow-scripts\" security=\"restricted\" src=\"https:\/\/epochtimestr.com\/index.php\/cinde-ogrenci-protestolarini-destekleyen-unlulere-sansur\/embed#?secret=RpXwRxo4Cl\" width=\"600\" height=\"338\" title=\"&#8220;\u00c7in\u2019de \u00d6\u011frenci Protestolar\u0131n\u0131 Destekleyen \u00dcnl\u00fclere Sans\u00fcr&#8221; &#8212; The Epoch Times TR\" data-secret=\"RpXwRxo4Cl\" frameborder=\"0\" marginwidth=\"0\" marginheight=\"0\" scrolling=\"no\" class=\"wp-embedded-content\"><\/iframe><script type=\"text\/javascript\">\n\/* <![CDATA[ *\/\n\/*! This file is auto-generated *\/\n!function(d,l){\"use strict\";l.querySelector&&d.addEventListener&&\"undefined\"!=typeof URL&&(d.wp=d.wp||{},d.wp.receiveEmbedMessage||(d.wp.receiveEmbedMessage=function(e){var t=e.data;if((t||t.secret||t.message||t.value)&&!\/[^a-zA-Z0-9]\/.test(t.secret)){for(var s,r,n,a=l.querySelectorAll('iframe[data-secret=\"'+t.secret+'\"]'),o=l.querySelectorAll('blockquote[data-secret=\"'+t.secret+'\"]'),c=new RegExp(\"^https?:$\",\"i\"),i=0;i<o.length;i++)o[i].style.display=\"none\";for(i=0;i<a.length;i++)s=a[i],e.source===s.contentWindow&&(s.removeAttribute(\"style\"),\"height\"===t.message?(1e3<(r=parseInt(t.value,10))?r=1e3:~~r<200&&(r=200),s.height=r):\"link\"===t.message&&(r=new URL(s.getAttribute(\"src\")),n=new URL(t.value),c.test(n.protocol))&&n.host===r.host&&l.activeElement===s&&(d.top.location.href=t.value))}},d.addEventListener(\"message\",d.wp.receiveEmbedMessage,!1),l.addEventListener(\"DOMContentLoaded\",function(){for(var e,t,s=l.querySelectorAll(\"iframe.wp-embedded-content\"),r=0;r<s.length;r++)(t=(e=s[r]).getAttribute(\"data-secret\"))||(t=Math.random().toString(36).substring(2,12),e.src+=\"#?secret=\"+t,e.setAttribute(\"data-secret\",t)),e.contentWindow.postMessage({message:\"ready\",secret:t},\"*\")},!1)))}(window,document);\n\/* ]]> *\/\n<\/script>\n","thumbnail_url":"https:\/\/epochtimestr.com\/wp-content\/uploads\/2011y\/Chow_Yun_fat_pt_8.jpg","thumbnail_width":500,"thumbnail_height":351,"description":"Hong Kong\u2019da \u00f6\u011frenci protestolar\u0131n\u0131 desteklemeye cesaret eden y\u0131ld\u0131zlara kar\u015f\u0131 bu kez \u00c7in Devleti sans\u00fcr uyguluyor. \u00c7in medyas\u0131na verilen kara listede 10\u2019dan fazla \u00fcnl\u00fc isim bulunuyor. Bu \u00fcnl\u00fclerin oynad\u0131\u011f\u0131 reklam filmleri yay\u0131ndan kald\u0131r\u0131ld\u0131. Bu karardan en fazla etkilenen \u00fcnl\u00fcler Andy Lau ve Chow Yun-Fat oldu. Bu y\u0131ld\u0131zlar hem \u00c7in\u2019de hem de Hong Kong\u2019da olduk\u00e7a pop\u00fcler ve [&hellip;]"}