{"version":"1.0","provider_name":"The Epoch Times TR","provider_url":"https:\/\/epochtimestr.com","author_name":"Emel AKAN","author_url":"https:\/\/epochtimestr.com\/index.php\/author\/emel","title":"\u00c7in'deki \u0130\u015fkencelere Kar\u015f\u0131 Washington'da Miting D\u00fczenlendi - The Epoch Times TR","type":"rich","width":600,"height":338,"html":"<blockquote class=\"wp-embedded-content\" data-secret=\"RMkCZVcr68\"><a href=\"https:\/\/epochtimestr.com\/index.php\/cindeki-iskencelere-karsi-miting-duzenlendi\">\u00c7in&#8217;deki \u0130\u015fkencelere Kar\u015f\u0131 Washington&#8217;da Miting D\u00fczenlendi<\/a><\/blockquote><iframe sandbox=\"allow-scripts\" security=\"restricted\" src=\"https:\/\/epochtimestr.com\/index.php\/cindeki-iskencelere-karsi-miting-duzenlendi\/embed#?secret=RMkCZVcr68\" width=\"600\" height=\"338\" title=\"&#8220;\u00c7in&#8217;deki \u0130\u015fkencelere Kar\u015f\u0131 Washington&#8217;da Miting D\u00fczenlendi&#8221; &#8212; The Epoch Times TR\" data-secret=\"RMkCZVcr68\" frameborder=\"0\" marginwidth=\"0\" marginheight=\"0\" scrolling=\"no\" class=\"wp-embedded-content\"><\/iframe><script type=\"text\/javascript\">\n\/* <![CDATA[ *\/\n\/*! This file is auto-generated *\/\n!function(d,l){\"use strict\";l.querySelector&&d.addEventListener&&\"undefined\"!=typeof URL&&(d.wp=d.wp||{},d.wp.receiveEmbedMessage||(d.wp.receiveEmbedMessage=function(e){var t=e.data;if((t||t.secret||t.message||t.value)&&!\/[^a-zA-Z0-9]\/.test(t.secret)){for(var s,r,n,a=l.querySelectorAll('iframe[data-secret=\"'+t.secret+'\"]'),o=l.querySelectorAll('blockquote[data-secret=\"'+t.secret+'\"]'),c=new RegExp(\"^https?:$\",\"i\"),i=0;i<o.length;i++)o[i].style.display=\"none\";for(i=0;i<a.length;i++)s=a[i],e.source===s.contentWindow&&(s.removeAttribute(\"style\"),\"height\"===t.message?(1e3<(r=parseInt(t.value,10))?r=1e3:~~r<200&&(r=200),s.height=r):\"link\"===t.message&&(r=new URL(s.getAttribute(\"src\")),n=new URL(t.value),c.test(n.protocol))&&n.host===r.host&&l.activeElement===s&&(d.top.location.href=t.value))}},d.addEventListener(\"message\",d.wp.receiveEmbedMessage,!1),l.addEventListener(\"DOMContentLoaded\",function(){for(var e,t,s=l.querySelectorAll(\"iframe.wp-embedded-content\"),r=0;r<s.length;r++)(t=(e=s[r]).getAttribute(\"data-secret\"))||(t=Math.random().toString(36).substring(2,12),e.src+=\"#?secret=\"+t,e.setAttribute(\"data-secret\",t)),e.contentWindow.postMessage({message:\"ready\",secret:t},\"*\")},!1)))}(window,document);\n\/* ]]> *\/\n<\/script>\n","description":"WASHINGTON\u2014D\u00fcnyan\u0131n d\u00f6rt bir yan\u0131ndan gelen Falun Gong uygulay\u0131c\u0131lar\u0131 ve arkada\u015flar\u0131 14 Temmuz\u2019da Washington D.C.\u2019de Falun Gong\u2019a yap\u0131lan 12 y\u0131ll\u0131k i\u015fkencenin sona ermesi umuduyla bir miting d\u00fczenledi. Mitingden bir g\u00fcn \u00f6nce, Senat\u00f6r Menendez ve Coburn ABD senatosuna bir \u00f6nerge sundu. Bu, \u00a0\u00c7in Kom\u00fcnist Partisi\u2019ne (\u00c7KP) kar\u015f\u0131 b\u00fcy\u00fcyen hareketi ilk kez tan\u0131yan kongre \u00f6nergesi oldu. Kongre \u00fcyesi [&hellip;]","thumbnail_url":"http:\/\/www.epochtimestr.com\/wp-content\/uploads\/2011y\/575_0_1_0_16777215_0_stories_large_2011_07_19__MA_4561BG_revS-300x154.jpg"}