{"version":"1.0","provider_name":"The Epoch Times TR","provider_url":"https:\/\/epochtimestr.com","author_name":"Haber Merkezi","author_url":"https:\/\/epochtimestr.com\/index.php\/author\/sendag","title":"\u00c7in\u2019den \u2018Ba\u011f\u0131ms\u0131z Filistin\u2019 Vurgusu - The Epoch Times TR","type":"rich","width":600,"height":338,"html":"<blockquote class=\"wp-embedded-content\" data-secret=\"xfUKaPR6OH\"><a href=\"https:\/\/epochtimestr.com\/index.php\/cinden-bagimsiz-filistin-vurgusu\">\u00c7in\u2019den \u2018Ba\u011f\u0131ms\u0131z Filistin\u2019 Vurgusu<\/a><\/blockquote><iframe sandbox=\"allow-scripts\" security=\"restricted\" src=\"https:\/\/epochtimestr.com\/index.php\/cinden-bagimsiz-filistin-vurgusu\/embed#?secret=xfUKaPR6OH\" width=\"600\" height=\"338\" title=\"&#8220;\u00c7in\u2019den \u2018Ba\u011f\u0131ms\u0131z Filistin\u2019 Vurgusu&#8221; &#8212; The Epoch Times TR\" data-secret=\"xfUKaPR6OH\" frameborder=\"0\" marginwidth=\"0\" marginheight=\"0\" scrolling=\"no\" class=\"wp-embedded-content\"><\/iframe><script type=\"text\/javascript\">\n\/* <![CDATA[ *\/\n\/*! This file is auto-generated *\/\n!function(d,l){\"use strict\";l.querySelector&&d.addEventListener&&\"undefined\"!=typeof URL&&(d.wp=d.wp||{},d.wp.receiveEmbedMessage||(d.wp.receiveEmbedMessage=function(e){var t=e.data;if((t||t.secret||t.message||t.value)&&!\/[^a-zA-Z0-9]\/.test(t.secret)){for(var s,r,n,a=l.querySelectorAll('iframe[data-secret=\"'+t.secret+'\"]'),o=l.querySelectorAll('blockquote[data-secret=\"'+t.secret+'\"]'),c=new RegExp(\"^https?:$\",\"i\"),i=0;i<o.length;i++)o[i].style.display=\"none\";for(i=0;i<a.length;i++)s=a[i],e.source===s.contentWindow&&(s.removeAttribute(\"style\"),\"height\"===t.message?(1e3<(r=parseInt(t.value,10))?r=1e3:~~r<200&&(r=200),s.height=r):\"link\"===t.message&&(r=new URL(s.getAttribute(\"src\")),n=new URL(t.value),c.test(n.protocol))&&n.host===r.host&&l.activeElement===s&&(d.top.location.href=t.value))}},d.addEventListener(\"message\",d.wp.receiveEmbedMessage,!1),l.addEventListener(\"DOMContentLoaded\",function(){for(var e,t,s=l.querySelectorAll(\"iframe.wp-embedded-content\"),r=0;r<s.length;r++)(t=(e=s[r]).getAttribute(\"data-secret\"))||(t=Math.random().toString(36).substring(2,12),e.src+=\"#?secret=\"+t,e.setAttribute(\"data-secret\",t)),e.contentWindow.postMessage({message:\"ready\",secret:t},\"*\")},!1)))}(window,document);\n\/* ]]> *\/\n<\/script>\n","thumbnail_url":"https:\/\/epochtimestr.com\/wp-content\/uploads\/2011y\/filistin-5.jpg","thumbnail_width":664,"thumbnail_height":354,"description":"\u00c7in D\u0131\u015fi\u015fleri Bakan\u0131 Wang Yi, 1967 s\u0131n\u0131rlar\u0131 temelinde ba\u015fkenti Do\u011fu Kud\u00fcs olan tam egemen ba\u011f\u0131ms\u0131z Filistin devletinin kurulmas\u0131n\u0131 desteklediklerini yineledi. Wang Yi, Filistin Devlet Ba\u015fkan\u0131 Mahmud Abbas\u2019\u0131n temsilcileri Ahmed Mecdalani ve Nebil \u015ea\u2019s ile ba\u015fkent Pekin\u2019de bir araya geldi. G\u00f6r\u00fc\u015fmede, \u2018\u2018Filistin meselesi \u00e7\u00f6z\u00fclmezse Ortado\u011fu\u2019da bar\u0131\u015fa eri\u015filemez\u2019\u2019 ifadesini kullanan Wang, uluslararas\u0131 topluma da konuyla ilgili harekete [&hellip;]"}