{"version":"1.0","provider_name":"The Epoch Times TR","provider_url":"https:\/\/epochtimestr.com","author_name":"Yasemin Erdem","author_url":"https:\/\/epochtimestr.com\/index.php\/author\/yasemin","title":"\u00c7in\u2019e yay\u0131n yapan Vietnam Radyosunun Davas\u0131 Rafa Kald\u0131r\u0131ld\u0131 - The Epoch Times TR","type":"rich","width":600,"height":338,"html":"<blockquote class=\"wp-embedded-content\" data-secret=\"Hpyj3AJTyQ\"><a href=\"https:\/\/epochtimestr.com\/index.php\/cine-yayin-yapan-vietnam-radyosunun-davasi-rafa-kaldirildi\">\u00c7in\u2019e yay\u0131n yapan Vietnam Radyosunun Davas\u0131 Rafa Kald\u0131r\u0131ld\u0131<\/a><\/blockquote><iframe sandbox=\"allow-scripts\" security=\"restricted\" src=\"https:\/\/epochtimestr.com\/index.php\/cine-yayin-yapan-vietnam-radyosunun-davasi-rafa-kaldirildi\/embed#?secret=Hpyj3AJTyQ\" width=\"600\" height=\"338\" title=\"&#8220;\u00c7in\u2019e yay\u0131n yapan Vietnam Radyosunun Davas\u0131 Rafa Kald\u0131r\u0131ld\u0131&#8221; &#8212; The Epoch Times TR\" data-secret=\"Hpyj3AJTyQ\" frameborder=\"0\" marginwidth=\"0\" marginheight=\"0\" scrolling=\"no\" class=\"wp-embedded-content\"><\/iframe><script type=\"text\/javascript\">\n\/* <![CDATA[ *\/\n\/*! This file is auto-generated *\/\n!function(d,l){\"use strict\";l.querySelector&&d.addEventListener&&\"undefined\"!=typeof URL&&(d.wp=d.wp||{},d.wp.receiveEmbedMessage||(d.wp.receiveEmbedMessage=function(e){var t=e.data;if((t||t.secret||t.message||t.value)&&!\/[^a-zA-Z0-9]\/.test(t.secret)){for(var s,r,n,a=l.querySelectorAll('iframe[data-secret=\"'+t.secret+'\"]'),o=l.querySelectorAll('blockquote[data-secret=\"'+t.secret+'\"]'),c=new RegExp(\"^https?:$\",\"i\"),i=0;i<o.length;i++)o[i].style.display=\"none\";for(i=0;i<a.length;i++)s=a[i],e.source===s.contentWindow&&(s.removeAttribute(\"style\"),\"height\"===t.message?(1e3<(r=parseInt(t.value,10))?r=1e3:~~r<200&&(r=200),s.height=r):\"link\"===t.message&&(r=new URL(s.getAttribute(\"src\")),n=new URL(t.value),c.test(n.protocol))&&n.host===r.host&&l.activeElement===s&&(d.top.location.href=t.value))}},d.addEventListener(\"message\",d.wp.receiveEmbedMessage,!1),l.addEventListener(\"DOMContentLoaded\",function(){for(var e,t,s=l.querySelectorAll(\"iframe.wp-embedded-content\"),r=0;r<s.length;r++)(t=(e=s[r]).getAttribute(\"data-secret\"))||(t=Math.random().toString(36).substring(2,12),e.src+=\"#?secret=\"+t,e.setAttribute(\"data-secret\",t)),e.contentWindow.postMessage({message:\"ready\",secret:t},\"*\")},!1)))}(window,document);\n\/* ]]> *\/\n<\/script>\n","description":"\u00a0Son alt\u0131 ayda ikinci kez ertelenen radyo davas\u0131n\u0131n iki Vietnaml\u0131 yay\u0131nc\u0131s\u0131n\u0131n, Per\u015fembe sabah\u0131 \u00c7in B\u00fcy\u00fck El\u00e7ili\u011fi\u2019nin harekete ge\u00e7mesiyle, Hanoi\u2019de tutukland\u0131klar\u0131 bildirilmi\u015fti. Vicdan ve bas\u0131n \u00f6zg\u00fcrl\u00fc\u011f\u00fcn\u00fcne ayk\u0131r\u0131 oldu\u011fu d\u00fc\u015f\u00fcn\u00fclen ikinci ertlemeyle birlikte, dikkatler uluslararas\u0131 \u00e7apta bu olaya \u00e7ekildi. 30 ya\u015f\u0131ndaki teknoloji y\u00f6neticisi Vu Duc Trung ve 35 ya\u015f\u0131ndaki kay\u0131nbiraderi Le Van Thanh, bu tutuklaman\u0131n \u00f6ncesinde 2010\u2019un [&hellip;]","thumbnail_url":"http:\/\/epochtimestr.com\/wp-content\/uploads\/2011y\/vietnam-Falun-Gong.jpg"}