{"version":"1.0","provider_name":"The Epoch Times TR","provider_url":"https:\/\/epochtimestr.com","author_name":"Emel AKAN","author_url":"https:\/\/epochtimestr.com\/index.php\/author\/emel","title":"\u00c7KP\u2019nin Ana Gazetesinde \u201cTehdit\u201d Nitelikli Bir Yorum Yay\u0131nland\u0131  - The Epoch Times TR","type":"rich","width":600,"height":338,"html":"<blockquote class=\"wp-embedded-content\" data-secret=\"THHBI4lnTV\"><a href=\"https:\/\/epochtimestr.com\/index.php\/ckpnin-ana-gazetesinde-tehdit-nitelikli-bir-yorum-yayinlandi\">\u00c7KP\u2019nin Ana Gazetesinde \u201cTehdit\u201d Nitelikli Bir Yorum Yay\u0131nland\u0131<\/a><\/blockquote><iframe sandbox=\"allow-scripts\" security=\"restricted\" src=\"https:\/\/epochtimestr.com\/index.php\/ckpnin-ana-gazetesinde-tehdit-nitelikli-bir-yorum-yayinlandi\/embed#?secret=THHBI4lnTV\" width=\"600\" height=\"338\" title=\"&#8220;\u00c7KP\u2019nin Ana Gazetesinde \u201cTehdit\u201d Nitelikli Bir Yorum Yay\u0131nland\u0131&#8221; &#8212; The Epoch Times TR\" data-secret=\"THHBI4lnTV\" frameborder=\"0\" marginwidth=\"0\" marginheight=\"0\" scrolling=\"no\" class=\"wp-embedded-content\"><\/iframe><script type=\"text\/javascript\">\n\/* <![CDATA[ *\/\n\/*! This file is auto-generated *\/\n!function(d,l){\"use strict\";l.querySelector&&d.addEventListener&&\"undefined\"!=typeof URL&&(d.wp=d.wp||{},d.wp.receiveEmbedMessage||(d.wp.receiveEmbedMessage=function(e){var t=e.data;if((t||t.secret||t.message||t.value)&&!\/[^a-zA-Z0-9]\/.test(t.secret)){for(var s,r,n,a=l.querySelectorAll('iframe[data-secret=\"'+t.secret+'\"]'),o=l.querySelectorAll('blockquote[data-secret=\"'+t.secret+'\"]'),c=new RegExp(\"^https?:$\",\"i\"),i=0;i<o.length;i++)o[i].style.display=\"none\";for(i=0;i<a.length;i++)s=a[i],e.source===s.contentWindow&&(s.removeAttribute(\"style\"),\"height\"===t.message?(1e3<(r=parseInt(t.value,10))?r=1e3:~~r<200&&(r=200),s.height=r):\"link\"===t.message&&(r=new URL(s.getAttribute(\"src\")),n=new URL(t.value),c.test(n.protocol))&&n.host===r.host&&l.activeElement===s&&(d.top.location.href=t.value))}},d.addEventListener(\"message\",d.wp.receiveEmbedMessage,!1),l.addEventListener(\"DOMContentLoaded\",function(){for(var e,t,s=l.querySelectorAll(\"iframe.wp-embedded-content\"),r=0;r<s.length;r++)(t=(e=s[r]).getAttribute(\"data-secret\"))||(t=Math.random().toString(36).substring(2,12),e.src+=\"#?secret=\"+t,e.setAttribute(\"data-secret\",t)),e.contentWindow.postMessage({message:\"ready\",secret:t},\"*\")},!1)))}(window,document);\n\/* ]]> *\/\n<\/script>\n","thumbnail_url":"https:\/\/epochtimestr.com\/wp-content\/uploads\/2011y\/peoples-daily1.jpg","thumbnail_width":314,"thumbnail_height":200,"description":"Chongqing, \u00c7in (Kaynak: Getty Images) \u00c7in Rejimi Krizde Bo Xilai\u2019n\u0131n t\u00fcm g\u00f6revlerinin elinden al\u0131nd\u0131\u011f\u0131 a\u00e7\u0131kland\u0131ktan sonra, \u00c7KP\u2019nin ana gazetesi olan \u201cPeople\u2019s Daily\u201d de bir yorum yay\u0131nland\u0131 ve yorumda, \u201c\u0130ngiliz Neil Heywood\u2019un \u00f6l\u00fcm\u00fc ile Parti ve devlet liderinin aile \u00fcyesi ve yan\u0131nda \u00e7al\u0131\u015fan\u0131 ile ba\u011flant\u0131 kurulmas\u0131 ciddi bir su\u00e7 olay\u0131d\u0131r\u201d c\u00fcmlesi yer ald\u0131. &#8220;Fakat Bo Xilai [&hellip;]"}