{"version":"1.0","provider_name":"The Epoch Times TR","provider_url":"https:\/\/epochtimestr.com","author_name":"Nesrin Se\u00e7er","author_url":"https:\/\/epochtimestr.com\/index.php\/author\/nesrin","title":"\u00c7ok Ses Tek Y\u00fcrek 13 Mart'ta Ankara'da - The Epoch Times TR","type":"rich","width":600,"height":338,"html":"<blockquote class=\"wp-embedded-content\" data-secret=\"b4pI5w3MSt\"><a href=\"https:\/\/epochtimestr.com\/index.php\/cok-ses-tek-yurek-13-martta-ankarada\">\u00c7ok Ses Tek Y\u00fcrek 13 Mart&#8217;ta Ankara&#8217;da<\/a><\/blockquote><iframe sandbox=\"allow-scripts\" security=\"restricted\" src=\"https:\/\/epochtimestr.com\/index.php\/cok-ses-tek-yurek-13-martta-ankarada\/embed#?secret=b4pI5w3MSt\" width=\"600\" height=\"338\" title=\"&#8220;\u00c7ok Ses Tek Y\u00fcrek 13 Mart&#8217;ta Ankara&#8217;da&#8221; &#8212; The Epoch Times TR\" data-secret=\"b4pI5w3MSt\" frameborder=\"0\" marginwidth=\"0\" marginheight=\"0\" scrolling=\"no\" class=\"wp-embedded-content\"><\/iframe><script type=\"text\/javascript\">\n\/* <![CDATA[ *\/\n\/*! This file is auto-generated *\/\n!function(d,l){\"use strict\";l.querySelector&&d.addEventListener&&\"undefined\"!=typeof URL&&(d.wp=d.wp||{},d.wp.receiveEmbedMessage||(d.wp.receiveEmbedMessage=function(e){var t=e.data;if((t||t.secret||t.message||t.value)&&!\/[^a-zA-Z0-9]\/.test(t.secret)){for(var s,r,n,a=l.querySelectorAll('iframe[data-secret=\"'+t.secret+'\"]'),o=l.querySelectorAll('blockquote[data-secret=\"'+t.secret+'\"]'),c=new RegExp(\"^https?:$\",\"i\"),i=0;i<o.length;i++)o[i].style.display=\"none\";for(i=0;i<a.length;i++)s=a[i],e.source===s.contentWindow&&(s.removeAttribute(\"style\"),\"height\"===t.message?(1e3<(r=parseInt(t.value,10))?r=1e3:~~r<200&&(r=200),s.height=r):\"link\"===t.message&&(r=new URL(s.getAttribute(\"src\")),n=new URL(t.value),c.test(n.protocol))&&n.host===r.host&&l.activeElement===s&&(d.top.location.href=t.value))}},d.addEventListener(\"message\",d.wp.receiveEmbedMessage,!1),l.addEventListener(\"DOMContentLoaded\",function(){for(var e,t,s=l.querySelectorAll(\"iframe.wp-embedded-content\"),r=0;r<s.length;r++)(t=(e=s[r]).getAttribute(\"data-secret\"))||(t=Math.random().toString(36).substring(2,12),e.src+=\"#?secret=\"+t,e.setAttribute(\"data-secret\",t)),e.contentWindow.postMessage({message:\"ready\",secret:t},\"*\")},!1)))}(window,document);\n\/* ]]> *\/\n<\/script>\n","thumbnail_url":"https:\/\/epochtimestr.com\/wp-content\/uploads\/2011y\/tabib.gif","thumbnail_width":600,"thumbnail_height":370,"description":"T\u00fcrk Sa\u011fl\u0131k \u00c7al\u0131\u015fanlar\u0131 13 Mart&#8217;ta Ankara&#8217;da \u00c7ok Ses Tek Y\u00fcrek s\u00f6ylemiyle S\u0131hhiye Meydan\u0131nda saat 13.00&#8217;de toplanacak. Saat 14.30&#8217;da Sakarya Caddesinde Ezginin G\u00fcnl\u00fc\u011f\u00fc Konseri ile s\u00fcrecek. Sa\u011fl\u0131kta D\u00f6n\u00fc\u015f\u00fcm Program\u0131yla ortaya \u00e7\u0131kan sak\u0131ncalar\u0131n giderilmesi istemiyle meydanlara \u00e7\u0131kacak olan beyaz g\u00f6mleklilerin talepleri sa\u011fl\u0131kl\u0131 ve g\u00fcvenceli \u00e7al\u0131\u015fma ortam\u0131, topluma e\u015fit, \u00fccretsiz ve nitelikli sa\u011fl\u0131k hizmeti sunma, insanca \u00e7al\u0131\u015fma, insanca [&hellip;]"}