{"version":"1.0","provider_name":"The Epoch Times TR","provider_url":"https:\/\/epochtimestr.com","author_name":"Seda F.","author_url":"https:\/\/epochtimestr.com\/index.php\/author\/seda-f","title":"Covid-19 Verileri A\u00e7\u0131kland\u0131 - The Epoch Times TR","type":"rich","width":600,"height":338,"html":"<blockquote class=\"wp-embedded-content\" data-secret=\"F4DfHUblvJ\"><a href=\"https:\/\/epochtimestr.com\/index.php\/covid-19-verileri-aciklandi-20\">Covid-19 Verileri A\u00e7\u0131kland\u0131<\/a><\/blockquote><iframe sandbox=\"allow-scripts\" security=\"restricted\" src=\"https:\/\/epochtimestr.com\/index.php\/covid-19-verileri-aciklandi-20\/embed#?secret=F4DfHUblvJ\" width=\"600\" height=\"338\" title=\"&#8220;Covid-19 Verileri A\u00e7\u0131kland\u0131&#8221; &#8212; The Epoch Times TR\" data-secret=\"F4DfHUblvJ\" frameborder=\"0\" marginwidth=\"0\" marginheight=\"0\" scrolling=\"no\" class=\"wp-embedded-content\"><\/iframe><script type=\"text\/javascript\">\n\/* <![CDATA[ *\/\n\/*! This file is auto-generated *\/\n!function(d,l){\"use strict\";l.querySelector&&d.addEventListener&&\"undefined\"!=typeof URL&&(d.wp=d.wp||{},d.wp.receiveEmbedMessage||(d.wp.receiveEmbedMessage=function(e){var t=e.data;if((t||t.secret||t.message||t.value)&&!\/[^a-zA-Z0-9]\/.test(t.secret)){for(var s,r,n,a=l.querySelectorAll('iframe[data-secret=\"'+t.secret+'\"]'),o=l.querySelectorAll('blockquote[data-secret=\"'+t.secret+'\"]'),c=new RegExp(\"^https?:$\",\"i\"),i=0;i<o.length;i++)o[i].style.display=\"none\";for(i=0;i<a.length;i++)s=a[i],e.source===s.contentWindow&&(s.removeAttribute(\"style\"),\"height\"===t.message?(1e3<(r=parseInt(t.value,10))?r=1e3:~~r<200&&(r=200),s.height=r):\"link\"===t.message&&(r=new URL(s.getAttribute(\"src\")),n=new URL(t.value),c.test(n.protocol))&&n.host===r.host&&l.activeElement===s&&(d.top.location.href=t.value))}},d.addEventListener(\"message\",d.wp.receiveEmbedMessage,!1),l.addEventListener(\"DOMContentLoaded\",function(){for(var e,t,s=l.querySelectorAll(\"iframe.wp-embedded-content\"),r=0;r<s.length;r++)(t=(e=s[r]).getAttribute(\"data-secret\"))||(t=Math.random().toString(36).substring(2,12),e.src+=\"#?secret=\"+t,e.setAttribute(\"data-secret\",t)),e.contentWindow.postMessage({message:\"ready\",secret:t},\"*\")},!1)))}(window,document);\n\/* ]]> *\/\n<\/script>\n","description":"T\u00fcrkiye G\u00fcnl\u00fck Covid-19 Tablosu Sa\u011fl\u0131k Bakanl\u0131\u011f\u0131 taraf\u0131ndan payla\u015f\u0131ld\u0131. Sa\u011fl\u0131k Bakan\u0131 Fahrettin Koca, Covid-19\u2019a ili\u015fkin, \u201c&#8221;Bug\u00fcn tespit edilen 1.458 yeni hastam\u0131z var. Aktif vaka say\u0131m\u0131z dura\u011fan seyrediyor. A\u011f\u0131r hasta say\u0131m\u0131z sevindirici \u015fekilde azalmaya devam ediyor. Kay\u0131plar\u0131m\u0131z\u0131n say\u0131s\u0131nda azalma e\u011filimi var. Birlikte tedbir ve birlikte m\u00fccadele ile kazanaca\u011f\u0131z&#8221;. ifadelerini kulland\u0131. Tabloya g\u00f6re,\u00a0son 24 saatte 13.830 Covid-19 tan\u0131s\u0131 [&hellip;]","thumbnail_url":"http:\/\/epochtimestr.com\/wp-content\/uploads\/2011y\/fahrettin-koca-bilim-kurulu-a\u00e7\u0131klama-600x282.jpg"}