{"version":"1.0","provider_name":"The Epoch Times TR","provider_url":"https:\/\/epochtimestr.com","author_name":"Haber Merkezi","author_url":"https:\/\/epochtimestr.com\/index.php\/author\/sendag","title":"Cumhurba\u015fkan\u0131 Erdo\u011fan Anayasa Mahkemesine Metin K\u0131ratl\u0131'y\u0131 Atad\u0131 - The Epoch Times TR","type":"rich","width":600,"height":338,"html":"<blockquote class=\"wp-embedded-content\" data-secret=\"gpDkGKQu7D\"><a href=\"https:\/\/epochtimestr.com\/index.php\/cumhurbaskani-erdogan-anayasa-mahkemesine-metin-kiratliyi-atadi\">Cumhurba\u015fkan\u0131 Erdo\u011fan Anayasa Mahkemesine Metin K\u0131ratl\u0131&#8217;y\u0131 Atad\u0131<\/a><\/blockquote><iframe sandbox=\"allow-scripts\" security=\"restricted\" src=\"https:\/\/epochtimestr.com\/index.php\/cumhurbaskani-erdogan-anayasa-mahkemesine-metin-kiratliyi-atadi\/embed#?secret=gpDkGKQu7D\" width=\"600\" height=\"338\" title=\"&#8220;Cumhurba\u015fkan\u0131 Erdo\u011fan Anayasa Mahkemesine Metin K\u0131ratl\u0131&#8217;y\u0131 Atad\u0131&#8221; &#8212; The Epoch Times TR\" data-secret=\"gpDkGKQu7D\" frameborder=\"0\" marginwidth=\"0\" marginheight=\"0\" scrolling=\"no\" class=\"wp-embedded-content\"><\/iframe><script type=\"text\/javascript\">\n\/* <![CDATA[ *\/\n\/*! This file is auto-generated *\/\n!function(d,l){\"use strict\";l.querySelector&&d.addEventListener&&\"undefined\"!=typeof URL&&(d.wp=d.wp||{},d.wp.receiveEmbedMessage||(d.wp.receiveEmbedMessage=function(e){var t=e.data;if((t||t.secret||t.message||t.value)&&!\/[^a-zA-Z0-9]\/.test(t.secret)){for(var s,r,n,a=l.querySelectorAll('iframe[data-secret=\"'+t.secret+'\"]'),o=l.querySelectorAll('blockquote[data-secret=\"'+t.secret+'\"]'),c=new RegExp(\"^https?:$\",\"i\"),i=0;i<o.length;i++)o[i].style.display=\"none\";for(i=0;i<a.length;i++)s=a[i],e.source===s.contentWindow&&(s.removeAttribute(\"style\"),\"height\"===t.message?(1e3<(r=parseInt(t.value,10))?r=1e3:~~r<200&&(r=200),s.height=r):\"link\"===t.message&&(r=new URL(s.getAttribute(\"src\")),n=new URL(t.value),c.test(n.protocol))&&n.host===r.host&&l.activeElement===s&&(d.top.location.href=t.value))}},d.addEventListener(\"message\",d.wp.receiveEmbedMessage,!1),l.addEventListener(\"DOMContentLoaded\",function(){for(var e,t,s=l.querySelectorAll(\"iframe.wp-embedded-content\"),r=0;r<s.length;r++)(t=(e=s[r]).getAttribute(\"data-secret\"))||(t=Math.random().toString(36).substring(2,12),e.src+=\"#?secret=\"+t,e.setAttribute(\"data-secret\",t)),e.contentWindow.postMessage({message:\"ready\",secret:t},\"*\")},!1)))}(window,document);\n\/* ]]> *\/\n<\/script>\n","thumbnail_url":"https:\/\/epochtimestr.com\/wp-content\/uploads\/2011y\/dr-metin-kiratli.jpg","thumbnail_width":680,"thumbnail_height":453,"description":"Cumhurba\u015fkanl\u0131\u011f\u0131 \u0130dari \u0130\u015fler Ba\u015fkan\u0131 Do\u00e7. Dr. Metin K\u0131ratl\u0131, Cumhurba\u015fkan\u0131 Erdo\u011fan taraf\u0131ndan AYM \u00fcyeli\u011fine atand\u0131. Cumhurba\u015fkanl\u0131\u011f\u0131 \u0130dari \u0130\u015fler Ba\u015fkan\u0131 Do\u00e7. Dr. Metin K\u0131ratl\u0131, Cumhurba\u015fkan\u0131 Erdo\u011fan taraf\u0131ndan AYM \u00fcyeli\u011fine atand\u0131. Erdo\u011fan\u2019\u0131n Cumhurba\u015fkan\u0131 se\u00e7ilmesinin ard\u0131ndan Cumhurba\u015fkanl\u0131\u011f\u0131 Genel Sekreter Yard\u0131mc\u0131l\u0131\u011f\u0131&#8217;na ard\u0131ndan da \u0130dari \u0130\u015fler Ba\u015fkanl\u0131\u011f\u0131&#8217;na ve Y\u00d6K \u00fcyeli\u011fine atanan K\u0131ratl\u0131, be\u015f g\u00fcn \u00f6nce AKP Ankara \u0130l Ba\u015fkan Yard\u0131mc\u0131s\u0131 Serkan [&hellip;]"}