{"version":"1.0","provider_name":"The Epoch Times TR","provider_url":"https:\/\/epochtimestr.com","author_name":"Haber Merkezi","author_url":"https:\/\/epochtimestr.com\/index.php\/author\/sendag","title":"Cumhurba\u015fkan\u0131 Erdo\u011fan: 'Sonu\u00e7 Alana Kadar OHAL S\u00fcrecek' - The Epoch Times TR","type":"rich","width":600,"height":338,"html":"<blockquote class=\"wp-embedded-content\" data-secret=\"d00aVZWNg3\"><a href=\"https:\/\/epochtimestr.com\/index.php\/cumhurbaskani-erdogan-sonuc-alana-kadar-ohal-surecek\">Cumhurba\u015fkan\u0131 Erdo\u011fan: &#8216;Sonu\u00e7 Alana Kadar OHAL S\u00fcrecek&#8217;<\/a><\/blockquote><iframe sandbox=\"allow-scripts\" security=\"restricted\" src=\"https:\/\/epochtimestr.com\/index.php\/cumhurbaskani-erdogan-sonuc-alana-kadar-ohal-surecek\/embed#?secret=d00aVZWNg3\" width=\"600\" height=\"338\" title=\"&#8220;Cumhurba\u015fkan\u0131 Erdo\u011fan: &#8216;Sonu\u00e7 Alana Kadar OHAL S\u00fcrecek&#8217;&#8221; &#8212; The Epoch Times TR\" data-secret=\"d00aVZWNg3\" frameborder=\"0\" marginwidth=\"0\" marginheight=\"0\" scrolling=\"no\" class=\"wp-embedded-content\"><\/iframe><script type=\"text\/javascript\">\n\/* <![CDATA[ *\/\n\/*! This file is auto-generated *\/\n!function(d,l){\"use strict\";l.querySelector&&d.addEventListener&&\"undefined\"!=typeof URL&&(d.wp=d.wp||{},d.wp.receiveEmbedMessage||(d.wp.receiveEmbedMessage=function(e){var t=e.data;if((t||t.secret||t.message||t.value)&&!\/[^a-zA-Z0-9]\/.test(t.secret)){for(var s,r,n,a=l.querySelectorAll('iframe[data-secret=\"'+t.secret+'\"]'),o=l.querySelectorAll('blockquote[data-secret=\"'+t.secret+'\"]'),c=new RegExp(\"^https?:$\",\"i\"),i=0;i<o.length;i++)o[i].style.display=\"none\";for(i=0;i<a.length;i++)s=a[i],e.source===s.contentWindow&&(s.removeAttribute(\"style\"),\"height\"===t.message?(1e3<(r=parseInt(t.value,10))?r=1e3:~~r<200&&(r=200),s.height=r):\"link\"===t.message&&(r=new URL(s.getAttribute(\"src\")),n=new URL(t.value),c.test(n.protocol))&&n.host===r.host&&l.activeElement===s&&(d.top.location.href=t.value))}},d.addEventListener(\"message\",d.wp.receiveEmbedMessage,!1),l.addEventListener(\"DOMContentLoaded\",function(){for(var e,t,s=l.querySelectorAll(\"iframe.wp-embedded-content\"),r=0;r<s.length;r++)(t=(e=s[r]).getAttribute(\"data-secret\"))||(t=Math.random().toString(36).substring(2,12),e.src+=\"#?secret=\"+t,e.setAttribute(\"data-secret\",t)),e.contentWindow.postMessage({message:\"ready\",secret:t},\"*\")},!1)))}(window,document);\n\/* ]]> *\/\n<\/script>\n","thumbnail_url":"https:\/\/epochtimestr.com\/wp-content\/uploads\/2011y\/erdo\u011fan-8.jpg","thumbnail_width":664,"thumbnail_height":354,"description":"Cumhurba\u015fkan\u0131 Recep Tayyip Erdo\u011fan, ABD ile stratejik anlamda ili\u015fkilerin sa\u011fl\u0131kl\u0131 y\u00fcr\u00fcmedi\u011fini belirterek, \u201cTemennim fazla gecikmeden Say\u0131n Trump\u2019la g\u00f6r\u00fc\u015fmek\u201d dedi. Madagaskar d\u00f6n\u00fc\u015f\u00fc gazetecilerin g\u00fcndeme dair sorular\u0131n\u0131 cevaplayan Cumhurba\u015fkan\u0131 Erdo\u011fan, \u00f6zetle \u015funlar\u0131 kaydetti: ABD\u2019nin yeni ba\u015fkan\u0131 Trump ile g\u00f6reve ba\u015flad\u0131ktan sonra g\u00f6r\u00fc\u015fecek misiniz, takvim var m\u0131? Telefon g\u00f6r\u00fc\u015fmesini ilk ak\u015fam yapm\u0131\u015ft\u0131k, elbette resmi ziyaretimizi de yapal\u0131m istiyoruz. [&hellip;]"}