{"version":"1.0","provider_name":"The Epoch Times TR","provider_url":"https:\/\/epochtimestr.com","author_name":"G.Hakan Ko\u00e7man","author_url":"https:\/\/epochtimestr.com\/index.php\/author\/hakan","title":"Cumhurba\u015fkan\u0131 G\u00fcl Kars 2012 K\u0131\u015f Tatbikat\u0131\u2019na kat\u0131ld\u0131 - The Epoch Times TR","type":"rich","width":600,"height":338,"html":"<blockquote class=\"wp-embedded-content\" data-secret=\"IuWeWZgegj\"><a href=\"https:\/\/epochtimestr.com\/index.php\/cumhurbaskani-gul-kars-2012-kis-tatbikatina-katildi\">Cumhurba\u015fkan\u0131 G\u00fcl Kars 2012 K\u0131\u015f Tatbikat\u0131\u2019na kat\u0131ld\u0131<\/a><\/blockquote><iframe sandbox=\"allow-scripts\" security=\"restricted\" src=\"https:\/\/epochtimestr.com\/index.php\/cumhurbaskani-gul-kars-2012-kis-tatbikatina-katildi\/embed#?secret=IuWeWZgegj\" width=\"600\" height=\"338\" title=\"&#8220;Cumhurba\u015fkan\u0131 G\u00fcl Kars 2012 K\u0131\u015f Tatbikat\u0131\u2019na kat\u0131ld\u0131&#8221; &#8212; The Epoch Times TR\" data-secret=\"IuWeWZgegj\" frameborder=\"0\" marginwidth=\"0\" marginheight=\"0\" scrolling=\"no\" class=\"wp-embedded-content\"><\/iframe><script type=\"text\/javascript\">\n\/* <![CDATA[ *\/\n\/*! This file is auto-generated *\/\n!function(d,l){\"use strict\";l.querySelector&&d.addEventListener&&\"undefined\"!=typeof URL&&(d.wp=d.wp||{},d.wp.receiveEmbedMessage||(d.wp.receiveEmbedMessage=function(e){var t=e.data;if((t||t.secret||t.message||t.value)&&!\/[^a-zA-Z0-9]\/.test(t.secret)){for(var s,r,n,a=l.querySelectorAll('iframe[data-secret=\"'+t.secret+'\"]'),o=l.querySelectorAll('blockquote[data-secret=\"'+t.secret+'\"]'),c=new RegExp(\"^https?:$\",\"i\"),i=0;i<o.length;i++)o[i].style.display=\"none\";for(i=0;i<a.length;i++)s=a[i],e.source===s.contentWindow&&(s.removeAttribute(\"style\"),\"height\"===t.message?(1e3<(r=parseInt(t.value,10))?r=1e3:~~r<200&&(r=200),s.height=r):\"link\"===t.message&&(r=new URL(s.getAttribute(\"src\")),n=new URL(t.value),c.test(n.protocol))&&n.host===r.host&&l.activeElement===s&&(d.top.location.href=t.value))}},d.addEventListener(\"message\",d.wp.receiveEmbedMessage,!1),l.addEventListener(\"DOMContentLoaded\",function(){for(var e,t,s=l.querySelectorAll(\"iframe.wp-embedded-content\"),r=0;r<s.length;r++)(t=(e=s[r]).getAttribute(\"data-secret\"))||(t=Math.random().toString(36).substring(2,12),e.src+=\"#?secret=\"+t,e.setAttribute(\"data-secret\",t)),e.contentWindow.postMessage({message:\"ready\",secret:t},\"*\")},!1)))}(window,document);\n\/* ]]> *\/\n<\/script>\n","thumbnail_url":"https:\/\/epochtimestr.com\/wp-content\/uploads\/2011y\/bb.jpg","thumbnail_width":500,"thumbnail_height":375,"description":"&nbsp; Cumhurba\u015fkan\u0131 G\u00fcl Kars 2012 K\u0131\u015f Tatbikat\u0131\u2019na kat\u0131ld\u0131 Cumhurba\u015fkan\u0131 Abdullah G\u00fcl Ba\u015fkomutan s\u0131fat\u0131yla \u00a0Genelkurmay Ba\u015fkan\u0131 Orgeneral Necdet \u00d6zel, Ba\u015fbakan Yard\u0131mc\u0131lar\u0131 B\u00fclent Ar\u0131n\u00e7 ve Be\u015fir Atalay ve\u00a0Milli Savunma Bakan\u0131 \u0130smet Y\u0131lmaz ile birlikte T\u00fcrk Silahl\u0131 Kuvvetleri\u2019nin Kars\u2019ta ger\u00e7ekle\u015ftirdi\u011fi \u00a02012 K\u0131\u015f Tatbikat\u0131\u2019na kat\u0131ld\u0131. Tatbikata Kamuflajl\u0131 bir \u015fekilde kat\u0131lan Cumhurba\u015fkan\u0131 G\u00fcl, ilk olarak \u0130nsani Yard\u0131m Tugay\u0131&#8217;n\u0131 ziyaret etti [&hellip;]"}