{"version":"1.0","provider_name":"The Epoch Times TR","provider_url":"https:\/\/epochtimestr.com","author_name":"G.Hakan Ko\u00e7man","author_url":"https:\/\/epochtimestr.com\/index.php\/author\/hakan","title":"Cumhurba\u015fkan\u0131 G\u00fcl'den Demokratik Zemin \u00c7a\u011fr\u0131s\u0131  - The Epoch Times TR","type":"rich","width":600,"height":338,"html":"<blockquote class=\"wp-embedded-content\" data-secret=\"nbPgGa3a7u\"><a href=\"https:\/\/epochtimestr.com\/index.php\/cumhurbaskani-gulden-demokratik-zemin-cagrisi\">Cumhurba\u015fkan\u0131 G\u00fcl&#8217;den Demokratik Zemin \u00c7a\u011fr\u0131s\u0131<\/a><\/blockquote><iframe sandbox=\"allow-scripts\" security=\"restricted\" src=\"https:\/\/epochtimestr.com\/index.php\/cumhurbaskani-gulden-demokratik-zemin-cagrisi\/embed#?secret=nbPgGa3a7u\" width=\"600\" height=\"338\" title=\"&#8220;Cumhurba\u015fkan\u0131 G\u00fcl&#8217;den Demokratik Zemin \u00c7a\u011fr\u0131s\u0131&#8221; &#8212; The Epoch Times TR\" data-secret=\"nbPgGa3a7u\" frameborder=\"0\" marginwidth=\"0\" marginheight=\"0\" scrolling=\"no\" class=\"wp-embedded-content\"><\/iframe><script type=\"text\/javascript\">\n\/* <![CDATA[ *\/\n\/*! This file is auto-generated *\/\n!function(d,l){\"use strict\";l.querySelector&&d.addEventListener&&\"undefined\"!=typeof URL&&(d.wp=d.wp||{},d.wp.receiveEmbedMessage||(d.wp.receiveEmbedMessage=function(e){var t=e.data;if((t||t.secret||t.message||t.value)&&!\/[^a-zA-Z0-9]\/.test(t.secret)){for(var s,r,n,a=l.querySelectorAll('iframe[data-secret=\"'+t.secret+'\"]'),o=l.querySelectorAll('blockquote[data-secret=\"'+t.secret+'\"]'),c=new RegExp(\"^https?:$\",\"i\"),i=0;i<o.length;i++)o[i].style.display=\"none\";for(i=0;i<a.length;i++)s=a[i],e.source===s.contentWindow&&(s.removeAttribute(\"style\"),\"height\"===t.message?(1e3<(r=parseInt(t.value,10))?r=1e3:~~r<200&&(r=200),s.height=r):\"link\"===t.message&&(r=new URL(s.getAttribute(\"src\")),n=new URL(t.value),c.test(n.protocol))&&n.host===r.host&&l.activeElement===s&&(d.top.location.href=t.value))}},d.addEventListener(\"message\",d.wp.receiveEmbedMessage,!1),l.addEventListener(\"DOMContentLoaded\",function(){for(var e,t,s=l.querySelectorAll(\"iframe.wp-embedded-content\"),r=0;r<s.length;r++)(t=(e=s[r]).getAttribute(\"data-secret\"))||(t=Math.random().toString(36).substring(2,12),e.src+=\"#?secret=\"+t,e.setAttribute(\"data-secret\",t)),e.contentWindow.postMessage({message:\"ready\",secret:t},\"*\")},!1)))}(window,document);\n\/* ]]> *\/\n<\/script>\n","description":"Cumhurba\u015fkan\u0131 Abdullah G\u00fcl yapt\u0131\u011f\u0131 bas\u0131n a\u00e7\u0131klamas\u0131nda T\u00fcrkiye\u2019de yarg\u0131 mercileri taraf\u0131ndan verilen kararlar\u0131n ve bunlara dayal\u0131 ortaya \u00e7\u0131kan tart\u0131\u015fmalar\u0131n anayasal ve yasal d\u00fczenlemeler ba\u015fta olmak \u00fczere, hukuk sistemimizin ve demokrasimizin evrensel standartlara ula\u015ft\u0131r\u0131lmas\u0131 i\u00e7in daha k\u00f6kl\u00fc reformlara ihtiya\u00e7 bulundu\u011funu g\u00f6stermekte oldu\u011funu dile getirerek \u00a0mecliste temsil edilme imkan\u0131 bulan siyasi partileri \u00a0meclise ddavet ederek \u00a0me\u015fru ve demokratik [&hellip;]","thumbnail_url":"http:\/\/www.epochtimestr.com\/wp-content\/uploads\/2011y\/G\u00fcl-300x225.jpg"}