{"version":"1.0","provider_name":"The Epoch Times TR","provider_url":"https:\/\/epochtimestr.com","author_name":"S. \u00d6zcan","author_url":"https:\/\/epochtimestr.com\/index.php\/author\/n-kaya","title":"Cumhurba\u015fkan\u0131'na Hakarete Ev Hapsi Cezas\u0131 - The Epoch Times TR","type":"rich","width":600,"height":338,"html":"<blockquote class=\"wp-embedded-content\" data-secret=\"S0IvqQwPYE\"><a href=\"https:\/\/epochtimestr.com\/index.php\/cumhurbaskanina-hakarete-ev-hapsi-cezasi\">Cumhurba\u015fkan\u0131&#8217;na Hakarete Ev Hapsi Cezas\u0131<\/a><\/blockquote><iframe sandbox=\"allow-scripts\" security=\"restricted\" src=\"https:\/\/epochtimestr.com\/index.php\/cumhurbaskanina-hakarete-ev-hapsi-cezasi\/embed#?secret=S0IvqQwPYE\" width=\"600\" height=\"338\" title=\"&#8220;Cumhurba\u015fkan\u0131&#8217;na Hakarete Ev Hapsi Cezas\u0131&#8221; &#8212; The Epoch Times TR\" data-secret=\"S0IvqQwPYE\" frameborder=\"0\" marginwidth=\"0\" marginheight=\"0\" scrolling=\"no\" class=\"wp-embedded-content\"><\/iframe><script type=\"text\/javascript\">\n\/* <![CDATA[ *\/\n\/*! This file is auto-generated *\/\n!function(d,l){\"use strict\";l.querySelector&&d.addEventListener&&\"undefined\"!=typeof URL&&(d.wp=d.wp||{},d.wp.receiveEmbedMessage||(d.wp.receiveEmbedMessage=function(e){var t=e.data;if((t||t.secret||t.message||t.value)&&!\/[^a-zA-Z0-9]\/.test(t.secret)){for(var s,r,n,a=l.querySelectorAll('iframe[data-secret=\"'+t.secret+'\"]'),o=l.querySelectorAll('blockquote[data-secret=\"'+t.secret+'\"]'),c=new RegExp(\"^https?:$\",\"i\"),i=0;i<o.length;i++)o[i].style.display=\"none\";for(i=0;i<a.length;i++)s=a[i],e.source===s.contentWindow&&(s.removeAttribute(\"style\"),\"height\"===t.message?(1e3<(r=parseInt(t.value,10))?r=1e3:~~r<200&&(r=200),s.height=r):\"link\"===t.message&&(r=new URL(s.getAttribute(\"src\")),n=new URL(t.value),c.test(n.protocol))&&n.host===r.host&&l.activeElement===s&&(d.top.location.href=t.value))}},d.addEventListener(\"message\",d.wp.receiveEmbedMessage,!1),l.addEventListener(\"DOMContentLoaded\",function(){for(var e,t,s=l.querySelectorAll(\"iframe.wp-embedded-content\"),r=0;r<s.length;r++)(t=(e=s[r]).getAttribute(\"data-secret\"))||(t=Math.random().toString(36).substring(2,12),e.src+=\"#?secret=\"+t,e.setAttribute(\"data-secret\",t)),e.contentWindow.postMessage({message:\"ready\",secret:t},\"*\")},!1)))}(window,document);\n\/* ]]> *\/\n<\/script>\n","thumbnail_url":"https:\/\/epochtimestr.com\/wp-content\/uploads\/2011y\/cumhurbaskanina-hakarete-kelepceli-ev-hapsi-1220993-664x354.jpg","thumbnail_width":600,"thumbnail_height":319,"description":"Sosyal medya hesab\u0131 \u00fczerinden Cumhurba\u015fkan\u0131 Erdo\u011fan\u2019a hakaret etti\u011fi gerek\u00e7esiyle g\u00f6zalt\u0131na al\u0131nan ve tutuksuz yarg\u0131lanmak \u00fczere serbest b\u0131rak\u0131lan Erkan K., savc\u0131l\u0131\u011f\u0131n itiraz\u0131yla elektronik kelep\u00e7eli ev hapsiyle cezaland\u0131r\u0131ld\u0131. Edirne\u2019nin \u0130psala il\u00e7esinde ya\u015fayan ve seslendirme sanat\u00e7\u0131l\u0131\u011f\u0131 yapt\u0131\u011f\u0131 \u00f6\u011frenilen Erkan K., Da\u011fl\u0131ca\u2019daki ter\u00f6r olaylar\u0131 sonras\u0131 Facebook hesab\u0131ndan Cumhurba\u015fkan\u0131 Erdo\u011fan\u2019a y\u00f6nelik k\u00fcf\u00fcr ve hakaret i\u00e7erikli yorumlar\u0131 nedeniyle polis ekiplerince g\u00f6zalt\u0131na [&hellip;]"}