{"version":"1.0","provider_name":"The Epoch Times TR","provider_url":"https:\/\/epochtimestr.com","author_name":"Yasemin Erdem","author_url":"https:\/\/epochtimestr.com\/index.php\/author\/yasemin","title":"Darbecilerin Belgeleri Ele Ge\u00e7irildi - The Epoch Times TR","type":"rich","width":600,"height":338,"html":"<blockquote class=\"wp-embedded-content\" data-secret=\"pVzsVw0zLF\"><a href=\"https:\/\/epochtimestr.com\/index.php\/darbecilerin-belgeleri-ele-gecirildi\">Darbecilerin Belgeleri Ele Ge\u00e7irildi<\/a><\/blockquote><iframe sandbox=\"allow-scripts\" security=\"restricted\" src=\"https:\/\/epochtimestr.com\/index.php\/darbecilerin-belgeleri-ele-gecirildi\/embed#?secret=pVzsVw0zLF\" width=\"600\" height=\"338\" title=\"&#8220;Darbecilerin Belgeleri Ele Ge\u00e7irildi&#8221; &#8212; The Epoch Times TR\" data-secret=\"pVzsVw0zLF\" frameborder=\"0\" marginwidth=\"0\" marginheight=\"0\" scrolling=\"no\" class=\"wp-embedded-content\"><\/iframe><script type=\"text\/javascript\">\n\/* <![CDATA[ *\/\n\/*! This file is auto-generated *\/\n!function(d,l){\"use strict\";l.querySelector&&d.addEventListener&&\"undefined\"!=typeof URL&&(d.wp=d.wp||{},d.wp.receiveEmbedMessage||(d.wp.receiveEmbedMessage=function(e){var t=e.data;if((t||t.secret||t.message||t.value)&&!\/[^a-zA-Z0-9]\/.test(t.secret)){for(var s,r,n,a=l.querySelectorAll('iframe[data-secret=\"'+t.secret+'\"]'),o=l.querySelectorAll('blockquote[data-secret=\"'+t.secret+'\"]'),c=new RegExp(\"^https?:$\",\"i\"),i=0;i<o.length;i++)o[i].style.display=\"none\";for(i=0;i<a.length;i++)s=a[i],e.source===s.contentWindow&&(s.removeAttribute(\"style\"),\"height\"===t.message?(1e3<(r=parseInt(t.value,10))?r=1e3:~~r<200&&(r=200),s.height=r):\"link\"===t.message&&(r=new URL(s.getAttribute(\"src\")),n=new URL(t.value),c.test(n.protocol))&&n.host===r.host&&l.activeElement===s&&(d.top.location.href=t.value))}},d.addEventListener(\"message\",d.wp.receiveEmbedMessage,!1),l.addEventListener(\"DOMContentLoaded\",function(){for(var e,t,s=l.querySelectorAll(\"iframe.wp-embedded-content\"),r=0;r<s.length;r++)(t=(e=s[r]).getAttribute(\"data-secret\"))||(t=Math.random().toString(36).substring(2,12),e.src+=\"#?secret=\"+t,e.setAttribute(\"data-secret\",t)),e.contentWindow.postMessage({message:\"ready\",secret:t},\"*\")},!1)))}(window,document);\n\/* ]]> *\/\n<\/script>\n","thumbnail_url":"https:\/\/epochtimestr.com\/wp-content\/uploads\/2011y\/darbeci.jpg","thumbnail_width":664,"thumbnail_height":354,"description":"15 Temmuz gecesi Bursa&#8217;da ele ge\u00e7irilen belgeler, darbecilerin \u015fifresini \u00e7\u00f6zd\u00fc. \u0130\u015fte 15 Temmuz darbe giri\u015fiminde Bursa\u2019da ya\u015fananlar&#8230; Bursa\u2019da 15 Temmuz darbe giri\u015fiminin ard\u0131ndan g\u00f6zalt\u0131na al\u0131nan s\u00f6zde Bursa S\u0131k\u0131y\u00f6netim Komutan\u0131 Albay Yurdakul Akku\u015f ve 15 \u015f\u00fcphelinin iddianamesi mahkeme taraf\u0131ndan kabul edildi. \u0130ddianamede Akku\u015f\u2019un \u00e7antas\u0131n\u0131n nas\u0131l bulundu\u011fu, evraklar\u0131n i\u00e7erisinde nelerin bulundu\u011fu yer ald\u0131. Ayr\u0131ca iddianamede Akku\u015f\u2019un Garnizon [&hellip;]"}