{"version":"1.0","provider_name":"The Epoch Times TR","provider_url":"https:\/\/epochtimestr.com","author_name":"\u00c7.Akdeniz","author_url":"https:\/\/epochtimestr.com\/index.php\/author\/cigdem","title":"Davuto\u011flu Esad\u2019la g\u00f6r\u00fc\u015fmesinde \u201cAkan kan\u0131 durdurun\u201d dedi - The Epoch Times TR","type":"rich","width":600,"height":338,"html":"<blockquote class=\"wp-embedded-content\" data-secret=\"JYefAQCuOg\"><a href=\"https:\/\/epochtimestr.com\/index.php\/davutoglu-esadla-gorusmesinde-akan-kani-durdurun-dedi\">Davuto\u011flu Esad\u2019la g\u00f6r\u00fc\u015fmesinde \u201cAkan kan\u0131 durdurun\u201d dedi<\/a><\/blockquote><iframe sandbox=\"allow-scripts\" security=\"restricted\" src=\"https:\/\/epochtimestr.com\/index.php\/davutoglu-esadla-gorusmesinde-akan-kani-durdurun-dedi\/embed#?secret=JYefAQCuOg\" width=\"600\" height=\"338\" title=\"&#8220;Davuto\u011flu Esad\u2019la g\u00f6r\u00fc\u015fmesinde \u201cAkan kan\u0131 durdurun\u201d dedi&#8221; &#8212; The Epoch Times TR\" data-secret=\"JYefAQCuOg\" frameborder=\"0\" marginwidth=\"0\" marginheight=\"0\" scrolling=\"no\" class=\"wp-embedded-content\"><\/iframe><script type=\"text\/javascript\">\n\/* <![CDATA[ *\/\n\/*! This file is auto-generated *\/\n!function(d,l){\"use strict\";l.querySelector&&d.addEventListener&&\"undefined\"!=typeof URL&&(d.wp=d.wp||{},d.wp.receiveEmbedMessage||(d.wp.receiveEmbedMessage=function(e){var t=e.data;if((t||t.secret||t.message||t.value)&&!\/[^a-zA-Z0-9]\/.test(t.secret)){for(var s,r,n,a=l.querySelectorAll('iframe[data-secret=\"'+t.secret+'\"]'),o=l.querySelectorAll('blockquote[data-secret=\"'+t.secret+'\"]'),c=new RegExp(\"^https?:$\",\"i\"),i=0;i<o.length;i++)o[i].style.display=\"none\";for(i=0;i<a.length;i++)s=a[i],e.source===s.contentWindow&&(s.removeAttribute(\"style\"),\"height\"===t.message?(1e3<(r=parseInt(t.value,10))?r=1e3:~~r<200&&(r=200),s.height=r):\"link\"===t.message&&(r=new URL(s.getAttribute(\"src\")),n=new URL(t.value),c.test(n.protocol))&&n.host===r.host&&l.activeElement===s&&(d.top.location.href=t.value))}},d.addEventListener(\"message\",d.wp.receiveEmbedMessage,!1),l.addEventListener(\"DOMContentLoaded\",function(){for(var e,t,s=l.querySelectorAll(\"iframe.wp-embedded-content\"),r=0;r<s.length;r++)(t=(e=s[r]).getAttribute(\"data-secret\"))||(t=Math.random().toString(36).substring(2,12),e.src+=\"#?secret=\"+t,e.setAttribute(\"data-secret\",t)),e.contentWindow.postMessage({message:\"ready\",secret:t},\"*\")},!1)))}(window,document);\n\/* ]]> *\/\n<\/script>\n","description":"D\u00fcn D\u0131\u015fi\u015fleri bakan\u0131 Ahmet Davuto\u011flu, Suriye devlet ba\u015fkan\u0131 Be\u015f\u015far Esad ile\u00a0\u015eam&#8217;da\u00a0bir araya geldi. Ba\u015fbakan Recep Tayyip Erdo\u011fan Suriye\u2019deki \u015fiddetin bitmesi ile ilgili mesaj\u0131n Esad\u2019a ula\u015ft\u0131r\u0131lmas\u0131 i\u00e7in Davuto\u011flu\u2019nu Suriye\u2019ye g\u00f6ndermi\u015fti. D\u0131\u015f i\u015fleri Bakan\u0131 Davuto\u011flu, Suriye Ba\u015fbakan\u0131 Esad\u2019la toplam 6,5 saatlik g\u00f6r\u00fc\u015fme yapt\u0131. Toplam 6,5 saat s\u00fcren g\u00f6r\u00fc\u015fmenin 3,5 saati Esad ile birebir g\u00f6r\u00fc\u015fme sa\u011fland\u0131, di\u011fer 3 [&hellip;]","thumbnail_url":"http:\/\/epochtimestr.com\/wp-content\/uploads\/2011y\/Ahmet-Davuto%C4%9Flu.jpg"}