{"version":"1.0","provider_name":"The Epoch Times TR","provider_url":"https:\/\/epochtimestr.com","author_name":"S. \u00d6zcan","author_url":"https:\/\/epochtimestr.com\/index.php\/author\/n-kaya","title":"Davuto\u011flu'ndan Bedelli Askerlik A\u00e7\u0131klamas\u0131 - The Epoch Times TR","type":"rich","width":600,"height":338,"html":"<blockquote class=\"wp-embedded-content\" data-secret=\"ScMnIsIe1Y\"><a href=\"https:\/\/epochtimestr.com\/index.php\/davutoglundan-bedelli-askerlik-aciklamasi\">Davuto\u011flu&#8217;ndan Bedelli Askerlik A\u00e7\u0131klamas\u0131<\/a><\/blockquote><iframe sandbox=\"allow-scripts\" security=\"restricted\" src=\"https:\/\/epochtimestr.com\/index.php\/davutoglundan-bedelli-askerlik-aciklamasi\/embed#?secret=ScMnIsIe1Y\" width=\"600\" height=\"338\" title=\"&#8220;Davuto\u011flu&#8217;ndan Bedelli Askerlik A\u00e7\u0131klamas\u0131&#8221; &#8212; The Epoch Times TR\" data-secret=\"ScMnIsIe1Y\" frameborder=\"0\" marginwidth=\"0\" marginheight=\"0\" scrolling=\"no\" class=\"wp-embedded-content\"><\/iframe><script type=\"text\/javascript\">\n\/* <![CDATA[ *\/\n\/*! This file is auto-generated *\/\n!function(d,l){\"use strict\";l.querySelector&&d.addEventListener&&\"undefined\"!=typeof URL&&(d.wp=d.wp||{},d.wp.receiveEmbedMessage||(d.wp.receiveEmbedMessage=function(e){var t=e.data;if((t||t.secret||t.message||t.value)&&!\/[^a-zA-Z0-9]\/.test(t.secret)){for(var s,r,n,a=l.querySelectorAll('iframe[data-secret=\"'+t.secret+'\"]'),o=l.querySelectorAll('blockquote[data-secret=\"'+t.secret+'\"]'),c=new RegExp(\"^https?:$\",\"i\"),i=0;i<o.length;i++)o[i].style.display=\"none\";for(i=0;i<a.length;i++)s=a[i],e.source===s.contentWindow&&(s.removeAttribute(\"style\"),\"height\"===t.message?(1e3<(r=parseInt(t.value,10))?r=1e3:~~r<200&&(r=200),s.height=r):\"link\"===t.message&&(r=new URL(s.getAttribute(\"src\")),n=new URL(t.value),c.test(n.protocol))&&n.host===r.host&&l.activeElement===s&&(d.top.location.href=t.value))}},d.addEventListener(\"message\",d.wp.receiveEmbedMessage,!1),l.addEventListener(\"DOMContentLoaded\",function(){for(var e,t,s=l.querySelectorAll(\"iframe.wp-embedded-content\"),r=0;r<s.length;r++)(t=(e=s[r]).getAttribute(\"data-secret\"))||(t=Math.random().toString(36).substring(2,12),e.src+=\"#?secret=\"+t,e.setAttribute(\"data-secret\",t)),e.contentWindow.postMessage({message:\"ready\",secret:t},\"*\")},!1)))}(window,document);\n\/* ]]> *\/\n<\/script>\n","thumbnail_url":"https:\/\/epochtimestr.com\/wp-content\/uploads\/2011y\/davutoglu-bedelli-askerlik-ucretini-acikladi-626867-664x354.jpg","thumbnail_width":500,"thumbnail_height":266,"description":"Ba\u015fbakan Ahmet Davuto\u011flu 1 Ocak tarihinden itibaren 28 ya\u015f\u0131ndan g\u00fcn alm\u0131\u015f vatanda\u015flar\u0131n 18 bin lira kar\u015f\u0131l\u0131\u011f\u0131nda bedelli askerlik yapabileceklerini a\u00e7\u0131klad\u0131. Ba\u015fbakan Davuto\u011flu, partisinin grup toplant\u0131s\u0131nda bedelli askerlikle ilgili \u00f6nemli a\u00e7\u0131klamalarda bulundu. Bedellik askerlik m\u00fcjdesi veren Davuto\u011flu, \u015funlar\u0131 kaydetti: &#8220;S\u00f6zle\u015fmeli er ve erba\u015f konusunda ald\u0131\u011f\u0131m\u0131z karar\u0131n getirdi\u011fi kolayl\u0131kla bedelli askerlikle ilgili \u00f6nemli bir ad\u0131m atmaya karar [&hellip;]"}