{"version":"1.0","provider_name":"The Epoch Times TR","provider_url":"https:\/\/epochtimestr.com","author_name":"D.Alk\u0131n","author_url":"https:\/\/epochtimestr.com\/index.php\/author\/derya","title":"Depremin Umutlar\u0131 Teker Teker S\u00f6n\u00fcyor - The Epoch Times TR","type":"rich","width":600,"height":338,"html":"<blockquote class=\"wp-embedded-content\" data-secret=\"LgZ0PKTh9G\"><a href=\"https:\/\/epochtimestr.com\/index.php\/depremin-umutlari-teker-teker-sonuyor\">Depremin Umutlar\u0131 Teker Teker S\u00f6n\u00fcyor<\/a><\/blockquote><iframe sandbox=\"allow-scripts\" security=\"restricted\" src=\"https:\/\/epochtimestr.com\/index.php\/depremin-umutlari-teker-teker-sonuyor\/embed#?secret=LgZ0PKTh9G\" width=\"600\" height=\"338\" title=\"&#8220;Depremin Umutlar\u0131 Teker Teker S\u00f6n\u00fcyor&#8221; &#8212; The Epoch Times TR\" data-secret=\"LgZ0PKTh9G\" frameborder=\"0\" marginwidth=\"0\" marginheight=\"0\" scrolling=\"no\" class=\"wp-embedded-content\"><\/iframe><script type=\"text\/javascript\">\n\/* <![CDATA[ *\/\n\/*! This file is auto-generated *\/\n!function(d,l){\"use strict\";l.querySelector&&d.addEventListener&&\"undefined\"!=typeof URL&&(d.wp=d.wp||{},d.wp.receiveEmbedMessage||(d.wp.receiveEmbedMessage=function(e){var t=e.data;if((t||t.secret||t.message||t.value)&&!\/[^a-zA-Z0-9]\/.test(t.secret)){for(var s,r,n,a=l.querySelectorAll('iframe[data-secret=\"'+t.secret+'\"]'),o=l.querySelectorAll('blockquote[data-secret=\"'+t.secret+'\"]'),c=new RegExp(\"^https?:$\",\"i\"),i=0;i<o.length;i++)o[i].style.display=\"none\";for(i=0;i<a.length;i++)s=a[i],e.source===s.contentWindow&&(s.removeAttribute(\"style\"),\"height\"===t.message?(1e3<(r=parseInt(t.value,10))?r=1e3:~~r<200&&(r=200),s.height=r):\"link\"===t.message&&(r=new URL(s.getAttribute(\"src\")),n=new URL(t.value),c.test(n.protocol))&&n.host===r.host&&l.activeElement===s&&(d.top.location.href=t.value))}},d.addEventListener(\"message\",d.wp.receiveEmbedMessage,!1),l.addEventListener(\"DOMContentLoaded\",function(){for(var e,t,s=l.querySelectorAll(\"iframe.wp-embedded-content\"),r=0;r<s.length;r++)(t=(e=s[r]).getAttribute(\"data-secret\"))||(t=Math.random().toString(36).substring(2,12),e.src+=\"#?secret=\"+t,e.setAttribute(\"data-secret\",t)),e.contentWindow.postMessage({message:\"ready\",secret:t},\"*\")},!1)))}(window,document);\n\/* ]]> *\/\n<\/script>\n","description":"23 Ekim Pazar g\u00fcn\u00fc saat 13.41de meydana gelen 7.2\u2019lik Van deprem ba\u015fta Van kent merkezi ve Erci\u015f il\u00e7esinde bir \u00e7ok binay\u0131 yerle bir etti. \u00a0Ak\u015fam saatlerine kadar devam eden arama kurtarma \u00e7al\u0131\u015fmalar\u0131nda mucize kurtulu\u015flarla sevinsek de \u00f6l\u00fc say\u0131s\u0131 artmaya devam ediyor. Ba\u015fbakanl\u0131k Afet ve Acil Durum Y\u00f6netimi Ba\u015fkanl\u0131\u011f\u0131 (AFAD) ak\u015fam itibar\u0131yla \u00f6l\u00fc say\u0131s\u0131n\u0131n 459, yaral\u0131 [&hellip;]","thumbnail_url":"http:\/\/www.epochtimestr.com\/wp-content\/uploads\/2011y\/1301342661-300x224.jpg"}