{"version":"1.0","provider_name":"The Epoch Times TR","provider_url":"https:\/\/epochtimestr.com","author_name":"Emel AKAN","author_url":"https:\/\/epochtimestr.com\/index.php\/author\/emel","title":"Devlet Zoruyla Evlerini Kaybeden Ma\u011fdurlar Hayk\u0131r\u0131yor: \u201cEv \u0130stiyoruz\u201d - The Epoch Times TR","type":"rich","width":600,"height":338,"html":"<blockquote class=\"wp-embedded-content\" data-secret=\"qd1rILwxVU\"><a href=\"https:\/\/epochtimestr.com\/index.php\/devlet-zoruyla-evlerini-kaybeden-magdurlar-haykiriyor\">Devlet Zoruyla Evlerini Kaybeden Ma\u011fdurlar Hayk\u0131r\u0131yor: \u201cEv \u0130stiyoruz\u201d<\/a><\/blockquote><iframe sandbox=\"allow-scripts\" security=\"restricted\" src=\"https:\/\/epochtimestr.com\/index.php\/devlet-zoruyla-evlerini-kaybeden-magdurlar-haykiriyor\/embed#?secret=qd1rILwxVU\" width=\"600\" height=\"338\" title=\"&#8220;Devlet Zoruyla Evlerini Kaybeden Ma\u011fdurlar Hayk\u0131r\u0131yor: \u201cEv \u0130stiyoruz\u201d&#8221; &#8212; The Epoch Times TR\" data-secret=\"qd1rILwxVU\" frameborder=\"0\" marginwidth=\"0\" marginheight=\"0\" scrolling=\"no\" class=\"wp-embedded-content\"><\/iframe><script type=\"text\/javascript\">\n\/* <![CDATA[ *\/\n\/*! This file is auto-generated *\/\n!function(d,l){\"use strict\";l.querySelector&&d.addEventListener&&\"undefined\"!=typeof URL&&(d.wp=d.wp||{},d.wp.receiveEmbedMessage||(d.wp.receiveEmbedMessage=function(e){var t=e.data;if((t||t.secret||t.message||t.value)&&!\/[^a-zA-Z0-9]\/.test(t.secret)){for(var s,r,n,a=l.querySelectorAll('iframe[data-secret=\"'+t.secret+'\"]'),o=l.querySelectorAll('blockquote[data-secret=\"'+t.secret+'\"]'),c=new RegExp(\"^https?:$\",\"i\"),i=0;i<o.length;i++)o[i].style.display=\"none\";for(i=0;i<a.length;i++)s=a[i],e.source===s.contentWindow&&(s.removeAttribute(\"style\"),\"height\"===t.message?(1e3<(r=parseInt(t.value,10))?r=1e3:~~r<200&&(r=200),s.height=r):\"link\"===t.message&&(r=new URL(s.getAttribute(\"src\")),n=new URL(t.value),c.test(n.protocol))&&n.host===r.host&&l.activeElement===s&&(d.top.location.href=t.value))}},d.addEventListener(\"message\",d.wp.receiveEmbedMessage,!1),l.addEventListener(\"DOMContentLoaded\",function(){for(var e,t,s=l.querySelectorAll(\"iframe.wp-embedded-content\"),r=0;r<s.length;r++)(t=(e=s[r]).getAttribute(\"data-secret\"))||(t=Math.random().toString(36).substring(2,12),e.src+=\"#?secret=\"+t,e.setAttribute(\"data-secret\",t)),e.contentWindow.postMessage({message:\"ready\",secret:t},\"*\")},!1)))}(window,document);\n\/* ]]> *\/\n<\/script>\n","thumbnail_url":"https:\/\/epochtimestr.com\/wp-content\/uploads\/2011y\/i\u015fknece.jpg","thumbnail_width":209,"thumbnail_height":166,"description":"Pekin, \u015eanghay ve \u00c7in\u2019in di\u011fer b\u00f6lgelerinde evlerinden zorla tahliye edilen bir grup insan D\u00fcnya Habitat G\u00fcn\u00fc&#8217;nde bir araya gelerek ma\u011fduriyetlerini dile getirdi. H\u00fck\u00fcmet taraf\u0131ndan evleri y\u0131k\u0131lan ve evlerinden zorla tahliye edilen ma\u011fdurlar gecen hafta bir araya gelerek protesto y\u00fcr\u00fcy\u00fc\u015f\u00fc yapt\u0131 ve ya\u015fad\u0131klar\u0131 k\u00f6t\u00fc deneyimleri bas\u0131na a\u00e7\u0131klad\u0131. Pekin&#8217;in Tiananmen Meydan\u0131 gecen hafta, \u201c\u00c7in Milli G\u00fcn\u00fc\u201d kutlamalar\u0131 [&hellip;]"}