{"version":"1.0","provider_name":"The Epoch Times TR","provider_url":"https:\/\/epochtimestr.com","author_name":"D.Alk\u0131n","author_url":"https:\/\/epochtimestr.com\/index.php\/author\/derya","title":"D\u0131\u015fi\u015fleri Bakan\u0131 Davuto\u011flu, Yar\u0131n K\u0131l\u0131\u00e7daro\u011flu \u0130le G\u00f6r\u00fc\u015fecek - The Epoch Times TR","type":"rich","width":600,"height":338,"html":"<blockquote class=\"wp-embedded-content\" data-secret=\"UxWnOeWPgs\"><a href=\"https:\/\/epochtimestr.com\/index.php\/disisleri-bakani-davutoglu-yarin-kilictaroglu-ile-gorusecek\">D\u0131\u015fi\u015fleri Bakan\u0131 Davuto\u011flu, Yar\u0131n K\u0131l\u0131\u00e7daro\u011flu \u0130le G\u00f6r\u00fc\u015fecek<\/a><\/blockquote><iframe sandbox=\"allow-scripts\" security=\"restricted\" src=\"https:\/\/epochtimestr.com\/index.php\/disisleri-bakani-davutoglu-yarin-kilictaroglu-ile-gorusecek\/embed#?secret=UxWnOeWPgs\" width=\"600\" height=\"338\" title=\"&#8220;D\u0131\u015fi\u015fleri Bakan\u0131 Davuto\u011flu, Yar\u0131n K\u0131l\u0131\u00e7daro\u011flu \u0130le G\u00f6r\u00fc\u015fecek&#8221; &#8212; The Epoch Times TR\" data-secret=\"UxWnOeWPgs\" frameborder=\"0\" marginwidth=\"0\" marginheight=\"0\" scrolling=\"no\" class=\"wp-embedded-content\"><\/iframe><script type=\"text\/javascript\">\n\/* <![CDATA[ *\/\n\/*! This file is auto-generated *\/\n!function(d,l){\"use strict\";l.querySelector&&d.addEventListener&&\"undefined\"!=typeof URL&&(d.wp=d.wp||{},d.wp.receiveEmbedMessage||(d.wp.receiveEmbedMessage=function(e){var t=e.data;if((t||t.secret||t.message||t.value)&&!\/[^a-zA-Z0-9]\/.test(t.secret)){for(var s,r,n,a=l.querySelectorAll('iframe[data-secret=\"'+t.secret+'\"]'),o=l.querySelectorAll('blockquote[data-secret=\"'+t.secret+'\"]'),c=new RegExp(\"^https?:$\",\"i\"),i=0;i<o.length;i++)o[i].style.display=\"none\";for(i=0;i<a.length;i++)s=a[i],e.source===s.contentWindow&&(s.removeAttribute(\"style\"),\"height\"===t.message?(1e3<(r=parseInt(t.value,10))?r=1e3:~~r<200&&(r=200),s.height=r):\"link\"===t.message&&(r=new URL(s.getAttribute(\"src\")),n=new URL(t.value),c.test(n.protocol))&&n.host===r.host&&l.activeElement===s&&(d.top.location.href=t.value))}},d.addEventListener(\"message\",d.wp.receiveEmbedMessage,!1),l.addEventListener(\"DOMContentLoaded\",function(){for(var e,t,s=l.querySelectorAll(\"iframe.wp-embedded-content\"),r=0;r<s.length;r++)(t=(e=s[r]).getAttribute(\"data-secret\"))||(t=Math.random().toString(36).substring(2,12),e.src+=\"#?secret=\"+t,e.setAttribute(\"data-secret\",t)),e.contentWindow.postMessage({message:\"ready\",secret:t},\"*\")},!1)))}(window,document);\n\/* ]]> *\/\n<\/script>\n","description":"D\u0131\u015fi\u015fleri bakan\u0131 Ahmet Davuto\u011flu, muhalefeti Libya konunda bilgilendirmek amac\u0131yla yar\u0131n sabah saat 11.00\u2019de CHP Genel Ba\u015fkan\u0131 Kemal K\u0131l\u0131\u00e7daro\u011flu ile g\u00f6r\u00fc\u015fecek. Davuto\u011flu MHP\u2019den de randevu talep etmi\u015f fakat \u2018Kamuoyunu bilgilendirsin\u2019 cevab\u0131yla talebi reddedilmi\u015fti. BDP de Davuto\u011flu\u2019nun randevu talebini olumlu kar\u015f\u0131lamad\u0131.","thumbnail_url":"http:\/\/www.epochtimestr.com\/wp-content\/uploads\/2011y\/Ahmet_Davutoglu_cropped-200x300.jpg"}