{"version":"1.0","provider_name":"The Epoch Times TR","provider_url":"https:\/\/epochtimestr.com","author_name":"Nesrin Se\u00e7er","author_url":"https:\/\/epochtimestr.com\/index.php\/author\/nesrin","title":"Diyarbak\u0131r'da Patriot F\u00fczeleri \u0130\u00e7in Haz\u0131rl\u0131k Ba\u015flad\u0131 - The Epoch Times TR","type":"rich","width":600,"height":338,"html":"<blockquote class=\"wp-embedded-content\" data-secret=\"LimCAUxLEt\"><a href=\"https:\/\/epochtimestr.com\/index.php\/diyarbakirda-patriot-fuzeleri-icin-hazirlik-basladi\">Diyarbak\u0131r&#8217;da Patriot F\u00fczeleri \u0130\u00e7in Haz\u0131rl\u0131k Ba\u015flad\u0131<\/a><\/blockquote><iframe sandbox=\"allow-scripts\" security=\"restricted\" src=\"https:\/\/epochtimestr.com\/index.php\/diyarbakirda-patriot-fuzeleri-icin-hazirlik-basladi\/embed#?secret=LimCAUxLEt\" width=\"600\" height=\"338\" title=\"&#8220;Diyarbak\u0131r&#8217;da Patriot F\u00fczeleri \u0130\u00e7in Haz\u0131rl\u0131k Ba\u015flad\u0131&#8221; &#8212; The Epoch Times TR\" data-secret=\"LimCAUxLEt\" frameborder=\"0\" marginwidth=\"0\" marginheight=\"0\" scrolling=\"no\" class=\"wp-embedded-content\"><\/iframe><script type=\"text\/javascript\">\n\/* <![CDATA[ *\/\n\/*! This file is auto-generated *\/\n!function(d,l){\"use strict\";l.querySelector&&d.addEventListener&&\"undefined\"!=typeof URL&&(d.wp=d.wp||{},d.wp.receiveEmbedMessage||(d.wp.receiveEmbedMessage=function(e){var t=e.data;if((t||t.secret||t.message||t.value)&&!\/[^a-zA-Z0-9]\/.test(t.secret)){for(var s,r,n,a=l.querySelectorAll('iframe[data-secret=\"'+t.secret+'\"]'),o=l.querySelectorAll('blockquote[data-secret=\"'+t.secret+'\"]'),c=new RegExp(\"^https?:$\",\"i\"),i=0;i<o.length;i++)o[i].style.display=\"none\";for(i=0;i<a.length;i++)s=a[i],e.source===s.contentWindow&&(s.removeAttribute(\"style\"),\"height\"===t.message?(1e3<(r=parseInt(t.value,10))?r=1e3:~~r<200&&(r=200),s.height=r):\"link\"===t.message&&(r=new URL(s.getAttribute(\"src\")),n=new URL(t.value),c.test(n.protocol))&&n.host===r.host&&l.activeElement===s&&(d.top.location.href=t.value))}},d.addEventListener(\"message\",d.wp.receiveEmbedMessage,!1),l.addEventListener(\"DOMContentLoaded\",function(){for(var e,t,s=l.querySelectorAll(\"iframe.wp-embedded-content\"),r=0;r<s.length;r++)(t=(e=s[r]).getAttribute(\"data-secret\"))||(t=Math.random().toString(36).substring(2,12),e.src+=\"#?secret=\"+t,e.setAttribute(\"data-secret\",t)),e.contentWindow.postMessage({message:\"ready\",secret:t},\"*\")},!1)))}(window,document);\n\/* ]]> *\/\n<\/script>\n","thumbnail_url":"https:\/\/epochtimestr.com\/wp-content\/uploads\/2011y\/20121122AW000267_011.jpg","thumbnail_width":498,"thumbnail_height":420,"description":"T\u00fcrkiye\u2019nin, Suriye s\u0131n\u0131r\u0131nda konu\u015fland\u0131r\u0131lmak \u00fczere NATO\u2019dan talep etti\u011fi patriot f\u00fczelerinin konu\u015fland\u0131r\u0131laca\u011f\u0131n\u0131n tahmin edildi\u011fi Diyarbak\u0131r 2. Hava Kuvvet Komutanl\u0131\u011f\u0131 8. Ana Jet \u00dcss\u00fc\u2019nde i\u015f makineleri \u00e7al\u0131\u015fmalara ba\u015flad\u0131.\u00a0 D\u0131\u015fi\u015fleri Bakanl\u0131\u011f\u0131 yapt\u0131\u011f\u0131 a\u00e7\u0131klama ile Suriye s\u0131n\u0131r\u0131na konu\u015fland\u0131rmak \u00fczere NATO\u2019dan patriot f\u00fczeleri talep etti\u011fini belirtmi\u015fti. D\u0131\u015fi\u015fleri Bakanl\u0131\u011f\u0131\u2019n\u0131n a\u00e7\u0131klamas\u0131n\u0131n ard\u0131ndan Suriye s\u0131n\u0131r\u0131na yak\u0131n olan hava \u00fcslerinde patriotlar i\u00e7in haz\u0131rl\u0131klar ba\u015flad\u0131. [&hellip;]"}