{"version":"1.0","provider_name":"The Epoch Times TR","provider_url":"https:\/\/epochtimestr.com","author_name":"Nesrin Se\u00e7er","author_url":"https:\/\/epochtimestr.com\/index.php\/author\/nesrin","title":"Do\u011fu \u00c7ankaya'n\u0131n \"Bu \u015eeyler 2011\" Sergisi - The Epoch Times TR","type":"rich","width":600,"height":338,"html":"<blockquote class=\"wp-embedded-content\" data-secret=\"LqTwxkurbz\"><a href=\"https:\/\/epochtimestr.com\/index.php\/dogu-cankayanin-bu-seyler-2011-sergisi\">Do\u011fu \u00c7ankaya&#8217;n\u0131n &#8220;Bu \u015eeyler 2011&#8221; Sergisi<\/a><\/blockquote><iframe sandbox=\"allow-scripts\" security=\"restricted\" src=\"https:\/\/epochtimestr.com\/index.php\/dogu-cankayanin-bu-seyler-2011-sergisi\/embed#?secret=LqTwxkurbz\" width=\"600\" height=\"338\" title=\"&#8220;Do\u011fu \u00c7ankaya&#8217;n\u0131n &#8220;Bu \u015eeyler 2011&#8221; Sergisi&#8221; &#8212; The Epoch Times TR\" data-secret=\"LqTwxkurbz\" frameborder=\"0\" marginwidth=\"0\" marginheight=\"0\" scrolling=\"no\" class=\"wp-embedded-content\"><\/iframe><script type=\"text\/javascript\">\n\/* <![CDATA[ *\/\n\/*! This file is auto-generated *\/\n!function(d,l){\"use strict\";l.querySelector&&d.addEventListener&&\"undefined\"!=typeof URL&&(d.wp=d.wp||{},d.wp.receiveEmbedMessage||(d.wp.receiveEmbedMessage=function(e){var t=e.data;if((t||t.secret||t.message||t.value)&&!\/[^a-zA-Z0-9]\/.test(t.secret)){for(var s,r,n,a=l.querySelectorAll('iframe[data-secret=\"'+t.secret+'\"]'),o=l.querySelectorAll('blockquote[data-secret=\"'+t.secret+'\"]'),c=new RegExp(\"^https?:$\",\"i\"),i=0;i<o.length;i++)o[i].style.display=\"none\";for(i=0;i<a.length;i++)s=a[i],e.source===s.contentWindow&&(s.removeAttribute(\"style\"),\"height\"===t.message?(1e3<(r=parseInt(t.value,10))?r=1e3:~~r<200&&(r=200),s.height=r):\"link\"===t.message&&(r=new URL(s.getAttribute(\"src\")),n=new URL(t.value),c.test(n.protocol))&&n.host===r.host&&l.activeElement===s&&(d.top.location.href=t.value))}},d.addEventListener(\"message\",d.wp.receiveEmbedMessage,!1),l.addEventListener(\"DOMContentLoaded\",function(){for(var e,t,s=l.querySelectorAll(\"iframe.wp-embedded-content\"),r=0;r<s.length;r++)(t=(e=s[r]).getAttribute(\"data-secret\"))||(t=Math.random().toString(36).substring(2,12),e.src+=\"#?secret=\"+t,e.setAttribute(\"data-secret\",t)),e.contentWindow.postMessage({message:\"ready\",secret:t},\"*\")},!1)))}(window,document);\n\/* ]]> *\/\n<\/script>\n","description":"Do\u011fu \u00c7ankaya\u2019n\u0131n son d\u00f6nemde \u00fcretti\u011fi heykelleri, \u0131\u015f\u0131kl\u0131 duvar yerle\u015ftirmeleri, ah\u015fap str\u00fckt\u00fcrleri ve \u00fc\u00e7 boyutlu resimlerinden olu\u015fan yeni sergisi BU \u015eEYLER.2011, Beyo\u011flu Kumbara\u2019da 23 Nisan 2011 tarihine kadar gezilebilir. \u00c7ankaya\u2019n\u0131n \u00e7izmeden \u00fcretti\u011fi ve \u00e7er\u00e7eveletmeden sergiledi\u011fi i\u015fleri ilk kez izleyici kar\u015f\u0131s\u0131na \u00e7\u0131k\u0131yor. Genellikle heykellerinde kullanmay\u0131 tercih etti\u011fi do\u011fal malzemeler bu kez sergideki b\u00fct\u00fcn yap\u0131tlara s\u0131\u00e7r\u0131yor. Tahta, karton, [&hellip;]","thumbnail_url":"http:\/\/epochtimestr.com\/wp-content\/uploads\/2011y\/do%C4%9Fu-%C3%A7ankaya.jpg"}