{"version":"1.0","provider_name":"The Epoch Times TR","provider_url":"https:\/\/epochtimestr.com","author_name":"G.Hakan Ko\u00e7man","author_url":"https:\/\/epochtimestr.com\/index.php\/author\/hakan","title":"Do\u011fu\u015ftan Engelli Ayberk'in Mersin'deki Dram\u0131  - The Epoch Times TR","type":"rich","width":600,"height":338,"html":"<blockquote class=\"wp-embedded-content\" data-secret=\"jEagZF7oEY\"><a href=\"https:\/\/epochtimestr.com\/index.php\/dogustan-engelli-ayberkin-mersindeki-drami\">Do\u011fu\u015ftan Engelli Ayberk&#8217;in Mersin&#8217;deki Dram\u0131<\/a><\/blockquote><iframe sandbox=\"allow-scripts\" security=\"restricted\" src=\"https:\/\/epochtimestr.com\/index.php\/dogustan-engelli-ayberkin-mersindeki-drami\/embed#?secret=jEagZF7oEY\" width=\"600\" height=\"338\" title=\"&#8220;Do\u011fu\u015ftan Engelli Ayberk&#8217;in Mersin&#8217;deki Dram\u0131&#8221; &#8212; The Epoch Times TR\" data-secret=\"jEagZF7oEY\" frameborder=\"0\" marginwidth=\"0\" marginheight=\"0\" scrolling=\"no\" class=\"wp-embedded-content\"><\/iframe><script type=\"text\/javascript\">\n\/* <![CDATA[ *\/\n\/*! This file is auto-generated *\/\n!function(d,l){\"use strict\";l.querySelector&&d.addEventListener&&\"undefined\"!=typeof URL&&(d.wp=d.wp||{},d.wp.receiveEmbedMessage||(d.wp.receiveEmbedMessage=function(e){var t=e.data;if((t||t.secret||t.message||t.value)&&!\/[^a-zA-Z0-9]\/.test(t.secret)){for(var s,r,n,a=l.querySelectorAll('iframe[data-secret=\"'+t.secret+'\"]'),o=l.querySelectorAll('blockquote[data-secret=\"'+t.secret+'\"]'),c=new RegExp(\"^https?:$\",\"i\"),i=0;i<o.length;i++)o[i].style.display=\"none\";for(i=0;i<a.length;i++)s=a[i],e.source===s.contentWindow&&(s.removeAttribute(\"style\"),\"height\"===t.message?(1e3<(r=parseInt(t.value,10))?r=1e3:~~r<200&&(r=200),s.height=r):\"link\"===t.message&&(r=new URL(s.getAttribute(\"src\")),n=new URL(t.value),c.test(n.protocol))&&n.host===r.host&&l.activeElement===s&&(d.top.location.href=t.value))}},d.addEventListener(\"message\",d.wp.receiveEmbedMessage,!1),l.addEventListener(\"DOMContentLoaded\",function(){for(var e,t,s=l.querySelectorAll(\"iframe.wp-embedded-content\"),r=0;r<s.length;r++)(t=(e=s[r]).getAttribute(\"data-secret\"))||(t=Math.random().toString(36).substring(2,12),e.src+=\"#?secret=\"+t,e.setAttribute(\"data-secret\",t)),e.contentWindow.postMessage({message:\"ready\",secret:t},\"*\")},!1)))}(window,document);\n\/* ]]> *\/\n<\/script>\n","thumbnail_url":"https:\/\/epochtimestr.com\/wp-content\/uploads\/2011y\/IMG_9442.jpg","thumbnail_width":1024,"thumbnail_height":683,"description":"Her \u015fey Ayberk\u2019in 2006 y\u0131l\u0131nda 5,5 ayl\u0131k erken do\u011fumu ile ba\u015flar. \u00a01 haftal\u0131kken\u00a0 k\u00fcvezde verilen a\u015f\u0131r\u0131 oksijen y\u00fcz\u00fcnden beyin kanamas\u0131 ge\u00e7irir. \u00a01 ya\u015f\u0131nda beynindeki kistler i\u00e7in yap\u0131lan ameliyat s\u0131ras\u0131nda verilen narkoz y\u00fcz\u00fcnden ise tekrar beyin kanamas\u0131 ge\u00e7irir. Do\u011fumundan hemen sonraki tedaviler ve beyin ameliyatlar\u0131ndan sonra Ayberk\u2019in doktoru ailesine onun sereberal palsi hastas\u0131 oldu\u011funu ve engelli [&hellip;]"}