{"version":"1.0","provider_name":"The Epoch Times TR","provider_url":"https:\/\/epochtimestr.com","author_name":"Haber Merkezi","author_url":"https:\/\/epochtimestr.com\/index.php\/author\/sendag","title":"DS\u00d6 Avrupa B\u00f6lgesi G\u00f6\u00e7menleri \u0130\u00e7in T\u00fcrkiye\u2019de Toplan\u0131yor - The Epoch Times TR","type":"rich","width":600,"height":338,"html":"<blockquote class=\"wp-embedded-content\" data-secret=\"QenHlpSBZv\"><a href=\"https:\/\/epochtimestr.com\/index.php\/dso-avrupa-bolgesi-gocmenleri-icin-turkiyede-toplaniyor\">DS\u00d6 Avrupa B\u00f6lgesi G\u00f6\u00e7menleri \u0130\u00e7in T\u00fcrkiye\u2019de Toplan\u0131yor<\/a><\/blockquote><iframe sandbox=\"allow-scripts\" security=\"restricted\" src=\"https:\/\/epochtimestr.com\/index.php\/dso-avrupa-bolgesi-gocmenleri-icin-turkiyede-toplaniyor\/embed#?secret=QenHlpSBZv\" width=\"600\" height=\"338\" title=\"&#8220;DS\u00d6 Avrupa B\u00f6lgesi G\u00f6\u00e7menleri \u0130\u00e7in T\u00fcrkiye\u2019de Toplan\u0131yor&#8221; &#8212; The Epoch Times TR\" data-secret=\"QenHlpSBZv\" frameborder=\"0\" marginwidth=\"0\" marginheight=\"0\" scrolling=\"no\" class=\"wp-embedded-content\"><\/iframe><script type=\"text\/javascript\">\n\/* <![CDATA[ *\/\n\/*! This file is auto-generated *\/\n!function(d,l){\"use strict\";l.querySelector&&d.addEventListener&&\"undefined\"!=typeof URL&&(d.wp=d.wp||{},d.wp.receiveEmbedMessage||(d.wp.receiveEmbedMessage=function(e){var t=e.data;if((t||t.secret||t.message||t.value)&&!\/[^a-zA-Z0-9]\/.test(t.secret)){for(var s,r,n,a=l.querySelectorAll('iframe[data-secret=\"'+t.secret+'\"]'),o=l.querySelectorAll('blockquote[data-secret=\"'+t.secret+'\"]'),c=new RegExp(\"^https?:$\",\"i\"),i=0;i<o.length;i++)o[i].style.display=\"none\";for(i=0;i<a.length;i++)s=a[i],e.source===s.contentWindow&&(s.removeAttribute(\"style\"),\"height\"===t.message?(1e3<(r=parseInt(t.value,10))?r=1e3:~~r<200&&(r=200),s.height=r):\"link\"===t.message&&(r=new URL(s.getAttribute(\"src\")),n=new URL(t.value),c.test(n.protocol))&&n.host===r.host&&l.activeElement===s&&(d.top.location.href=t.value))}},d.addEventListener(\"message\",d.wp.receiveEmbedMessage,!1),l.addEventListener(\"DOMContentLoaded\",function(){for(var e,t,s=l.querySelectorAll(\"iframe.wp-embedded-content\"),r=0;r<s.length;r++)(t=(e=s[r]).getAttribute(\"data-secret\"))||(t=Math.random().toString(36).substring(2,12),e.src+=\"#?secret=\"+t,e.setAttribute(\"data-secret\",t)),e.contentWindow.postMessage({message:\"ready\",secret:t},\"*\")},!1)))}(window,document);\n\/* ]]> *\/\n<\/script>\n","thumbnail_url":"https:\/\/epochtimestr.com\/wp-content\/uploads\/2011y\/1024px-Flag_of_WHO.svg-D\u00fcnya-Sa\u011fl\u0131k-\u00d6rg\u00fct\u00fc.png","thumbnail_width":1024,"thumbnail_height":683,"description":"D\u00fcnya\u00a0Sa\u011fl\u0131k \u00d6rg\u00fct\u00fc (DS\u00d6) ve T\u00fcrkiye Cumhuriyeti Sa\u011fl\u0131k Bakanl\u0131\u011f\u0131 i\u015f birli\u011fi ile Avrupa B\u00f6lgesi\u00a0G\u00f6\u00e7\u00a0ve Sa\u011fl\u0131k Y\u00fcksek D\u00fczeyli Toplant\u0131s\u0131 \u0130stanbul\u2019da ger\u00e7ekle\u015ftiriliyor. 17-18 Mart 2022 tarihlerinde \u0130stanbul\u2019da d\u00fczenlenecek toplant\u0131ya\u00a0DS\u00d6\u00a0Avrupa B\u00f6lge Direkt\u00f6r\u00fc Dr. Hans Kluge, Avrupa Birli\u011fi Komisyon Ba\u015fkan Yard\u0131mc\u0131s\u0131 Margar\u00edtis Schin\u00e1s ve Sa\u011fl\u0131k Bakan\u0131 Dr. Fahrettin Koca\u2019n\u0131n yan\u0131 s\u0131ra bir\u00e7ok \u00fclkeden sa\u011fl\u0131k bakan\u0131 ve bakan yard\u0131mc\u0131s\u0131 d\u00fczeyinde kat\u0131l\u0131m [&hellip;]"}