{"version":"1.0","provider_name":"The Epoch Times TR","provider_url":"https:\/\/epochtimestr.com","author_name":"Emel AKAN","author_url":"https:\/\/epochtimestr.com\/index.php\/author\/emel","title":"Can D\u00fcndar Adliyede \u0130fade Verdi - The Epoch Times TR","type":"rich","width":600,"height":338,"html":"<blockquote class=\"wp-embedded-content\" data-secret=\"FcveJxfow6\"><a href=\"https:\/\/epochtimestr.com\/index.php\/dundar-adliyede-ifade-verdi\">Can D\u00fcndar Adliyede \u0130fade Verdi<\/a><\/blockquote><iframe sandbox=\"allow-scripts\" security=\"restricted\" src=\"https:\/\/epochtimestr.com\/index.php\/dundar-adliyede-ifade-verdi\/embed#?secret=FcveJxfow6\" width=\"600\" height=\"338\" title=\"&#8220;Can D\u00fcndar Adliyede \u0130fade Verdi&#8221; &#8212; The Epoch Times TR\" data-secret=\"FcveJxfow6\" frameborder=\"0\" marginwidth=\"0\" marginheight=\"0\" scrolling=\"no\" class=\"wp-embedded-content\"><\/iframe><script type=\"text\/javascript\">\n\/* <![CDATA[ *\/\n\/*! This file is auto-generated *\/\n!function(d,l){\"use strict\";l.querySelector&&d.addEventListener&&\"undefined\"!=typeof URL&&(d.wp=d.wp||{},d.wp.receiveEmbedMessage||(d.wp.receiveEmbedMessage=function(e){var t=e.data;if((t||t.secret||t.message||t.value)&&!\/[^a-zA-Z0-9]\/.test(t.secret)){for(var s,r,n,a=l.querySelectorAll('iframe[data-secret=\"'+t.secret+'\"]'),o=l.querySelectorAll('blockquote[data-secret=\"'+t.secret+'\"]'),c=new RegExp(\"^https?:$\",\"i\"),i=0;i<o.length;i++)o[i].style.display=\"none\";for(i=0;i<a.length;i++)s=a[i],e.source===s.contentWindow&&(s.removeAttribute(\"style\"),\"height\"===t.message?(1e3<(r=parseInt(t.value,10))?r=1e3:~~r<200&&(r=200),s.height=r):\"link\"===t.message&&(r=new URL(s.getAttribute(\"src\")),n=new URL(t.value),c.test(n.protocol))&&n.host===r.host&&l.activeElement===s&&(d.top.location.href=t.value))}},d.addEventListener(\"message\",d.wp.receiveEmbedMessage,!1),l.addEventListener(\"DOMContentLoaded\",function(){for(var e,t,s=l.querySelectorAll(\"iframe.wp-embedded-content\"),r=0;r<s.length;r++)(t=(e=s[r]).getAttribute(\"data-secret\"))||(t=Math.random().toString(36).substring(2,12),e.src+=\"#?secret=\"+t,e.setAttribute(\"data-secret\",t)),e.contentWindow.postMessage({message:\"ready\",secret:t},\"*\")},!1)))}(window,document);\n\/* ]]> *\/\n<\/script>\n","thumbnail_url":"https:\/\/epochtimestr.com\/wp-content\/uploads\/2011y\/can-dundar-adliyede-847044-234x134.jpg","thumbnail_width":500,"thumbnail_height":286,"description":"Cumhuriyet Gazetesi Genel Yay\u0131n Y\u00f6netmeni Can D\u00fcndar, hakk\u0131nda a\u00e7\u0131lan bir soru\u015fturma ve yarg\u0131land\u0131\u011f\u0131 iki davada ifade vermek \u00fczere \u0130stanbul Adalet Saray\u0131\u2019na geldi. Can D\u00fcndar, adliye giri\u015finde yapt\u0131\u011f\u0131 a\u00e7\u0131klamada yarg\u0131land\u0131\u011f\u0131 iki duru\u015fma ve hakk\u0131nda a\u00e7\u0131lan soru\u015fturmada ifade vermek \u00fczere adliyeye geldi\u011fini s\u00f6yledi. D\u00fcndar a\u00e7\u0131klamas\u0131nda, \u201cGazetecilik hayat\u0131nda mesle\u011fin f\u0131trat\u0131ndan say\u0131lan bir \u015fey olmaya ba\u015flad\u0131 yarg\u0131lanmak. Ben de [&hellip;]"}