{"version":"1.0","provider_name":"The Epoch Times TR","provider_url":"https:\/\/epochtimestr.com","author_name":"D.Alk\u0131n","author_url":"https:\/\/epochtimestr.com\/index.php\/author\/derya","title":"D\u00fcnya Ekonomik Forumu \u0130lk Kez T\u00fcrkiye'de Yap\u0131l\u0131yor - The Epoch Times TR","type":"rich","width":600,"height":338,"html":"<blockquote class=\"wp-embedded-content\" data-secret=\"qIhzRPIBcy\"><a href=\"https:\/\/epochtimestr.com\/index.php\/dunya-ekonomik-forumu-ilk-kez-turkiyede-yapiliyor\">D\u00fcnya Ekonomik Forumu \u0130lk Kez T\u00fcrkiye&#8217;de Yap\u0131l\u0131yor<\/a><\/blockquote><iframe sandbox=\"allow-scripts\" security=\"restricted\" src=\"https:\/\/epochtimestr.com\/index.php\/dunya-ekonomik-forumu-ilk-kez-turkiyede-yapiliyor\/embed#?secret=qIhzRPIBcy\" width=\"600\" height=\"338\" title=\"&#8220;D\u00fcnya Ekonomik Forumu \u0130lk Kez T\u00fcrkiye&#8217;de Yap\u0131l\u0131yor&#8221; &#8212; The Epoch Times TR\" data-secret=\"qIhzRPIBcy\" frameborder=\"0\" marginwidth=\"0\" marginheight=\"0\" scrolling=\"no\" class=\"wp-embedded-content\"><\/iframe><script type=\"text\/javascript\">\n\/* <![CDATA[ *\/\n\/*! This file is auto-generated *\/\n!function(d,l){\"use strict\";l.querySelector&&d.addEventListener&&\"undefined\"!=typeof URL&&(d.wp=d.wp||{},d.wp.receiveEmbedMessage||(d.wp.receiveEmbedMessage=function(e){var t=e.data;if((t||t.secret||t.message||t.value)&&!\/[^a-zA-Z0-9]\/.test(t.secret)){for(var s,r,n,a=l.querySelectorAll('iframe[data-secret=\"'+t.secret+'\"]'),o=l.querySelectorAll('blockquote[data-secret=\"'+t.secret+'\"]'),c=new RegExp(\"^https?:$\",\"i\"),i=0;i<o.length;i++)o[i].style.display=\"none\";for(i=0;i<a.length;i++)s=a[i],e.source===s.contentWindow&&(s.removeAttribute(\"style\"),\"height\"===t.message?(1e3<(r=parseInt(t.value,10))?r=1e3:~~r<200&&(r=200),s.height=r):\"link\"===t.message&&(r=new URL(s.getAttribute(\"src\")),n=new URL(t.value),c.test(n.protocol))&&n.host===r.host&&l.activeElement===s&&(d.top.location.href=t.value))}},d.addEventListener(\"message\",d.wp.receiveEmbedMessage,!1),l.addEventListener(\"DOMContentLoaded\",function(){for(var e,t,s=l.querySelectorAll(\"iframe.wp-embedded-content\"),r=0;r<s.length;r++)(t=(e=s[r]).getAttribute(\"data-secret\"))||(t=Math.random().toString(36).substring(2,12),e.src+=\"#?secret=\"+t,e.setAttribute(\"data-secret\",t)),e.contentWindow.postMessage({message:\"ready\",secret:t},\"*\")},!1)))}(window,document);\n\/* ]]> *\/\n<\/script>\n","description":"D\u00fcnya Ekonomik Forumu Toplant\u0131s\u0131\u2019na T\u00fcrkiye ilk kez ev sahipli\u011fi yap\u0131yor. \u0130stanbul\u2019da yap\u0131lan toplant\u0131ya Ba\u015fbakan Recep Tayyip Erdo\u011fan\u2019\u0131n yan\u0131s\u0131ra, Ba\u015fbakan Yard\u0131mc\u0131s\u0131 Ali Babacan, D\u0131\u015fi\u015fleri Bakan\u0131 Ahmet Davuto\u011flu, Ekonomi Bakan\u0131 Zafer \u00c7a\u011flayan, Maliye Bakan\u0131 Mehmet \u015eim\u015fek, Enerji ve Tabii Kaynaklar Bakan\u0131 Taner Y\u0131ld\u0131z ve AB Bakan\u0131 Egemen Ba\u011f\u0131\u015f kat\u0131l\u0131yor. \u0130stanbul Swissotel\u2019de\u00a0iki g\u00fcn s\u00fcrecek\u00a0 olan D\u00fcnya Ekonomik Forumu, [&hellip;]"}