{"version":"1.0","provider_name":"The Epoch Times TR","provider_url":"https:\/\/epochtimestr.com","author_name":"\u00c7.Akdeniz","author_url":"https:\/\/epochtimestr.com\/index.php\/author\/cigdem","title":"D\u00fcnya Uygur Kongresi Ba\u015fkan\u0131 Rabia Kadir \u0130sve\u00e7'e Geldi  - The Epoch Times TR","type":"rich","width":600,"height":338,"html":"<blockquote class=\"wp-embedded-content\" data-secret=\"kKdYkXOD7G\"><a href=\"https:\/\/epochtimestr.com\/index.php\/dunya-uygur-kongresi-baskani-rabia-kadir-isvece-geldi\">D\u00fcnya Uygur Kongresi Ba\u015fkan\u0131 Rabia Kadir \u0130sve\u00e7&#8217;e Geldi<\/a><\/blockquote><iframe sandbox=\"allow-scripts\" security=\"restricted\" src=\"https:\/\/epochtimestr.com\/index.php\/dunya-uygur-kongresi-baskani-rabia-kadir-isvece-geldi\/embed#?secret=kKdYkXOD7G\" width=\"600\" height=\"338\" title=\"&#8220;D\u00fcnya Uygur Kongresi Ba\u015fkan\u0131 Rabia Kadir \u0130sve\u00e7&#8217;e Geldi&#8221; &#8212; The Epoch Times TR\" data-secret=\"kKdYkXOD7G\" frameborder=\"0\" marginwidth=\"0\" marginheight=\"0\" scrolling=\"no\" class=\"wp-embedded-content\"><\/iframe><script type=\"text\/javascript\">\n\/* <![CDATA[ *\/\n\/*! This file is auto-generated *\/\n!function(d,l){\"use strict\";l.querySelector&&d.addEventListener&&\"undefined\"!=typeof URL&&(d.wp=d.wp||{},d.wp.receiveEmbedMessage||(d.wp.receiveEmbedMessage=function(e){var t=e.data;if((t||t.secret||t.message||t.value)&&!\/[^a-zA-Z0-9]\/.test(t.secret)){for(var s,r,n,a=l.querySelectorAll('iframe[data-secret=\"'+t.secret+'\"]'),o=l.querySelectorAll('blockquote[data-secret=\"'+t.secret+'\"]'),c=new RegExp(\"^https?:$\",\"i\"),i=0;i<o.length;i++)o[i].style.display=\"none\";for(i=0;i<a.length;i++)s=a[i],e.source===s.contentWindow&&(s.removeAttribute(\"style\"),\"height\"===t.message?(1e3<(r=parseInt(t.value,10))?r=1e3:~~r<200&&(r=200),s.height=r):\"link\"===t.message&&(r=new URL(s.getAttribute(\"src\")),n=new URL(t.value),c.test(n.protocol))&&n.host===r.host&&l.activeElement===s&&(d.top.location.href=t.value))}},d.addEventListener(\"message\",d.wp.receiveEmbedMessage,!1),l.addEventListener(\"DOMContentLoaded\",function(){for(var e,t,s=l.querySelectorAll(\"iframe.wp-embedded-content\"),r=0;r<s.length;r++)(t=(e=s[r]).getAttribute(\"data-secret\"))||(t=Math.random().toString(36).substring(2,12),e.src+=\"#?secret=\"+t,e.setAttribute(\"data-secret\",t)),e.contentWindow.postMessage({message:\"ready\",secret:t},\"*\")},!1)))}(window,document);\n\/* ]]> *\/\n<\/script>\n","description":"STOCKHOLM &#8211; D\u00fcnya Uygur Kongresi Ba\u015fkan\u0131 Rabia Kadir, yedi dile \u00e7evrilen, son olarak da \u0130sve\u00e7\u00e7eye \u00e7evrilen, &#8216;G\u00f6ky\u00fcz\u00fc Sava\u015f\u00e7\u0131s\u0131&#8217; adl\u0131 kitab\u0131n\u0131n tan\u0131t\u0131m\u0131 i\u00e7in \u0130sve\u00e7&#8217;in ba\u015fkenti Stockholm&#8217;e geldi. \u00c7in&#8217;i 2005 y\u0131l\u0131nda terk etti\u011finden beri ABD&#8217;nin ba\u015fkenti Washington&#8217;da s\u00fcrg\u00fcnde ya\u015fayan Rabia Kadir, Stockholm&#8217;de \u0130sve\u00e7 Uygur Maarip Derne\u011fi taraf\u0131ndan onuruna verilen yeme\u011fe kat\u0131ld\u0131. Yemekte \u0130sve\u00e7 Parlamentosu b\u00fcnyesinde kurulan \u0130sve\u00e7-Uygur [&hellip;]","thumbnail_url":"http:\/\/www.epochtimestr.com\/wp-content\/uploads\/2010\/agustos\/1520626_prrrrrrrrrrrr.jpg"}