{"version":"1.0","provider_name":"The Epoch Times TR","provider_url":"https:\/\/epochtimestr.com","author_name":"S. \u00d6zcan","author_url":"https:\/\/epochtimestr.com\/index.php\/author\/n-kaya","title":"D\u00fc\u015fen U\u00e7akta T\u00fcrklerde Olabilir - The Epoch Times TR","type":"rich","width":600,"height":338,"html":"<blockquote class=\"wp-embedded-content\" data-secret=\"dSEMo85CYQ\"><a href=\"https:\/\/epochtimestr.com\/index.php\/dusen-ucakta-turklerde-olabilir\">D\u00fc\u015fen U\u00e7akta T\u00fcrklerde Olabilir<\/a><\/blockquote><iframe sandbox=\"allow-scripts\" security=\"restricted\" src=\"https:\/\/epochtimestr.com\/index.php\/dusen-ucakta-turklerde-olabilir\/embed#?secret=dSEMo85CYQ\" width=\"600\" height=\"338\" title=\"&#8220;D\u00fc\u015fen U\u00e7akta T\u00fcrklerde Olabilir&#8221; &#8212; The Epoch Times TR\" data-secret=\"dSEMo85CYQ\" frameborder=\"0\" marginwidth=\"0\" marginheight=\"0\" scrolling=\"no\" class=\"wp-embedded-content\"><\/iframe><script type=\"text\/javascript\">\n\/* <![CDATA[ *\/\n\/*! This file is auto-generated *\/\n!function(d,l){\"use strict\";l.querySelector&&d.addEventListener&&\"undefined\"!=typeof URL&&(d.wp=d.wp||{},d.wp.receiveEmbedMessage||(d.wp.receiveEmbedMessage=function(e){var t=e.data;if((t||t.secret||t.message||t.value)&&!\/[^a-zA-Z0-9]\/.test(t.secret)){for(var s,r,n,a=l.querySelectorAll('iframe[data-secret=\"'+t.secret+'\"]'),o=l.querySelectorAll('blockquote[data-secret=\"'+t.secret+'\"]'),c=new RegExp(\"^https?:$\",\"i\"),i=0;i<o.length;i++)o[i].style.display=\"none\";for(i=0;i<a.length;i++)s=a[i],e.source===s.contentWindow&&(s.removeAttribute(\"style\"),\"height\"===t.message?(1e3<(r=parseInt(t.value,10))?r=1e3:~~r<200&&(r=200),s.height=r):\"link\"===t.message&&(r=new URL(s.getAttribute(\"src\")),n=new URL(t.value),c.test(n.protocol))&&n.host===r.host&&l.activeElement===s&&(d.top.location.href=t.value))}},d.addEventListener(\"message\",d.wp.receiveEmbedMessage,!1),l.addEventListener(\"DOMContentLoaded\",function(){for(var e,t,s=l.querySelectorAll(\"iframe.wp-embedded-content\"),r=0;r<s.length;r++)(t=(e=s[r]).getAttribute(\"data-secret\"))||(t=Math.random().toString(36).substring(2,12),e.src+=\"#?secret=\"+t,e.setAttribute(\"data-secret\",t)),e.contentWindow.postMessage({message:\"ready\",secret:t},\"*\")},!1)))}(window,document);\n\/* ]]> *\/\n<\/script>\n","thumbnail_url":"https:\/\/epochtimestr.com\/wp-content\/uploads\/2011y\/897029.jpg","thumbnail_width":500,"thumbnail_height":266,"description":"Fransa Cumhurba\u015fkan\u0131 Fran\u00e7ois Hollande, d\u00fc\u015fen yolcu u\u00e7a\u011f\u0131nda T\u00fcrk yolcular\u0131n da bulundu\u011funu s\u00f6yledi. Hollande, Elysee Saray\u0131\u2019nda \u0130spanya Kral\u0131 Felipe ile bir araya geldi. G\u00f6r\u00fc\u015fmenin ard\u0131ndan bas\u0131n mensuplar\u0131n\u0131n kar\u015f\u0131s\u0131na \u00e7\u0131kan Hollande, bu sabah saatlerinde \u00fclkenin g\u00fcneyinde ger\u00e7ekle\u015fen u\u00e7ak kazas\u0131na ili\u015fkin a\u00e7\u0131klamalarda bulundu. \u201cU\u00e7akta muhtemelen T\u00fcrk yolcular da vard\u0131\u201d a\u00e7\u0131klamas\u0131n\u0131 yapan Hollande, Barcelona-D\u00fcsseldorf u\u00e7u\u015funu yapan Germanwings Havayollar\u0131\u2019na ait [&hellip;]"}