{"version":"1.0","provider_name":"The Epoch Times TR","provider_url":"https:\/\/epochtimestr.com","author_name":"Ipek K\u00f6kl\u00fc","author_url":"https:\/\/epochtimestr.com\/index.php\/author\/ipek","title":"Ece Erken ve Davut G\u00fclo\u011flu Evleniyor - The Epoch Times TR","type":"rich","width":600,"height":338,"html":"<blockquote class=\"wp-embedded-content\" data-secret=\"N6kTlncZkr\"><a href=\"https:\/\/epochtimestr.com\/index.php\/ece-erken-ve-davut-guloglu-evleniyor\">Ece Erken ve Davut G\u00fclo\u011flu Evleniyor<\/a><\/blockquote><iframe sandbox=\"allow-scripts\" security=\"restricted\" src=\"https:\/\/epochtimestr.com\/index.php\/ece-erken-ve-davut-guloglu-evleniyor\/embed#?secret=N6kTlncZkr\" width=\"600\" height=\"338\" title=\"&#8220;Ece Erken ve Davut G\u00fclo\u011flu Evleniyor&#8221; &#8212; The Epoch Times TR\" data-secret=\"N6kTlncZkr\" frameborder=\"0\" marginwidth=\"0\" marginheight=\"0\" scrolling=\"no\" class=\"wp-embedded-content\"><\/iframe><script type=\"text\/javascript\">\n\/* <![CDATA[ *\/\n\/*! This file is auto-generated *\/\n!function(d,l){\"use strict\";l.querySelector&&d.addEventListener&&\"undefined\"!=typeof URL&&(d.wp=d.wp||{},d.wp.receiveEmbedMessage||(d.wp.receiveEmbedMessage=function(e){var t=e.data;if((t||t.secret||t.message||t.value)&&!\/[^a-zA-Z0-9]\/.test(t.secret)){for(var s,r,n,a=l.querySelectorAll('iframe[data-secret=\"'+t.secret+'\"]'),o=l.querySelectorAll('blockquote[data-secret=\"'+t.secret+'\"]'),c=new RegExp(\"^https?:$\",\"i\"),i=0;i<o.length;i++)o[i].style.display=\"none\";for(i=0;i<a.length;i++)s=a[i],e.source===s.contentWindow&&(s.removeAttribute(\"style\"),\"height\"===t.message?(1e3<(r=parseInt(t.value,10))?r=1e3:~~r<200&&(r=200),s.height=r):\"link\"===t.message&&(r=new URL(s.getAttribute(\"src\")),n=new URL(t.value),c.test(n.protocol))&&n.host===r.host&&l.activeElement===s&&(d.top.location.href=t.value))}},d.addEventListener(\"message\",d.wp.receiveEmbedMessage,!1),l.addEventListener(\"DOMContentLoaded\",function(){for(var e,t,s=l.querySelectorAll(\"iframe.wp-embedded-content\"),r=0;r<s.length;r++)(t=(e=s[r]).getAttribute(\"data-secret\"))||(t=Math.random().toString(36).substring(2,12),e.src+=\"#?secret=\"+t,e.setAttribute(\"data-secret\",t)),e.contentWindow.postMessage({message:\"ready\",secret:t},\"*\")},!1)))}(window,document);\n\/* ]]> *\/\n<\/script>\n","thumbnail_url":"https:\/\/epochtimestr.com\/wp-content\/uploads\/2011y\/hj.jpg","thumbnail_width":245,"thumbnail_height":195,"description":"Ba\u015flang\u0131\u00e7ta evlilik ve a\u015fk haberlerini yalanlayan Ece Erken ve Davut G\u00fclo\u011flu \u015fimdi evlilik haz\u0131rl\u0131klar\u0131 i\u00e7erisinde. Evlenme karar\u0131 alan \u00e7ift \u201cBaz\u0131 \u015feylere biz bile inanam\u0131yoruz, her \u015feyin en g\u00fczeli olur in\u015fallah\u201d dedi. Daha \u00f6nce ni\u015fanlanacaklar\u0131n\u0131 Twitterdan duyuran G\u00fclo\u011flu, \u201c\u00c7ok seviyorum ve yak\u0131nda ni\u015fanlan\u0131yorum\u201d yazm\u0131\u015ft\u0131. G\u00fclo\u011flu\u2019nun bu a\u00e7\u0131klamas\u0131n\u0131n ard\u0131ndan Ece Erken ise \u201cA\u015fk buymu\u015f, bana ya\u015fatt\u0131\u011f\u0131n a\u015fk [&hellip;]"}