{"version":"1.0","provider_name":"The Epoch Times TR","provider_url":"https:\/\/epochtimestr.com","author_name":"Emel AKAN","author_url":"https:\/\/epochtimestr.com\/index.php\/author\/emel","title":"Ege ve Marmara\u2019da Deprem; Halk Soka\u011fa D\u00f6k\u00fcld\u00fc - The Epoch Times TR","type":"rich","width":600,"height":338,"html":"<blockquote class=\"wp-embedded-content\" data-secret=\"oHW9GrYOgi\"><a href=\"https:\/\/epochtimestr.com\/index.php\/ege-ve-marmarada-deprem-halk-sokaga-dokuldu\">Ege ve Marmara\u2019da Deprem; Halk Soka\u011fa D\u00f6k\u00fcld\u00fc<\/a><\/blockquote><iframe sandbox=\"allow-scripts\" security=\"restricted\" src=\"https:\/\/epochtimestr.com\/index.php\/ege-ve-marmarada-deprem-halk-sokaga-dokuldu\/embed#?secret=oHW9GrYOgi\" width=\"600\" height=\"338\" title=\"&#8220;Ege ve Marmara\u2019da Deprem; Halk Soka\u011fa D\u00f6k\u00fcld\u00fc&#8221; &#8212; The Epoch Times TR\" data-secret=\"oHW9GrYOgi\" frameborder=\"0\" marginwidth=\"0\" marginheight=\"0\" scrolling=\"no\" class=\"wp-embedded-content\"><\/iframe><script type=\"text\/javascript\">\n\/* <![CDATA[ *\/\n\/*! This file is auto-generated *\/\n!function(d,l){\"use strict\";l.querySelector&&d.addEventListener&&\"undefined\"!=typeof URL&&(d.wp=d.wp||{},d.wp.receiveEmbedMessage||(d.wp.receiveEmbedMessage=function(e){var t=e.data;if((t||t.secret||t.message||t.value)&&!\/[^a-zA-Z0-9]\/.test(t.secret)){for(var s,r,n,a=l.querySelectorAll('iframe[data-secret=\"'+t.secret+'\"]'),o=l.querySelectorAll('blockquote[data-secret=\"'+t.secret+'\"]'),c=new RegExp(\"^https?:$\",\"i\"),i=0;i<o.length;i++)o[i].style.display=\"none\";for(i=0;i<a.length;i++)s=a[i],e.source===s.contentWindow&&(s.removeAttribute(\"style\"),\"height\"===t.message?(1e3<(r=parseInt(t.value,10))?r=1e3:~~r<200&&(r=200),s.height=r):\"link\"===t.message&&(r=new URL(s.getAttribute(\"src\")),n=new URL(t.value),c.test(n.protocol))&&n.host===r.host&&l.activeElement===s&&(d.top.location.href=t.value))}},d.addEventListener(\"message\",d.wp.receiveEmbedMessage,!1),l.addEventListener(\"DOMContentLoaded\",function(){for(var e,t,s=l.querySelectorAll(\"iframe.wp-embedded-content\"),r=0;r<s.length;r++)(t=(e=s[r]).getAttribute(\"data-secret\"))||(t=Math.random().toString(36).substring(2,12),e.src+=\"#?secret=\"+t,e.setAttribute(\"data-secret\",t)),e.contentWindow.postMessage({message:\"ready\",secret:t},\"*\")},!1)))}(window,document);\n\/* ]]> *\/\n<\/script>\n","thumbnail_url":"https:\/\/epochtimestr.com\/wp-content\/uploads\/2011y\/deprem-kandilli.png","thumbnail_width":448,"thumbnail_height":336,"description":"Bug\u00fcn, Ege denizinde 6.5 b\u00fcy\u00fckl\u00fc\u011f\u00fcnde bir deprem meydana geldi. Ba\u015fbakanl\u0131k Afet ve Acil Durum Y\u00f6netimi Ba\u015fkanl\u0131\u011f\u0131ndan (AFAD) al\u0131nan bilgiye g\u00f6re,\u00a0 saat 12.25\u2019de \u00c7anakkale A\u00e7\u0131klar\u0131-Ege Denizinde bir deprem meydana geldi. AFAD \u201cT\u00fcrkiye Deprem Veri Merkezi\u2019nden al\u0131nan verilere g\u00f6re depremin b\u00fcy\u00fckl\u00fc\u011f\u00fc 6.5 olarak hesaplanm\u0131\u015ft\u0131r. Depremin meydana geldi\u011fi b\u00f6lgeye en yak\u0131n yerle\u015fim yerleri \u00c7anakkale ili G\u00f6k\u00e7eada \u0130l\u00e7esi olarak [&hellip;]"}