{"version":"1.0","provider_name":"The Epoch Times TR","provider_url":"https:\/\/epochtimestr.com","author_name":"S. \u00d6zcan","author_url":"https:\/\/epochtimestr.com\/index.php\/author\/n-kaya","title":"Ekonomik G\u00fcven Endeksi Y\u00fczde 15,4 Azald\u0131 - The Epoch Times TR","type":"rich","width":600,"height":338,"html":"<blockquote class=\"wp-embedded-content\" data-secret=\"wnoV5NwYhL\"><a href=\"https:\/\/epochtimestr.com\/index.php\/ekonomik-guven-endeksi-yuzde-154-azaldi\">Ekonomik G\u00fcven Endeksi Y\u00fczde 15,4 Azald\u0131<\/a><\/blockquote><iframe sandbox=\"allow-scripts\" security=\"restricted\" src=\"https:\/\/epochtimestr.com\/index.php\/ekonomik-guven-endeksi-yuzde-154-azaldi\/embed#?secret=wnoV5NwYhL\" width=\"600\" height=\"338\" title=\"&#8220;Ekonomik G\u00fcven Endeksi Y\u00fczde 15,4 Azald\u0131&#8221; &#8212; The Epoch Times TR\" data-secret=\"wnoV5NwYhL\" frameborder=\"0\" marginwidth=\"0\" marginheight=\"0\" scrolling=\"no\" class=\"wp-embedded-content\"><\/iframe><script type=\"text\/javascript\">\n\/* <![CDATA[ *\/\n\/*! This file is auto-generated *\/\n!function(d,l){\"use strict\";l.querySelector&&d.addEventListener&&\"undefined\"!=typeof URL&&(d.wp=d.wp||{},d.wp.receiveEmbedMessage||(d.wp.receiveEmbedMessage=function(e){var t=e.data;if((t||t.secret||t.message||t.value)&&!\/[^a-zA-Z0-9]\/.test(t.secret)){for(var s,r,n,a=l.querySelectorAll('iframe[data-secret=\"'+t.secret+'\"]'),o=l.querySelectorAll('blockquote[data-secret=\"'+t.secret+'\"]'),c=new RegExp(\"^https?:$\",\"i\"),i=0;i<o.length;i++)o[i].style.display=\"none\";for(i=0;i<a.length;i++)s=a[i],e.source===s.contentWindow&&(s.removeAttribute(\"style\"),\"height\"===t.message?(1e3<(r=parseInt(t.value,10))?r=1e3:~~r<200&&(r=200),s.height=r):\"link\"===t.message&&(r=new URL(s.getAttribute(\"src\")),n=new URL(t.value),c.test(n.protocol))&&n.host===r.host&&l.activeElement===s&&(d.top.location.href=t.value))}},d.addEventListener(\"message\",d.wp.receiveEmbedMessage,!1),l.addEventListener(\"DOMContentLoaded\",function(){for(var e,t,s=l.querySelectorAll(\"iframe.wp-embedded-content\"),r=0;r<s.length;r++)(t=(e=s[r]).getAttribute(\"data-secret\"))||(t=Math.random().toString(36).substring(2,12),e.src+=\"#?secret=\"+t,e.setAttribute(\"data-secret\",t)),e.contentWindow.postMessage({message:\"ready\",secret:t},\"*\")},!1)))}(window,document);\n\/* ]]> *\/\n<\/script>\n","thumbnail_url":"https:\/\/epochtimestr.com\/wp-content\/uploads\/2011y\/ekonomik-guven-endeksi-azaldi-535057-664x354.jpg","thumbnail_width":500,"thumbnail_height":266,"description":"T\u00fcrkiye \u0130statistik Kurumu (T\u00dc\u0130K), 2015 Mart ay\u0131na ait \u2018Ekonomik G\u00fcven Endeksi\u2019ni a\u00e7\u0131klad\u0131. Ekonomik g\u00fcven endeksi Mart ay\u0131nda bir \u00f6nceki aya g\u00f6re y\u00fczde 15,4 oran\u0131nda azalarak 88,50 de\u011ferinden 74,85 de\u011ferine d\u00fc\u015ft\u00fc. Ekonomik g\u00fcven endeksindeki azalma; t\u00fcketici, reel kesim (imalat sanayi), hizmet, perakende ticaret ve in\u015faat sekt\u00f6r\u00fc g\u00fcven endekslerindeki d\u00fc\u015f\u00fc\u015flerden kaynakland\u0131. T\u00fcketici g\u00fcven endeksi, Mart ay\u0131nda y\u00fczde [&hellip;]"}