{"version":"1.0","provider_name":"The Epoch Times TR","provider_url":"https:\/\/epochtimestr.com","author_name":"Emel AKAN","author_url":"https:\/\/epochtimestr.com\/index.php\/author\/emel","title":"Emine \u00dclker Tarhan CHP\u2019den \u0130stifa Etti - The Epoch Times TR","type":"rich","width":600,"height":338,"html":"<blockquote class=\"wp-embedded-content\" data-secret=\"MR9kNIO4yw\"><a href=\"https:\/\/epochtimestr.com\/index.php\/emine-ulker-tarhan-chpden-istifa-etti\">Emine \u00dclker Tarhan CHP\u2019den \u0130stifa Etti<\/a><\/blockquote><iframe sandbox=\"allow-scripts\" security=\"restricted\" src=\"https:\/\/epochtimestr.com\/index.php\/emine-ulker-tarhan-chpden-istifa-etti\/embed#?secret=MR9kNIO4yw\" width=\"600\" height=\"338\" title=\"&#8220;Emine \u00dclker Tarhan CHP\u2019den \u0130stifa Etti&#8221; &#8212; The Epoch Times TR\" data-secret=\"MR9kNIO4yw\" frameborder=\"0\" marginwidth=\"0\" marginheight=\"0\" scrolling=\"no\" class=\"wp-embedded-content\"><\/iframe><script type=\"text\/javascript\">\n\/* <![CDATA[ *\/\n\/*! This file is auto-generated *\/\n!function(d,l){\"use strict\";l.querySelector&&d.addEventListener&&\"undefined\"!=typeof URL&&(d.wp=d.wp||{},d.wp.receiveEmbedMessage||(d.wp.receiveEmbedMessage=function(e){var t=e.data;if((t||t.secret||t.message||t.value)&&!\/[^a-zA-Z0-9]\/.test(t.secret)){for(var s,r,n,a=l.querySelectorAll('iframe[data-secret=\"'+t.secret+'\"]'),o=l.querySelectorAll('blockquote[data-secret=\"'+t.secret+'\"]'),c=new RegExp(\"^https?:$\",\"i\"),i=0;i<o.length;i++)o[i].style.display=\"none\";for(i=0;i<a.length;i++)s=a[i],e.source===s.contentWindow&&(s.removeAttribute(\"style\"),\"height\"===t.message?(1e3<(r=parseInt(t.value,10))?r=1e3:~~r<200&&(r=200),s.height=r):\"link\"===t.message&&(r=new URL(s.getAttribute(\"src\")),n=new URL(t.value),c.test(n.protocol))&&n.host===r.host&&l.activeElement===s&&(d.top.location.href=t.value))}},d.addEventListener(\"message\",d.wp.receiveEmbedMessage,!1),l.addEventListener(\"DOMContentLoaded\",function(){for(var e,t,s=l.querySelectorAll(\"iframe.wp-embedded-content\"),r=0;r<s.length;r++)(t=(e=s[r]).getAttribute(\"data-secret\"))||(t=Math.random().toString(36).substring(2,12),e.src+=\"#?secret=\"+t,e.setAttribute(\"data-secret\",t)),e.contentWindow.postMessage({message:\"ready\",secret:t},\"*\")},!1)))}(window,document);\n\/* ]]> *\/\n<\/script>\n","thumbnail_url":"https:\/\/epochtimestr.com\/wp-content\/uploads\/2011y\/emineulkertarhan.jpg","thumbnail_width":470,"thumbnail_height":300,"description":"CHP Ankara Milletvekili Emine \u00dclker Tarhan, partisinden istifa etti\u011fini duyurdu. Tarhan, CHP Lideri Kemal K\u0131l\u0131\u00e7daro\u011flu&#8217;nu da sert bir \u015fekilde ele\u015ftirdi. Yapt\u0131\u011f\u0131 a\u00e7\u0131klamada Tarhan \u201cT\u00fcrkiye\u2019nin i\u00e7 ve d\u0131\u015f tehditlerle kar\u015f\u0131 kar\u015f\u0131ya oldu\u011fu, i\u015f ve ter\u00f6r cinayetleri ile sars\u0131ld\u0131\u011f\u0131 bu \u00e7ok kritik d\u00f6nemde sorumsuz \u00e7a\u011fr\u0131lar, tutars\u0131z tezkere s\u00f6ylemleri, belirsiz politikalar ile halk\u0131m\u0131z\u0131n duyarl\u0131l\u0131klar\u0131ndan kopuk muhalefet anlay\u0131\u015f\u0131nda \u0131srar [&hellip;]"}