{"version":"1.0","provider_name":"The Epoch Times TR","provider_url":"https:\/\/epochtimestr.com","author_name":"G.Hakan Ko\u00e7man","author_url":"https:\/\/epochtimestr.com\/index.php\/author\/hakan","title":"'En Uzun G\u00fcn' Ziraat Mithatpa\u015fa Sanat Galerisi'nde - The Epoch Times TR","type":"rich","width":600,"height":338,"html":"<blockquote class=\"wp-embedded-content\" data-secret=\"u5BdMt4S7Q\"><a href=\"https:\/\/epochtimestr.com\/index.php\/en-uzun-gun-ziraat-mithatpasa-sanat-galerisinde\">&#8216;En Uzun G\u00fcn&#8217; Ziraat Mithatpa\u015fa Sanat Galerisi&#8217;nde<\/a><\/blockquote><iframe sandbox=\"allow-scripts\" security=\"restricted\" src=\"https:\/\/epochtimestr.com\/index.php\/en-uzun-gun-ziraat-mithatpasa-sanat-galerisinde\/embed#?secret=u5BdMt4S7Q\" width=\"600\" height=\"338\" title=\"&#8220;&#8216;En Uzun G\u00fcn&#8217; Ziraat Mithatpa\u015fa Sanat Galerisi&#8217;nde&#8221; &#8212; The Epoch Times TR\" data-secret=\"u5BdMt4S7Q\" frameborder=\"0\" marginwidth=\"0\" marginheight=\"0\" scrolling=\"no\" class=\"wp-embedded-content\"><\/iframe><script type=\"text\/javascript\">\n\/* <![CDATA[ *\/\n\/*! This file is auto-generated *\/\n!function(d,l){\"use strict\";l.querySelector&&d.addEventListener&&\"undefined\"!=typeof URL&&(d.wp=d.wp||{},d.wp.receiveEmbedMessage||(d.wp.receiveEmbedMessage=function(e){var t=e.data;if((t||t.secret||t.message||t.value)&&!\/[^a-zA-Z0-9]\/.test(t.secret)){for(var s,r,n,a=l.querySelectorAll('iframe[data-secret=\"'+t.secret+'\"]'),o=l.querySelectorAll('blockquote[data-secret=\"'+t.secret+'\"]'),c=new RegExp(\"^https?:$\",\"i\"),i=0;i<o.length;i++)o[i].style.display=\"none\";for(i=0;i<a.length;i++)s=a[i],e.source===s.contentWindow&&(s.removeAttribute(\"style\"),\"height\"===t.message?(1e3<(r=parseInt(t.value,10))?r=1e3:~~r<200&&(r=200),s.height=r):\"link\"===t.message&&(r=new URL(s.getAttribute(\"src\")),n=new URL(t.value),c.test(n.protocol))&&n.host===r.host&&l.activeElement===s&&(d.top.location.href=t.value))}},d.addEventListener(\"message\",d.wp.receiveEmbedMessage,!1),l.addEventListener(\"DOMContentLoaded\",function(){for(var e,t,s=l.querySelectorAll(\"iframe.wp-embedded-content\"),r=0;r<s.length;r++)(t=(e=s[r]).getAttribute(\"data-secret\"))||(t=Math.random().toString(36).substring(2,12),e.src+=\"#?secret=\"+t,e.setAttribute(\"data-secret\",t)),e.contentWindow.postMessage({message:\"ready\",secret:t},\"*\")},!1)))}(window,document);\n\/* ]]> *\/\n<\/script>\n","description":"ANKARA(C\u0130HAN)- Ressam Canan \u00d6zg\u00fcr&#8217;\u00fcn &#8220;En Uzun G\u00fcn&#8221; adl\u0131 resim sergisi Mithatpa\u015fa Sanat Galerisi&#8217;nde a\u00e7\u0131ld\u0131. \u00d6zg\u00fcr&#8217;\u00fcn sergideki 45 eserinde, yo\u011fun olarak deniz ve kad\u0131n temas\u0131 yer al\u0131yor. Sanat\u00e7\u0131n\u0131n suluboya ve pastel \u00e7al\u0131\u015fmalar\u0131ndan olu\u015fan sergide a\u011f\u0131rl\u0131kl\u0131 olarak \u0130stanbul yer al\u0131yor. Canan \u00d6zg\u00fcr, 7. ki\u015fisel sergisi ile ilgili yapt\u0131\u011f\u0131 a\u00e7\u0131klamada, &#8220;\u0130stanbul a\u015f\u0131\u011f\u0131y\u0131m ve \u0130stanbul&#8217;a ait g\u00fczelliklerin hep hat\u0131rlad\u0131\u011f\u0131m [&hellip;]","thumbnail_url":"http:\/\/www.epochtimestr.com\/wp-content\/uploads\/2010\/mart\/1465397.jpg"}