{"version":"1.0","provider_name":"The Epoch Times TR","provider_url":"https:\/\/epochtimestr.com","author_name":"Haber Merkezi","author_url":"https:\/\/epochtimestr.com\/index.php\/author\/sendag","title":"En Y\u00fcksek Teklif Arda G\u00fcler'e Geldi - The Epoch Times TR","type":"rich","width":600,"height":338,"html":"<blockquote class=\"wp-embedded-content\" data-secret=\"Pz0qBPsI18\"><a href=\"https:\/\/epochtimestr.com\/index.php\/en-yuksek-teklif-arda-gulere-geldi\">En Y\u00fcksek Teklif Arda G\u00fcler&#8217;e Geldi<\/a><\/blockquote><iframe sandbox=\"allow-scripts\" security=\"restricted\" src=\"https:\/\/epochtimestr.com\/index.php\/en-yuksek-teklif-arda-gulere-geldi\/embed#?secret=Pz0qBPsI18\" width=\"600\" height=\"338\" title=\"&#8220;En Y\u00fcksek Teklif Arda G\u00fcler&#8217;e Geldi&#8221; &#8212; The Epoch Times TR\" data-secret=\"Pz0qBPsI18\" frameborder=\"0\" marginwidth=\"0\" marginheight=\"0\" scrolling=\"no\" class=\"wp-embedded-content\"><\/iframe><script type=\"text\/javascript\">\n\/* <![CDATA[ *\/\n\/*! This file is auto-generated *\/\n!function(d,l){\"use strict\";l.querySelector&&d.addEventListener&&\"undefined\"!=typeof URL&&(d.wp=d.wp||{},d.wp.receiveEmbedMessage||(d.wp.receiveEmbedMessage=function(e){var t=e.data;if((t||t.secret||t.message||t.value)&&!\/[^a-zA-Z0-9]\/.test(t.secret)){for(var s,r,n,a=l.querySelectorAll('iframe[data-secret=\"'+t.secret+'\"]'),o=l.querySelectorAll('blockquote[data-secret=\"'+t.secret+'\"]'),c=new RegExp(\"^https?:$\",\"i\"),i=0;i<o.length;i++)o[i].style.display=\"none\";for(i=0;i<a.length;i++)s=a[i],e.source===s.contentWindow&&(s.removeAttribute(\"style\"),\"height\"===t.message?(1e3<(r=parseInt(t.value,10))?r=1e3:~~r<200&&(r=200),s.height=r):\"link\"===t.message&&(r=new URL(s.getAttribute(\"src\")),n=new URL(t.value),c.test(n.protocol))&&n.host===r.host&&l.activeElement===s&&(d.top.location.href=t.value))}},d.addEventListener(\"message\",d.wp.receiveEmbedMessage,!1),l.addEventListener(\"DOMContentLoaded\",function(){for(var e,t,s=l.querySelectorAll(\"iframe.wp-embedded-content\"),r=0;r<s.length;r++)(t=(e=s[r]).getAttribute(\"data-secret\"))||(t=Math.random().toString(36).substring(2,12),e.src+=\"#?secret=\"+t,e.setAttribute(\"data-secret\",t)),e.contentWindow.postMessage({message:\"ready\",secret:t},\"*\")},!1)))}(window,document);\n\/* ]]> *\/\n<\/script>\n","thumbnail_url":"https:\/\/epochtimestr.com\/wp-content\/uploads\/2011y\/fenerbahce-1.jpg","thumbnail_width":664,"thumbnail_height":354,"description":"Fenerbah\u00e7e, her haftan\u0131n ba\u015f\u0131nda son oynad\u0131\u011f\u0131 ma\u00e7\u0131n formalar\u0131n\u0131 a\u00e7\u0131k art\u0131rma ile sat\u0131\u015fa \u00e7\u0131kar\u0131yor. Bu formalar aras\u0131nda en \u00e7ok teklif alan futbolcunun formas\u0131 da belli oldu. Fenerbah\u00e7e, sezon ba\u015f\u0131ndan bu yana oynad\u0131klar\u0131 son ma\u00e7\u0131n formalar\u0131n\u0131 www.matchwornshirt.com sitesinden a\u00e7\u0131k art\u0131rmaya \u00e7\u0131kar\u0131yor. Sar\u0131-lacivertliler, S\u00fcper Lig &#8216;in 26. haftas\u0131nda sahas\u0131nda oynad\u0131klar\u0131 ve 2-0 kazand\u0131klar\u0131 Hatayspor ma\u00e7\u0131n\u0131n formalar\u0131n\u0131 da burada [&hellip;]"}