{"version":"1.0","provider_name":"The Epoch Times TR","provider_url":"https:\/\/epochtimestr.com","author_name":"S. \u00d6zcan","author_url":"https:\/\/epochtimestr.com\/index.php\/author\/n-kaya","title":"Enerji Bakan\u0131ndan Elektrik Kesintisiyle \u0130lgili \u015eok A\u00e7\u0131klama - The Epoch Times TR","type":"rich","width":600,"height":338,"html":"<blockquote class=\"wp-embedded-content\" data-secret=\"MPlNQBwJgE\"><a href=\"https:\/\/epochtimestr.com\/index.php\/enerji-bakanindan-elektrik-kesintisiyle-ilgili-sok-aciklama\">Enerji Bakan\u0131ndan Elektrik Kesintisiyle \u0130lgili \u015eok A\u00e7\u0131klama<\/a><\/blockquote><iframe sandbox=\"allow-scripts\" security=\"restricted\" src=\"https:\/\/epochtimestr.com\/index.php\/enerji-bakanindan-elektrik-kesintisiyle-ilgili-sok-aciklama\/embed#?secret=MPlNQBwJgE\" width=\"600\" height=\"338\" title=\"&#8220;Enerji Bakan\u0131ndan Elektrik Kesintisiyle \u0130lgili \u015eok A\u00e7\u0131klama&#8221; &#8212; The Epoch Times TR\" data-secret=\"MPlNQBwJgE\" frameborder=\"0\" marginwidth=\"0\" marginheight=\"0\" scrolling=\"no\" class=\"wp-embedded-content\"><\/iframe><script type=\"text\/javascript\">\n\/* <![CDATA[ *\/\n\/*! This file is auto-generated *\/\n!function(d,l){\"use strict\";l.querySelector&&d.addEventListener&&\"undefined\"!=typeof URL&&(d.wp=d.wp||{},d.wp.receiveEmbedMessage||(d.wp.receiveEmbedMessage=function(e){var t=e.data;if((t||t.secret||t.message||t.value)&&!\/[^a-zA-Z0-9]\/.test(t.secret)){for(var s,r,n,a=l.querySelectorAll('iframe[data-secret=\"'+t.secret+'\"]'),o=l.querySelectorAll('blockquote[data-secret=\"'+t.secret+'\"]'),c=new RegExp(\"^https?:$\",\"i\"),i=0;i<o.length;i++)o[i].style.display=\"none\";for(i=0;i<a.length;i++)s=a[i],e.source===s.contentWindow&&(s.removeAttribute(\"style\"),\"height\"===t.message?(1e3<(r=parseInt(t.value,10))?r=1e3:~~r<200&&(r=200),s.height=r):\"link\"===t.message&&(r=new URL(s.getAttribute(\"src\")),n=new URL(t.value),c.test(n.protocol))&&n.host===r.host&&l.activeElement===s&&(d.top.location.href=t.value))}},d.addEventListener(\"message\",d.wp.receiveEmbedMessage,!1),l.addEventListener(\"DOMContentLoaded\",function(){for(var e,t,s=l.querySelectorAll(\"iframe.wp-embedded-content\"),r=0;r<s.length;r++)(t=(e=s[r]).getAttribute(\"data-secret\"))||(t=Math.random().toString(36).substring(2,12),e.src+=\"#?secret=\"+t,e.setAttribute(\"data-secret\",t)),e.contentWindow.postMessage({message:\"ready\",secret:t},\"*\")},!1)))}(window,document);\n\/* ]]> *\/\n<\/script>\n","thumbnail_url":"https:\/\/epochtimestr.com\/wp-content\/uploads\/2011y\/bakan-taner-yildiz-boyle-bir-kesinti-86-binde-bir-ihtimal-752052-664x354.jpg","thumbnail_width":500,"thumbnail_height":266,"description":"Enerji Bakan\u0131 Taner Y\u0131ld\u0131z T\u00fcrkiye genelinde \u00f6nceki g\u00fcn ya\u015fanan elektrik kesintisinin 86 binde bir ihtimal oldu\u011funu belirtti. Enerji Bakan\u0131 Taner Y\u0131ld\u0131z, \u201c12. Uluslararas\u0131 Petrol, LPG ve Teknoloji Petroleum \u0130stanbul\u201d fuar\u0131na kat\u0131ld\u0131. Fuarda bir bas\u0131n toplant\u0131s\u0131 d\u00fczenleyen Y\u0131ld\u0131z, T\u00fcrkiye genelinde ge\u00e7ti\u011fimiz g\u00fcn ya\u015fanan elektrik kesintisini de\u011ferlendirdi. \u201c86 B\u0130NDE B\u0130R \u0130HT\u0130MAL\u201d \u00d6nceki g\u00fcn elektrik iletim sisteminde bir [&hellip;]"}