{"version":"1.0","provider_name":"The Epoch Times TR","provider_url":"https:\/\/epochtimestr.com","author_name":"Yasemin Erdem","author_url":"https:\/\/epochtimestr.com\/index.php\/author\/yasemin","title":"Engelliler i\u00e7in Bilgisayar \u0130\u015fletmenli\u011fi Kursu A\u00e7\u0131ld\u0131 - The Epoch Times TR","type":"rich","width":600,"height":338,"html":"<blockquote class=\"wp-embedded-content\" data-secret=\"kwEVlhDOhk\"><a href=\"https:\/\/epochtimestr.com\/index.php\/engelliler-icin-bilgisayar-isletmenligi-kursu-acildi\">Engelliler i\u00e7in Bilgisayar \u0130\u015fletmenli\u011fi Kursu A\u00e7\u0131ld\u0131<\/a><\/blockquote><iframe sandbox=\"allow-scripts\" security=\"restricted\" src=\"https:\/\/epochtimestr.com\/index.php\/engelliler-icin-bilgisayar-isletmenligi-kursu-acildi\/embed#?secret=kwEVlhDOhk\" width=\"600\" height=\"338\" title=\"&#8220;Engelliler i\u00e7in Bilgisayar \u0130\u015fletmenli\u011fi Kursu A\u00e7\u0131ld\u0131&#8221; &#8212; The Epoch Times TR\" data-secret=\"kwEVlhDOhk\" frameborder=\"0\" marginwidth=\"0\" marginheight=\"0\" scrolling=\"no\" class=\"wp-embedded-content\"><\/iframe><script type=\"text\/javascript\">\n\/* <![CDATA[ *\/\n\/*! This file is auto-generated *\/\n!function(d,l){\"use strict\";l.querySelector&&d.addEventListener&&\"undefined\"!=typeof URL&&(d.wp=d.wp||{},d.wp.receiveEmbedMessage||(d.wp.receiveEmbedMessage=function(e){var t=e.data;if((t||t.secret||t.message||t.value)&&!\/[^a-zA-Z0-9]\/.test(t.secret)){for(var s,r,n,a=l.querySelectorAll('iframe[data-secret=\"'+t.secret+'\"]'),o=l.querySelectorAll('blockquote[data-secret=\"'+t.secret+'\"]'),c=new RegExp(\"^https?:$\",\"i\"),i=0;i<o.length;i++)o[i].style.display=\"none\";for(i=0;i<a.length;i++)s=a[i],e.source===s.contentWindow&&(s.removeAttribute(\"style\"),\"height\"===t.message?(1e3<(r=parseInt(t.value,10))?r=1e3:~~r<200&&(r=200),s.height=r):\"link\"===t.message&&(r=new URL(s.getAttribute(\"src\")),n=new URL(t.value),c.test(n.protocol))&&n.host===r.host&&l.activeElement===s&&(d.top.location.href=t.value))}},d.addEventListener(\"message\",d.wp.receiveEmbedMessage,!1),l.addEventListener(\"DOMContentLoaded\",function(){for(var e,t,s=l.querySelectorAll(\"iframe.wp-embedded-content\"),r=0;r<s.length;r++)(t=(e=s[r]).getAttribute(\"data-secret\"))||(t=Math.random().toString(36).substring(2,12),e.src+=\"#?secret=\"+t,e.setAttribute(\"data-secret\",t)),e.contentWindow.postMessage({message:\"ready\",secret:t},\"*\")},!1)))}(window,document);\n\/* ]]> *\/\n<\/script>\n","thumbnail_url":"https:\/\/epochtimestr.com\/wp-content\/uploads\/2011y\/engelliler.jpg","thumbnail_width":500,"thumbnail_height":333,"description":"G\u00fcm\u00fc\u015fhane\u2019de Engelliler Derne\u011fi taraf\u0131ndan engellilerin meslek sahibi olabilmesi amac\u0131yla \u2018Bilgisayar \u0130\u015fletmenli\u011fi Kursu\u2019 ba\u015flat\u0131ld\u0131. G\u00fcm\u00fc\u015fhane Engelliler Derne\u011fi Ba\u015fkan\u0131 M\u00fcrsel Ery\u0131lmaz yapt\u0131\u011f\u0131 a\u00e7\u0131klamada, ilde bulunan 2000 engelli vatanda\u015f\u0131m\u0131z\u0131n 300\u2019\u00fcn\u00fcn bu kursa kat\u0131labilecek durumda oldu\u011funu belirterek, amac\u0131n SODES projeleriyle t\u00fcm engelli vatanda\u015flar\u0131m\u0131z\u0131 meslek sahibi yapmak oldu\u011funu s\u00f6yledi. Ayr\u0131ca d\u00fczenlenen bu kursun d\u00f6rd\u00fcnc\u00fcs\u00fc oldu\u011funu ve kat\u0131lanlara g\u00fcnde 20 lira [&hellip;]"}