{"version":"1.0","provider_name":"The Epoch Times TR","provider_url":"https:\/\/epochtimestr.com","author_name":"Demet G.","author_url":"https:\/\/epochtimestr.com\/index.php\/author\/d-gokoglu","title":"Erdo\u011fan Almanya'da Gen\u00e7lik Bulu\u015fmas\u0131nda - The Epoch Times TR","type":"rich","width":600,"height":338,"html":"<blockquote class=\"wp-embedded-content\" data-secret=\"oCfJ0OXuCd\"><a href=\"https:\/\/epochtimestr.com\/index.php\/erdogan-almanyada-genclik-bulusmasinda\">Erdo\u011fan Almanya&#8217;da Gen\u00e7lik Bulu\u015fmas\u0131nda<\/a><\/blockquote><iframe sandbox=\"allow-scripts\" security=\"restricted\" src=\"https:\/\/epochtimestr.com\/index.php\/erdogan-almanyada-genclik-bulusmasinda\/embed#?secret=oCfJ0OXuCd\" width=\"600\" height=\"338\" title=\"&#8220;Erdo\u011fan Almanya&#8217;da Gen\u00e7lik Bulu\u015fmas\u0131nda&#8221; &#8212; The Epoch Times TR\" data-secret=\"oCfJ0OXuCd\" frameborder=\"0\" marginwidth=\"0\" marginheight=\"0\" scrolling=\"no\" class=\"wp-embedded-content\"><\/iframe><script type=\"text\/javascript\">\n\/* <![CDATA[ *\/\n\/*! This file is auto-generated *\/\n!function(d,l){\"use strict\";l.querySelector&&d.addEventListener&&\"undefined\"!=typeof URL&&(d.wp=d.wp||{},d.wp.receiveEmbedMessage||(d.wp.receiveEmbedMessage=function(e){var t=e.data;if((t||t.secret||t.message||t.value)&&!\/[^a-zA-Z0-9]\/.test(t.secret)){for(var s,r,n,a=l.querySelectorAll('iframe[data-secret=\"'+t.secret+'\"]'),o=l.querySelectorAll('blockquote[data-secret=\"'+t.secret+'\"]'),c=new RegExp(\"^https?:$\",\"i\"),i=0;i<o.length;i++)o[i].style.display=\"none\";for(i=0;i<a.length;i++)s=a[i],e.source===s.contentWindow&&(s.removeAttribute(\"style\"),\"height\"===t.message?(1e3<(r=parseInt(t.value,10))?r=1e3:~~r<200&&(r=200),s.height=r):\"link\"===t.message&&(r=new URL(s.getAttribute(\"src\")),n=new URL(t.value),c.test(n.protocol))&&n.host===r.host&&l.activeElement===s&&(d.top.location.href=t.value))}},d.addEventListener(\"message\",d.wp.receiveEmbedMessage,!1),l.addEventListener(\"DOMContentLoaded\",function(){for(var e,t,s=l.querySelectorAll(\"iframe.wp-embedded-content\"),r=0;r<s.length;r++)(t=(e=s[r]).getAttribute(\"data-secret\"))||(t=Math.random().toString(36).substring(2,12),e.src+=\"#?secret=\"+t,e.setAttribute(\"data-secret\",t)),e.contentWindow.postMessage({message:\"ready\",secret:t},\"*\")},!1)))}(window,document);\n\/* ]]> *\/\n<\/script>\n","thumbnail_url":"https:\/\/epochtimestr.com\/wp-content\/uploads\/2011y\/tayyip.jpg","thumbnail_width":664,"thumbnail_height":354,"description":"&nbsp; Cumhurba\u015fkan\u0131 Recep Tayyip Erdo\u011fan, \u2018Gen\u00e7lik Bulu\u015fmas\u0131\u2019na kat\u0131lmak \u00fczere Almanya\u2019n\u0131n Karlsruhe kentine gitti. Erdo\u011fan, Karlsruhe kentinde bulunan DM Arena\u2019da ger\u00e7ekle\u015ftirilen \u2018Gen\u00e7lik Bulu\u015fmas\u0131\u2019na kat\u0131ld\u0131. Cumhurba\u015fkan\u0131 Recep Tayyip Erdo\u011fan, Almanya\u2019da kat\u0131ld\u0131\u011f\u0131 Gen\u00e7lik Bulu\u015fmas\u0131\u2019nda ger\u00e7ekle\u015ftirdi\u011fi konu\u015fmas\u0131nda, \u201cT\u00fcrk\u2019\u00fc, K\u00fcrd\u2019\u00fc, \u00c7erkez\u2019i, Laz\u2019\u0131, Abaza\u2019s\u0131, Bo\u015fnak\u2019\u0131, Arnavut\u2019u, Roman\u2019\u0131 akl\u0131n\u0131za kim gelirse yarat\u0131lan\u0131 yaratandan \u00f6t\u00fcr\u00fc sevdik ve sevmeye devam edece\u011fiz. Karde\u015flerim bunlar\u0131n sevgileri [&hellip;]"}