{"version":"1.0","provider_name":"The Epoch Times TR","provider_url":"https:\/\/epochtimestr.com","author_name":"S. \u00d6zcan","author_url":"https:\/\/epochtimestr.com\/index.php\/author\/n-kaya","title":"Erdo\u011fan Ban Ki-Mun\u2019la G\u00f6r\u00fc\u015ft\u00fc - The Epoch Times TR","type":"rich","width":600,"height":338,"html":"<blockquote class=\"wp-embedded-content\" data-secret=\"pbyqsDhn8d\"><a href=\"https:\/\/epochtimestr.com\/index.php\/erdogan-ban-ki-moonla-gorustu\">Erdo\u011fan Ban Ki-Mun\u2019la G\u00f6r\u00fc\u015ft\u00fc<\/a><\/blockquote><iframe sandbox=\"allow-scripts\" security=\"restricted\" src=\"https:\/\/epochtimestr.com\/index.php\/erdogan-ban-ki-moonla-gorustu\/embed#?secret=pbyqsDhn8d\" width=\"600\" height=\"338\" title=\"&#8220;Erdo\u011fan Ban Ki-Mun\u2019la G\u00f6r\u00fc\u015ft\u00fc&#8221; &#8212; The Epoch Times TR\" data-secret=\"pbyqsDhn8d\" frameborder=\"0\" marginwidth=\"0\" marginheight=\"0\" scrolling=\"no\" class=\"wp-embedded-content\"><\/iframe><script type=\"text\/javascript\">\n\/* <![CDATA[ *\/\n\/*! This file is auto-generated *\/\n!function(d,l){\"use strict\";l.querySelector&&d.addEventListener&&\"undefined\"!=typeof URL&&(d.wp=d.wp||{},d.wp.receiveEmbedMessage||(d.wp.receiveEmbedMessage=function(e){var t=e.data;if((t||t.secret||t.message||t.value)&&!\/[^a-zA-Z0-9]\/.test(t.secret)){for(var s,r,n,a=l.querySelectorAll('iframe[data-secret=\"'+t.secret+'\"]'),o=l.querySelectorAll('blockquote[data-secret=\"'+t.secret+'\"]'),c=new RegExp(\"^https?:$\",\"i\"),i=0;i<o.length;i++)o[i].style.display=\"none\";for(i=0;i<a.length;i++)s=a[i],e.source===s.contentWindow&&(s.removeAttribute(\"style\"),\"height\"===t.message?(1e3<(r=parseInt(t.value,10))?r=1e3:~~r<200&&(r=200),s.height=r):\"link\"===t.message&&(r=new URL(s.getAttribute(\"src\")),n=new URL(t.value),c.test(n.protocol))&&n.host===r.host&&l.activeElement===s&&(d.top.location.href=t.value))}},d.addEventListener(\"message\",d.wp.receiveEmbedMessage,!1),l.addEventListener(\"DOMContentLoaded\",function(){for(var e,t,s=l.querySelectorAll(\"iframe.wp-embedded-content\"),r=0;r<s.length;r++)(t=(e=s[r]).getAttribute(\"data-secret\"))||(t=Math.random().toString(36).substring(2,12),e.src+=\"#?secret=\"+t,e.setAttribute(\"data-secret\",t)),e.contentWindow.postMessage({message:\"ready\",secret:t},\"*\")},!1)))}(window,document);\n\/* ]]> *\/\n<\/script>\n","thumbnail_url":"https:\/\/epochtimestr.com\/wp-content\/uploads\/2011y\/erdogan-ban-ki-moonla-gorustu-584433-664x354.jpg","thumbnail_width":500,"thumbnail_height":266,"description":"Cumhurba\u015fkan\u0131 Recep Tayyip Erdo\u011fan, BM Genel Sekreteri Ban Ki-Mun\u2019la g\u00f6r\u00fc\u015ft\u00fc. New York\u2019taki temaslar\u0131na bug\u00fcn ba\u015flayan Cumhurba\u015fkan\u0131 Erdo\u011fan, T\u00fcrkevi ziyaretinden hemen sonra BM Genel Sekreteri Ban ile g\u00f6r\u00fc\u015fmek \u00fczere BM Genel Merkezi\u2019ne y\u00fcr\u00fcyerek ge\u00e7ti. G\u00f6r\u00fc\u015fme, ba\u015f\u0131ndan k\u0131sa bir s\u00fcre g\u00f6r\u00fcnt\u00fc al\u0131nmas\u0131na izin verilmesinin ard\u0131ndan bas\u0131na kapal\u0131 olarak devam etti. Cumhurba\u015fkan\u0131 Recep Tayyip Erdo\u011fan&#8217;\u0131n Birle\u015fmi\u015f Milletler&#8217;de Genel [&hellip;]"}