{"version":"1.0","provider_name":"The Epoch Times TR","provider_url":"https:\/\/epochtimestr.com","author_name":"Haber Merkezi","author_url":"https:\/\/epochtimestr.com\/index.php\/author\/sendag","title":"Erdo\u011fan, Rusya ve Ukrayna\u2019ya \u00c7a\u011fr\u0131da Bulundu - The Epoch Times TR","type":"rich","width":600,"height":338,"html":"<blockquote class=\"wp-embedded-content\" data-secret=\"0RAJxwixSV\"><a href=\"https:\/\/epochtimestr.com\/index.php\/erdogan-rusya-ve-ukraynaya-cagrida-bulundu\">Erdo\u011fan, Rusya ve Ukrayna\u2019ya \u00c7a\u011fr\u0131da Bulundu<\/a><\/blockquote><iframe sandbox=\"allow-scripts\" security=\"restricted\" src=\"https:\/\/epochtimestr.com\/index.php\/erdogan-rusya-ve-ukraynaya-cagrida-bulundu\/embed#?secret=0RAJxwixSV\" width=\"600\" height=\"338\" title=\"&#8220;Erdo\u011fan, Rusya ve Ukrayna\u2019ya \u00c7a\u011fr\u0131da Bulundu&#8221; &#8212; The Epoch Times TR\" data-secret=\"0RAJxwixSV\" frameborder=\"0\" marginwidth=\"0\" marginheight=\"0\" scrolling=\"no\" class=\"wp-embedded-content\"><\/iframe><script type=\"text\/javascript\">\n\/* <![CDATA[ *\/\n\/*! This file is auto-generated *\/\n!function(d,l){\"use strict\";l.querySelector&&d.addEventListener&&\"undefined\"!=typeof URL&&(d.wp=d.wp||{},d.wp.receiveEmbedMessage||(d.wp.receiveEmbedMessage=function(e){var t=e.data;if((t||t.secret||t.message||t.value)&&!\/[^a-zA-Z0-9]\/.test(t.secret)){for(var s,r,n,a=l.querySelectorAll('iframe[data-secret=\"'+t.secret+'\"]'),o=l.querySelectorAll('blockquote[data-secret=\"'+t.secret+'\"]'),c=new RegExp(\"^https?:$\",\"i\"),i=0;i<o.length;i++)o[i].style.display=\"none\";for(i=0;i<a.length;i++)s=a[i],e.source===s.contentWindow&&(s.removeAttribute(\"style\"),\"height\"===t.message?(1e3<(r=parseInt(t.value,10))?r=1e3:~~r<200&&(r=200),s.height=r):\"link\"===t.message&&(r=new URL(s.getAttribute(\"src\")),n=new URL(t.value),c.test(n.protocol))&&n.host===r.host&&l.activeElement===s&&(d.top.location.href=t.value))}},d.addEventListener(\"message\",d.wp.receiveEmbedMessage,!1),l.addEventListener(\"DOMContentLoaded\",function(){for(var e,t,s=l.querySelectorAll(\"iframe.wp-embedded-content\"),r=0;r<s.length;r++)(t=(e=s[r]).getAttribute(\"data-secret\"))||(t=Math.random().toString(36).substring(2,12),e.src+=\"#?secret=\"+t,e.setAttribute(\"data-secret\",t)),e.contentWindow.postMessage({message:\"ready\",secret:t},\"*\")},!1)))}(window,document);\n\/* ]]> *\/\n<\/script>\n","thumbnail_url":"https:\/\/epochtimestr.com\/wp-content\/uploads\/2011y\/Erdogan-tcbb.gov_-1.jpg","thumbnail_width":500,"thumbnail_height":375,"description":"Ukrayna krizinin b\u00fcy\u00fcmesinin ard\u0131ndan Afrika turuna ara vererek T\u00fcrkiye\u2019ye d\u00f6nen Cumhurba\u015fkan\u0131 Recep Tayyip Erdo\u011fan, Rusya ve Ukrayna\u2019n\u0131n m\u00fczakere masas\u0131na d\u00f6nmeleri y\u00f6n\u00fcnde \u00e7a\u011fr\u0131da bulundu. Almanya Cumhurba\u015fkan\u0131 Frank Walter Steinmeier ve Ukrayna Cumhurba\u015fkan\u0131 Volodimir Zelenski ile g\u00f6r\u00fc\u015fmesinden sonra Rusya Cumhurba\u015fkan\u0131 Putin\u2019le telefonla g\u00f6r\u00fc\u015fmek i\u00e7in \u00e7aba harcad\u0131\u011f\u0131n\u0131 s\u00f6yleyen Erdo\u011fan, video konferansla \u00e7evrimi\u00e7i yap\u0131lacak NATO zirvesinden sonra Rusya lideri [&hellip;]"}