{"version":"1.0","provider_name":"The Epoch Times TR","provider_url":"https:\/\/epochtimestr.com","author_name":"Haber Merkezi","author_url":"https:\/\/epochtimestr.com\/index.php\/author\/sendag","title":"Erdo\u011fan ve Johnson Telefonda G\u00f6r\u00fc\u015ft\u00fc - The Epoch Times TR","type":"rich","width":600,"height":338,"html":"<blockquote class=\"wp-embedded-content\" data-secret=\"DczIPtyjDD\"><a href=\"https:\/\/epochtimestr.com\/index.php\/erdogan-ve-johnson-telefonda-gorustu\">Erdo\u011fan ve Johnson Telefonda G\u00f6r\u00fc\u015ft\u00fc<\/a><\/blockquote><iframe sandbox=\"allow-scripts\" security=\"restricted\" src=\"https:\/\/epochtimestr.com\/index.php\/erdogan-ve-johnson-telefonda-gorustu\/embed#?secret=DczIPtyjDD\" width=\"600\" height=\"338\" title=\"&#8220;Erdo\u011fan ve Johnson Telefonda G\u00f6r\u00fc\u015ft\u00fc&#8221; &#8212; The Epoch Times TR\" data-secret=\"DczIPtyjDD\" frameborder=\"0\" marginwidth=\"0\" marginheight=\"0\" scrolling=\"no\" class=\"wp-embedded-content\"><\/iframe><script type=\"text\/javascript\">\n\/* <![CDATA[ *\/\n\/*! This file is auto-generated *\/\n!function(d,l){\"use strict\";l.querySelector&&d.addEventListener&&\"undefined\"!=typeof URL&&(d.wp=d.wp||{},d.wp.receiveEmbedMessage||(d.wp.receiveEmbedMessage=function(e){var t=e.data;if((t||t.secret||t.message||t.value)&&!\/[^a-zA-Z0-9]\/.test(t.secret)){for(var s,r,n,a=l.querySelectorAll('iframe[data-secret=\"'+t.secret+'\"]'),o=l.querySelectorAll('blockquote[data-secret=\"'+t.secret+'\"]'),c=new RegExp(\"^https?:$\",\"i\"),i=0;i<o.length;i++)o[i].style.display=\"none\";for(i=0;i<a.length;i++)s=a[i],e.source===s.contentWindow&&(s.removeAttribute(\"style\"),\"height\"===t.message?(1e3<(r=parseInt(t.value,10))?r=1e3:~~r<200&&(r=200),s.height=r):\"link\"===t.message&&(r=new URL(s.getAttribute(\"src\")),n=new URL(t.value),c.test(n.protocol))&&n.host===r.host&&l.activeElement===s&&(d.top.location.href=t.value))}},d.addEventListener(\"message\",d.wp.receiveEmbedMessage,!1),l.addEventListener(\"DOMContentLoaded\",function(){for(var e,t,s=l.querySelectorAll(\"iframe.wp-embedded-content\"),r=0;r<s.length;r++)(t=(e=s[r]).getAttribute(\"data-secret\"))||(t=Math.random().toString(36).substring(2,12),e.src+=\"#?secret=\"+t,e.setAttribute(\"data-secret\",t)),e.contentWindow.postMessage({message:\"ready\",secret:t},\"*\")},!1)))}(window,document);\n\/* ]]> *\/\n<\/script>\n","thumbnail_url":"https:\/\/epochtimestr.com\/wp-content\/uploads\/2011y\/2028278-1.jpg","thumbnail_width":664,"thumbnail_height":354,"description":"Cumhurba\u015fkan\u0131 Erdo\u011fan ile \u0130ngiltere Ba\u015fbakan\u0131 Johnson&#8217;\u0131n ger\u00e7ekle\u015ftirdi\u011fi telefonda g\u00f6r\u00fc\u015fmesinde bir\u00e7ok alanda ili\u015fkileri geli\u015ftirecek ad\u0131mlar ele al\u0131nd\u0131. Cumhurba\u015fkan\u0131 Recep Tayyip Erdo\u011fan,\u00a0\u0130ngiltere Ba\u015fbakan\u0131 Boris Johnson\u00a0ile telefon g\u00f6r\u00fc\u015fmesi ger\u00e7ekle\u015ftirdi. Cumhurba\u015fkanl\u0131\u011f\u0131 \u0130leti\u015fim Ba\u015fkanl\u0131\u011f\u0131ndan yap\u0131lan a\u00e7\u0131klamaya g\u00f6re, g\u00f6r\u00fc\u015fmede, ticaret, turizm, savunma, tar\u0131m, hizmet, yat\u0131r\u0131m ve koronavir\u00fcsle m\u00fccadele ba\u015fta olmak \u00fczere bir\u00e7ok alanda T\u00fcrkiye-\u0130ngiltere ili\u015fkilerini geli\u015ftirecek ad\u0131mlar ve b\u00f6lgesel konular ele [&hellip;]"}