{"version":"1.0","provider_name":"The Epoch Times TR","provider_url":"https:\/\/epochtimestr.com","author_name":"Dila \u015eeng\u00fcl","author_url":"https:\/\/epochtimestr.com\/index.php\/author\/dila","title":"Erdo\u011fan\u2019dan Balkanlar Ve Rumeli\u2019ye Mesajlar - The Epoch Times TR","type":"rich","width":600,"height":338,"html":"<blockquote class=\"wp-embedded-content\" data-secret=\"IIjkKjWcVF\"><a href=\"https:\/\/epochtimestr.com\/index.php\/erdogandan-balkanlar-ve-rumeliye-mesajlar\">Erdo\u011fan\u2019dan Balkanlar Ve Rumeli\u2019ye Mesajlar<\/a><\/blockquote><iframe sandbox=\"allow-scripts\" security=\"restricted\" src=\"https:\/\/epochtimestr.com\/index.php\/erdogandan-balkanlar-ve-rumeliye-mesajlar\/embed#?secret=IIjkKjWcVF\" width=\"600\" height=\"338\" title=\"&#8220;Erdo\u011fan\u2019dan Balkanlar Ve Rumeli\u2019ye Mesajlar&#8221; &#8212; The Epoch Times TR\" data-secret=\"IIjkKjWcVF\" frameborder=\"0\" marginwidth=\"0\" marginheight=\"0\" scrolling=\"no\" class=\"wp-embedded-content\"><\/iframe><script type=\"text\/javascript\">\n\/* <![CDATA[ *\/\n\/*! This file is auto-generated *\/\n!function(d,l){\"use strict\";l.querySelector&&d.addEventListener&&\"undefined\"!=typeof URL&&(d.wp=d.wp||{},d.wp.receiveEmbedMessage||(d.wp.receiveEmbedMessage=function(e){var t=e.data;if((t||t.secret||t.message||t.value)&&!\/[^a-zA-Z0-9]\/.test(t.secret)){for(var s,r,n,a=l.querySelectorAll('iframe[data-secret=\"'+t.secret+'\"]'),o=l.querySelectorAll('blockquote[data-secret=\"'+t.secret+'\"]'),c=new RegExp(\"^https?:$\",\"i\"),i=0;i<o.length;i++)o[i].style.display=\"none\";for(i=0;i<a.length;i++)s=a[i],e.source===s.contentWindow&&(s.removeAttribute(\"style\"),\"height\"===t.message?(1e3<(r=parseInt(t.value,10))?r=1e3:~~r<200&&(r=200),s.height=r):\"link\"===t.message&&(r=new URL(s.getAttribute(\"src\")),n=new URL(t.value),c.test(n.protocol))&&n.host===r.host&&l.activeElement===s&&(d.top.location.href=t.value))}},d.addEventListener(\"message\",d.wp.receiveEmbedMessage,!1),l.addEventListener(\"DOMContentLoaded\",function(){for(var e,t,s=l.querySelectorAll(\"iframe.wp-embedded-content\"),r=0;r<s.length;r++)(t=(e=s[r]).getAttribute(\"data-secret\"))||(t=Math.random().toString(36).substring(2,12),e.src+=\"#?secret=\"+t,e.setAttribute(\"data-secret\",t)),e.contentWindow.postMessage({message:\"ready\",secret:t},\"*\")},!1)))}(window,document);\n\/* ]]> *\/\n<\/script>\n","thumbnail_url":"https:\/\/epochtimestr.com\/wp-content\/uploads\/2011y\/1970819-1.jpg","thumbnail_width":664,"thumbnail_height":354,"description":"Cumhurba\u015fkan\u0131 Recep Tayyip Erdo\u011fan, s\u00f6z konusu M\u00fcsl\u00fcmanlar ve T\u00fcrkler oldu\u011funda d\u00fcnyan\u0131n pek \u00e7ok yerinde g\u00f6zlerin yumuldu\u011funu, kulaklar\u0131n t\u0131kand\u0131\u011f\u0131n\u0131, kalplerin karard\u0131\u011f\u0131n\u0131 s\u00f6yledi. Cumhurba\u015fkan\u0131 Erdo\u011fan, \u201cBulgaristan se\u00e7imlerinin huzur i\u00e7inde ge\u00e7mesini, adil ve \u015feffaf bir \u015fekilde neticelenmesini temenni ediyorum. Oradaki baz\u0131 bask\u0131lar\u0131n ger\u00e7ekle\u015fti\u011fini g\u00f6rmek, duymak bizi \u00fczmektedir. Bir taraftan \u2018demokrasi\u2019 diyeceksin, \u00f6b\u00fcr taraftan oradaki T\u00fcrklere bask\u0131 yapacaks\u0131n. Bu [&hellip;]"}