{"version":"1.0","provider_name":"The Epoch Times TR","provider_url":"https:\/\/epochtimestr.com","author_name":"\u00c7.Akdeniz","author_url":"https:\/\/epochtimestr.com\/index.php\/author\/cigdem","title":"Esad, \u0130ngiltere D\u0131\u015fi\u015fleri Bakan\u0131 Hague'yu Kabul Etti - The Epoch Times TR","type":"rich","width":600,"height":338,"html":"<blockquote class=\"wp-embedded-content\" data-secret=\"ry69Ju4MYq\"><a href=\"https:\/\/epochtimestr.com\/index.php\/esad-ingiltere-disisleri-bakani-hagueyu-kabul-etti\">Esad, \u0130ngiltere D\u0131\u015fi\u015fleri Bakan\u0131 Hague&#8217;yu Kabul Etti<\/a><\/blockquote><iframe sandbox=\"allow-scripts\" security=\"restricted\" src=\"https:\/\/epochtimestr.com\/index.php\/esad-ingiltere-disisleri-bakani-hagueyu-kabul-etti\/embed#?secret=ry69Ju4MYq\" width=\"600\" height=\"338\" title=\"&#8220;Esad, \u0130ngiltere D\u0131\u015fi\u015fleri Bakan\u0131 Hague&#8217;yu Kabul Etti&#8221; &#8212; The Epoch Times TR\" data-secret=\"ry69Ju4MYq\" frameborder=\"0\" marginwidth=\"0\" marginheight=\"0\" scrolling=\"no\" class=\"wp-embedded-content\"><\/iframe><script type=\"text\/javascript\">\n\/* <![CDATA[ *\/\n\/*! This file is auto-generated *\/\n!function(d,l){\"use strict\";l.querySelector&&d.addEventListener&&\"undefined\"!=typeof URL&&(d.wp=d.wp||{},d.wp.receiveEmbedMessage||(d.wp.receiveEmbedMessage=function(e){var t=e.data;if((t||t.secret||t.message||t.value)&&!\/[^a-zA-Z0-9]\/.test(t.secret)){for(var s,r,n,a=l.querySelectorAll('iframe[data-secret=\"'+t.secret+'\"]'),o=l.querySelectorAll('blockquote[data-secret=\"'+t.secret+'\"]'),c=new RegExp(\"^https?:$\",\"i\"),i=0;i<o.length;i++)o[i].style.display=\"none\";for(i=0;i<a.length;i++)s=a[i],e.source===s.contentWindow&&(s.removeAttribute(\"style\"),\"height\"===t.message?(1e3<(r=parseInt(t.value,10))?r=1e3:~~r<200&&(r=200),s.height=r):\"link\"===t.message&&(r=new URL(s.getAttribute(\"src\")),n=new URL(t.value),c.test(n.protocol))&&n.host===r.host&&l.activeElement===s&&(d.top.location.href=t.value))}},d.addEventListener(\"message\",d.wp.receiveEmbedMessage,!1),l.addEventListener(\"DOMContentLoaded\",function(){for(var e,t,s=l.querySelectorAll(\"iframe.wp-embedded-content\"),r=0;r<s.length;r++)(t=(e=s[r]).getAttribute(\"data-secret\"))||(t=Math.random().toString(36).substring(2,12),e.src+=\"#?secret=\"+t,e.setAttribute(\"data-secret\",t)),e.contentWindow.postMessage({message:\"ready\",secret:t},\"*\")},!1)))}(window,document);\n\/* ]]> *\/\n<\/script>\n","description":"\u0130ngiltere D\u0131\u015fi\u015fleri Bakan\u0131 William Hague resmi bir ziyaret i\u00e7in geldi\u011fi Suriye&#8217;de Devlet Ba\u015fkan\u0131 Be\u015f\u015far Esad taraf\u0131ndan kabul edildi. Yap\u0131lan g\u00f6r\u00fc\u015fmede, ikili ili\u015fkilerin yan\u0131 s\u0131ra ba\u015fta L\u00fcbnan olmak \u00fczere b\u00f6lgedeki geli\u015fmeler ele al\u0131nd\u0131. Duraksayan bar\u0131\u015f s\u00fcreci ve Avrupa\u2019dan Ortado\u011fu B\u00f6lgesinde oynamas\u0131 beklenen rol\u00fcn de ele al\u0131nd\u0131\u011f\u0131 g\u00f6r\u00fc\u015fmede, Avrupa\u2019n\u0131n b\u00f6lge sorunlar\u0131na y\u00f6nelik kapsaml\u0131 ve objektif bir yakla\u015f\u0131ma [&hellip;]"}