{"version":"1.0","provider_name":"The Epoch Times TR","provider_url":"https:\/\/epochtimestr.com","author_name":"Haber Merkezi","author_url":"https:\/\/epochtimestr.com\/index.php\/author\/sendag","title":"Esnetilen Vatanda\u015fl\u0131k Ko\u015fullar\u0131 \u015eengen Vizesini Zora Sokabilir - The Epoch Times TR","type":"rich","width":600,"height":338,"html":"<blockquote class=\"wp-embedded-content\" data-secret=\"05SIsPM1V8\"><a href=\"https:\/\/epochtimestr.com\/index.php\/esnetilen-vatandaslik-kosullari-sengen-vizesini-zora-sokabilir\">Esnetilen Vatanda\u015fl\u0131k Ko\u015fullar\u0131 \u015eengen Vizesini Zora Sokabilir<\/a><\/blockquote><iframe sandbox=\"allow-scripts\" security=\"restricted\" src=\"https:\/\/epochtimestr.com\/index.php\/esnetilen-vatandaslik-kosullari-sengen-vizesini-zora-sokabilir\/embed#?secret=05SIsPM1V8\" width=\"600\" height=\"338\" title=\"&#8220;Esnetilen Vatanda\u015fl\u0131k Ko\u015fullar\u0131 \u015eengen Vizesini Zora Sokabilir&#8221; &#8212; The Epoch Times TR\" data-secret=\"05SIsPM1V8\" frameborder=\"0\" marginwidth=\"0\" marginheight=\"0\" scrolling=\"no\" class=\"wp-embedded-content\"><\/iframe><script type=\"text\/javascript\">\n\/* <![CDATA[ *\/\n\/*! This file is auto-generated *\/\n!function(d,l){\"use strict\";l.querySelector&&d.addEventListener&&\"undefined\"!=typeof URL&&(d.wp=d.wp||{},d.wp.receiveEmbedMessage||(d.wp.receiveEmbedMessage=function(e){var t=e.data;if((t||t.secret||t.message||t.value)&&!\/[^a-zA-Z0-9]\/.test(t.secret)){for(var s,r,n,a=l.querySelectorAll('iframe[data-secret=\"'+t.secret+'\"]'),o=l.querySelectorAll('blockquote[data-secret=\"'+t.secret+'\"]'),c=new RegExp(\"^https?:$\",\"i\"),i=0;i<o.length;i++)o[i].style.display=\"none\";for(i=0;i<a.length;i++)s=a[i],e.source===s.contentWindow&&(s.removeAttribute(\"style\"),\"height\"===t.message?(1e3<(r=parseInt(t.value,10))?r=1e3:~~r<200&&(r=200),s.height=r):\"link\"===t.message&&(r=new URL(s.getAttribute(\"src\")),n=new URL(t.value),c.test(n.protocol))&&n.host===r.host&&l.activeElement===s&&(d.top.location.href=t.value))}},d.addEventListener(\"message\",d.wp.receiveEmbedMessage,!1),l.addEventListener(\"DOMContentLoaded\",function(){for(var e,t,s=l.querySelectorAll(\"iframe.wp-embedded-content\"),r=0;r<s.length;r++)(t=(e=s[r]).getAttribute(\"data-secret\"))||(t=Math.random().toString(36).substring(2,12),e.src+=\"#?secret=\"+t,e.setAttribute(\"data-secret\",t)),e.contentWindow.postMessage({message:\"ready\",secret:t},\"*\")},!1)))}(window,document);\n\/* ]]> *\/\n<\/script>\n","thumbnail_url":"https:\/\/epochtimestr.com\/wp-content\/uploads\/2011y\/1948344.jpg","thumbnail_width":664,"thumbnail_height":354,"description":"Avrupa Birli\u011fi (AB), \u201calt\u0131n pasaport\u201d olarak bilinen yabanc\u0131lara yat\u0131r\u0131m kar\u015f\u0131l\u0131\u011f\u0131 yurtta\u015fl\u0131k uygulamas\u0131yla m\u00fccadele ederken T\u00fcrkiye, tam tersine kapsam\u0131 geni\u015fletiyor.\u00a0 Yakla\u015f\u0131k bir ay \u00f6nce duyurulan istisnai T\u00fcrk yurtta\u015fl\u0131\u011f\u0131na ba\u015fvuru i\u00e7in sat\u0131n al\u0131nmas\u0131 gereken gayrimenkul\u00fcn de\u011ferinin 250 bin dolardan 400 bin dolara \u00e7\u0131kar\u0131lmas\u0131na ili\u015fkin y\u00f6netmelik \u00f6nceki g\u00fcn Resmi Gazete\u2019de yay\u0131mland\u0131, y\u00f6netmelikle istisnai yurtta\u015fl\u0131\u011fa ba\u015fvuru i\u00e7in bireysel emeklilik [&hellip;]"}