{"version":"1.0","provider_name":"The Epoch Times TR","provider_url":"https:\/\/epochtimestr.com","author_name":"Bora Akdeniz","author_url":"https:\/\/epochtimestr.com\/index.php\/author\/bora","title":"Fenerbah\u00e7e, Benfica Ma\u00e7\u0131na Haz\u0131rlan\u0131yor - The Epoch Times TR","type":"rich","width":600,"height":338,"html":"<blockquote class=\"wp-embedded-content\" data-secret=\"6iEbKegrTQ\"><a href=\"https:\/\/epochtimestr.com\/index.php\/fenerbahce-benfica-macina-hazirlaniyor\">Fenerbah\u00e7e, Benfica Ma\u00e7\u0131na Haz\u0131rlan\u0131yor<\/a><\/blockquote><iframe sandbox=\"allow-scripts\" security=\"restricted\" src=\"https:\/\/epochtimestr.com\/index.php\/fenerbahce-benfica-macina-hazirlaniyor\/embed#?secret=6iEbKegrTQ\" width=\"600\" height=\"338\" title=\"&#8220;Fenerbah\u00e7e, Benfica Ma\u00e7\u0131na Haz\u0131rlan\u0131yor&#8221; &#8212; The Epoch Times TR\" data-secret=\"6iEbKegrTQ\" frameborder=\"0\" marginwidth=\"0\" marginheight=\"0\" scrolling=\"no\" class=\"wp-embedded-content\"><\/iframe><script type=\"text\/javascript\">\n\/* <![CDATA[ *\/\n\/*! This file is auto-generated *\/\n!function(d,l){\"use strict\";l.querySelector&&d.addEventListener&&\"undefined\"!=typeof URL&&(d.wp=d.wp||{},d.wp.receiveEmbedMessage||(d.wp.receiveEmbedMessage=function(e){var t=e.data;if((t||t.secret||t.message||t.value)&&!\/[^a-zA-Z0-9]\/.test(t.secret)){for(var s,r,n,a=l.querySelectorAll('iframe[data-secret=\"'+t.secret+'\"]'),o=l.querySelectorAll('blockquote[data-secret=\"'+t.secret+'\"]'),c=new RegExp(\"^https?:$\",\"i\"),i=0;i<o.length;i++)o[i].style.display=\"none\";for(i=0;i<a.length;i++)s=a[i],e.source===s.contentWindow&&(s.removeAttribute(\"style\"),\"height\"===t.message?(1e3<(r=parseInt(t.value,10))?r=1e3:~~r<200&&(r=200),s.height=r):\"link\"===t.message&&(r=new URL(s.getAttribute(\"src\")),n=new URL(t.value),c.test(n.protocol))&&n.host===r.host&&l.activeElement===s&&(d.top.location.href=t.value))}},d.addEventListener(\"message\",d.wp.receiveEmbedMessage,!1),l.addEventListener(\"DOMContentLoaded\",function(){for(var e,t,s=l.querySelectorAll(\"iframe.wp-embedded-content\"),r=0;r<s.length;r++)(t=(e=s[r]).getAttribute(\"data-secret\"))||(t=Math.random().toString(36).substring(2,12),e.src+=\"#?secret=\"+t,e.setAttribute(\"data-secret\",t)),e.contentWindow.postMessage({message:\"ready\",secret:t},\"*\")},!1)))}(window,document);\n\/* ]]> *\/\n<\/script>\n","thumbnail_url":"https:\/\/epochtimestr.com\/wp-content\/uploads\/2011y\/fenerbah\u00e7e-emre-belezo\u011flu.jpg","thumbnail_width":525,"thumbnail_height":455,"description":"Fenerbah\u00e7e futbol tak\u0131m\u0131 Benfica ma\u00e7\u0131 haz\u0131rl\u0131klar\u0131na Aykut Kocaman\u2019\u0131n y\u00f6netti\u011fi antrenmanla ba\u015flad\u0131.\u00a0 Can Bartu Tesisleri\u2019nde bas\u0131na kapal\u0131 yap\u0131lan antrenmanda Gen\u00e7lerbirli\u011fi ma\u00e7\u0131nda oynayan futbolcular rejenerasyon \u00e7al\u0131\u015fmas\u0131 yaparak g\u00fcn\u00fc tamamlad\u0131lar. Di\u011fer futbolcular d\u00fcz ko\u015fu ve \u0131s\u0131nma hareketlerinden sonra pas \u00e7al\u0131\u015fmas\u0131 yapt\u0131lar. Son olarak \u00e7ift kale ma\u00e7 yapan oyuncularla, sakatl\u0131klar\u0131 bulunan Mert G\u00fcnok ve Sezer \u00d6zt\u00fcrk t\u00fcm g\u00fcn birlikte [&hellip;]"}