{"version":"1.0","provider_name":"The Epoch Times TR","provider_url":"https:\/\/epochtimestr.com","author_name":"Bora Akdeniz","author_url":"https:\/\/epochtimestr.com\/index.php\/author\/bora","title":"Fenerbah\u00e7e Kupaya Bir Ad\u0131m Daha Yakla\u015ft\u0131 - The Epoch Times TR","type":"rich","width":600,"height":338,"html":"<blockquote class=\"wp-embedded-content\" data-secret=\"y37J6xx9rM\"><a href=\"https:\/\/epochtimestr.com\/index.php\/fenerbahce-kupaya-bir-adim-daha-yaklasti\">Fenerbah\u00e7e Kupaya Bir Ad\u0131m Daha Yakla\u015ft\u0131<\/a><\/blockquote><iframe sandbox=\"allow-scripts\" security=\"restricted\" src=\"https:\/\/epochtimestr.com\/index.php\/fenerbahce-kupaya-bir-adim-daha-yaklasti\/embed#?secret=y37J6xx9rM\" width=\"600\" height=\"338\" title=\"&#8220;Fenerbah\u00e7e Kupaya Bir Ad\u0131m Daha Yakla\u015ft\u0131&#8221; &#8212; The Epoch Times TR\" data-secret=\"y37J6xx9rM\" frameborder=\"0\" marginwidth=\"0\" marginheight=\"0\" scrolling=\"no\" class=\"wp-embedded-content\"><\/iframe><script type=\"text\/javascript\">\n\/* <![CDATA[ *\/\n\/*! This file is auto-generated *\/\n!function(d,l){\"use strict\";l.querySelector&&d.addEventListener&&\"undefined\"!=typeof URL&&(d.wp=d.wp||{},d.wp.receiveEmbedMessage||(d.wp.receiveEmbedMessage=function(e){var t=e.data;if((t||t.secret||t.message||t.value)&&!\/[^a-zA-Z0-9]\/.test(t.secret)){for(var s,r,n,a=l.querySelectorAll('iframe[data-secret=\"'+t.secret+'\"]'),o=l.querySelectorAll('blockquote[data-secret=\"'+t.secret+'\"]'),c=new RegExp(\"^https?:$\",\"i\"),i=0;i<o.length;i++)o[i].style.display=\"none\";for(i=0;i<a.length;i++)s=a[i],e.source===s.contentWindow&&(s.removeAttribute(\"style\"),\"height\"===t.message?(1e3<(r=parseInt(t.value,10))?r=1e3:~~r<200&&(r=200),s.height=r):\"link\"===t.message&&(r=new URL(s.getAttribute(\"src\")),n=new URL(t.value),c.test(n.protocol))&&n.host===r.host&&l.activeElement===s&&(d.top.location.href=t.value))}},d.addEventListener(\"message\",d.wp.receiveEmbedMessage,!1),l.addEventListener(\"DOMContentLoaded\",function(){for(var e,t,s=l.querySelectorAll(\"iframe.wp-embedded-content\"),r=0;r<s.length;r++)(t=(e=s[r]).getAttribute(\"data-secret\"))||(t=Math.random().toString(36).substring(2,12),e.src+=\"#?secret=\"+t,e.setAttribute(\"data-secret\",t)),e.contentWindow.postMessage({message:\"ready\",secret:t},\"*\")},!1)))}(window,document);\n\/* ]]> *\/\n<\/script>\n","description":"D\u00fcn ak\u015fam kendi sahas\u0131nda Benfica\u2019y\u0131 1-0 yenen Fenerbah\u00e7e, Uefa Avrupa kupas\u0131na bir ad\u0131m daha yakla\u015ft\u0131. Benfaica kar\u015f\u0131s\u0131nda olduk\u00e7a iyi ve bask\u0131l\u0131 bir oyun sergileyen Fenerbah\u00e7e bir \u00e7ok gol pozisyonunu ve bir penalt\u0131y\u0131 de\u011ferlendiremedi. Ma\u00e7\u0131n ikinci yar\u0131s\u0131nda Egemen\u2019in gol\u00fcyle 1-0 \u00f6ne ge\u00e7en sar\u0131 lacivertli ekip bu skoru koruyarak ma\u00e7\u0131 \u00f6nde bitirdi. Ma\u00e7tan ayr\u0131nt\u0131lar: STAT: \u015e\u00fckr\u00fc Saraco\u011flu [&hellip;]"}