{"version":"1.0","provider_name":"The Epoch Times TR","provider_url":"https:\/\/epochtimestr.com","author_name":"S. \u00d6zcan","author_url":"https:\/\/epochtimestr.com\/index.php\/author\/n-kaya","title":"Fethullah G\u00fclen \u0130\u00e7in Yakalama Karar\u0131 - The Epoch Times TR","type":"rich","width":600,"height":338,"html":"<blockquote class=\"wp-embedded-content\" data-secret=\"ORJaSZmZO0\"><a href=\"https:\/\/epochtimestr.com\/index.php\/fethullah-gulen-icin-yakalama-karari\">Fethullah G\u00fclen \u0130\u00e7in Yakalama Karar\u0131<\/a><\/blockquote><iframe sandbox=\"allow-scripts\" security=\"restricted\" src=\"https:\/\/epochtimestr.com\/index.php\/fethullah-gulen-icin-yakalama-karari\/embed#?secret=ORJaSZmZO0\" width=\"600\" height=\"338\" title=\"&#8220;Fethullah G\u00fclen \u0130\u00e7in Yakalama Karar\u0131&#8221; &#8212; The Epoch Times TR\" data-secret=\"ORJaSZmZO0\" frameborder=\"0\" marginwidth=\"0\" marginheight=\"0\" scrolling=\"no\" class=\"wp-embedded-content\"><\/iframe><script type=\"text\/javascript\">\n\/* <![CDATA[ *\/\n\/*! This file is auto-generated *\/\n!function(d,l){\"use strict\";l.querySelector&&d.addEventListener&&\"undefined\"!=typeof URL&&(d.wp=d.wp||{},d.wp.receiveEmbedMessage||(d.wp.receiveEmbedMessage=function(e){var t=e.data;if((t||t.secret||t.message||t.value)&&!\/[^a-zA-Z0-9]\/.test(t.secret)){for(var s,r,n,a=l.querySelectorAll('iframe[data-secret=\"'+t.secret+'\"]'),o=l.querySelectorAll('blockquote[data-secret=\"'+t.secret+'\"]'),c=new RegExp(\"^https?:$\",\"i\"),i=0;i<o.length;i++)o[i].style.display=\"none\";for(i=0;i<a.length;i++)s=a[i],e.source===s.contentWindow&&(s.removeAttribute(\"style\"),\"height\"===t.message?(1e3<(r=parseInt(t.value,10))?r=1e3:~~r<200&&(r=200),s.height=r):\"link\"===t.message&&(r=new URL(s.getAttribute(\"src\")),n=new URL(t.value),c.test(n.protocol))&&n.host===r.host&&l.activeElement===s&&(d.top.location.href=t.value))}},d.addEventListener(\"message\",d.wp.receiveEmbedMessage,!1),l.addEventListener(\"DOMContentLoaded\",function(){for(var e,t,s=l.querySelectorAll(\"iframe.wp-embedded-content\"),r=0;r<s.length;r++)(t=(e=s[r]).getAttribute(\"data-secret\"))||(t=Math.random().toString(36).substring(2,12),e.src+=\"#?secret=\"+t,e.setAttribute(\"data-secret\",t)),e.contentWindow.postMessage({message:\"ready\",secret:t},\"*\")},!1)))}(window,document);\n\/* ]]> *\/\n<\/script>\n","thumbnail_url":"https:\/\/epochtimestr.com\/wp-content\/uploads\/2011y\/fethullah-gulen-hakkinda-teror-orgutu-kurmaktan-yakalama-karari-721534-664x354.jpg","thumbnail_width":500,"thumbnail_height":266,"description":"Fethullah G\u00fclen hakk\u0131nda verilen yakalama karar\u0131nda, \u201cTer\u00f6r \u00f6rg\u00fct\u00fc kurma ve y\u00f6netme su\u00e7undan tutuklamaya y\u00f6nelik hakk\u0131nda yakalama karar\u0131 y\u00f6n\u00fcnde h\u00fck\u00fcm kurulmu\u015ftur\u201d ifadelerine yer verildi. \u2018Paralel yap\u0131\u201d iddialar\u0131na y\u00f6nelik medya ve polislere y\u00f6nelik y\u00fcr\u00fct\u00fclen soru\u015fturma kapsam\u0131nda savc\u0131l\u0131k Fethullah G\u00fclen hakk\u0131nda k\u0131rm\u0131z\u0131 b\u00fcltenle yakalama karar\u0131 \u00e7\u0131kar\u0131lmas\u0131n\u0131 talep etmi\u015fti. Savc\u0131l\u0131k n\u00f6bet\u00e7i 1. Sulh Ceza Mahkemesine ba\u015fvurdu\u011fu talep yaz\u0131s\u0131nda, &#8220;Hizmet [&hellip;]"}