{"version":"1.0","provider_name":"The Epoch Times TR","provider_url":"https:\/\/epochtimestr.com","author_name":"\u00c7.Akdeniz","author_url":"https:\/\/epochtimestr.com\/index.php\/author\/cigdem","title":"Filipinler'deki Dini T\u00f6rende \u0130zdiham: 560 Yaral\u0131 - The Epoch Times TR","type":"rich","width":600,"height":338,"html":"<blockquote class=\"wp-embedded-content\" data-secret=\"pw4nKtD4kF\"><a href=\"https:\/\/epochtimestr.com\/index.php\/filipinlerdeki-dini-torende-izdiham-560-yarali\">Filipinler&#8217;deki Dini T\u00f6rende \u0130zdiham: 560 Yaral\u0131<\/a><\/blockquote><iframe sandbox=\"allow-scripts\" security=\"restricted\" src=\"https:\/\/epochtimestr.com\/index.php\/filipinlerdeki-dini-torende-izdiham-560-yarali\/embed#?secret=pw4nKtD4kF\" width=\"600\" height=\"338\" title=\"&#8220;Filipinler&#8217;deki Dini T\u00f6rende \u0130zdiham: 560 Yaral\u0131&#8221; &#8212; The Epoch Times TR\" data-secret=\"pw4nKtD4kF\" frameborder=\"0\" marginwidth=\"0\" marginheight=\"0\" scrolling=\"no\" class=\"wp-embedded-content\"><\/iframe><script type=\"text\/javascript\">\n\/* <![CDATA[ *\/\n\/*! This file is auto-generated *\/\n!function(d,l){\"use strict\";l.querySelector&&d.addEventListener&&\"undefined\"!=typeof URL&&(d.wp=d.wp||{},d.wp.receiveEmbedMessage||(d.wp.receiveEmbedMessage=function(e){var t=e.data;if((t||t.secret||t.message||t.value)&&!\/[^a-zA-Z0-9]\/.test(t.secret)){for(var s,r,n,a=l.querySelectorAll('iframe[data-secret=\"'+t.secret+'\"]'),o=l.querySelectorAll('blockquote[data-secret=\"'+t.secret+'\"]'),c=new RegExp(\"^https?:$\",\"i\"),i=0;i<o.length;i++)o[i].style.display=\"none\";for(i=0;i<a.length;i++)s=a[i],e.source===s.contentWindow&&(s.removeAttribute(\"style\"),\"height\"===t.message?(1e3<(r=parseInt(t.value,10))?r=1e3:~~r<200&&(r=200),s.height=r):\"link\"===t.message&&(r=new URL(s.getAttribute(\"src\")),n=new URL(t.value),c.test(n.protocol))&&n.host===r.host&&l.activeElement===s&&(d.top.location.href=t.value))}},d.addEventListener(\"message\",d.wp.receiveEmbedMessage,!1),l.addEventListener(\"DOMContentLoaded\",function(){for(var e,t,s=l.querySelectorAll(\"iframe.wp-embedded-content\"),r=0;r<s.length;r++)(t=(e=s[r]).getAttribute(\"data-secret\"))||(t=Math.random().toString(36).substring(2,12),e.src+=\"#?secret=\"+t,e.setAttribute(\"data-secret\",t)),e.contentWindow.postMessage({message:\"ready\",secret:t},\"*\")},!1)))}(window,document);\n\/* ]]> *\/\n<\/script>\n","description":"Filipinler&#8217;in ba\u015fkenti Manila&#8217;da Katolik H\u0131ristiyanlar taraf\u0131ndan her y\u0131l d\u00fczenlenen &#8216;Black Nazerana&#8217; adl\u0131 dini t\u00f6ren bu sene de yo\u011fun ilgiye sahne oldu. T\u00f6renler s\u0131ras\u0131nda d\u00fcn ya\u015fanan izdihamlarda en az 560 ki\u015fi yaraland\u0131. Yetkililer, \u00e7ok say\u0131da ki\u015finin ezilme tehlikesi atlatt\u0131\u011f\u0131n\u0131, yaralananlar\u0131n kentteki \u00e7e\u015fitli hastanelere kald\u0131r\u0131ld\u0131\u011f\u0131n\u0131 bildirdi. &#8216;Black Nazerana&#8217; t\u00f6renlerinde, Tanr\u0131 taraf\u0131ndan onurland\u0131r\u0131lacaklar\u0131na inanan Filipinliler, ortaya sembolik olarak [&hellip;]","thumbnail_url":"http:\/\/www.epochtimestr.com\/wp-content\/uploads\/2011\/ocak 2011\/107942689.jpg"}